{"id":4196,"date":"2024-04-18T16:22:24","date_gmt":"2024-04-18T14:22:24","guid":{"rendered":"https:\/\/odysgea.com\/actividades\/vida-local\/"},"modified":"2026-03-04T19:37:31","modified_gmt":"2026-03-04T18:37:31","slug":"vida-local","status":"publish","type":"page","link":"https:\/\/odysgea.com\/es\/actividades\/vida-local\/","title":{"rendered":"Vida local"},"content":{"rendered":"<p><div class=\"fusion-fullwidth fullwidth-box fusion-builder-row-1 fusion-flex-container has-pattern-background has-mask-background nonhundred-percent-fullwidth non-hundred-percent-height-scrolling fusion-no-small-visibility\" style=\"--awb-border-radius-top-left:0px;--awb-border-radius-top-right:0px;--awb-border-radius-bottom-right:0px;--awb-border-radius-bottom-left:0px;--awb-flex-wrap:wrap;\" ><div class=\"fusion-builder-row fusion-row fusion-flex-align-items-flex-start fusion-flex-content-wrap\" style=\"max-width:1414.4px;margin-left: calc(-4% \/ 2 );margin-right: calc(-4% \/ 2 );\"><div class=\"fusion-layout-column fusion_builder_column fusion-builder-column-0 fusion_builder_column_1_1 1_1 fusion-flex-column\" style=\"--awb-overflow:hidden;--awb-bg-size:cover;--awb-border-radius:12px 12px 12px 12px;--awb-width-large:100%;--awb-margin-top-large:0px;--awb-spacing-right-large:1.92%;--awb-margin-bottom-large:0px;--awb-spacing-left-large:1.92%;--awb-width-medium:100%;--awb-order-medium:0;--awb-spacing-right-medium:1.92%;--awb-spacing-left-medium:1.92%;--awb-width-small:100%;--awb-order-small:0;--awb-spacing-right-small:1.92%;--awb-spacing-left-small:1.92%;\"><div class=\"fusion-column-wrapper fusion-column-has-shadow fusion-flex-justify-content-flex-start fusion-content-layout-column\"><div style=\"--awb-popover-heading-background-color:var(--awb-color1);--awb-popover-content-background-color:var(--awb-color1);--awb-popover-border-color:var(--awb-color1);\" class=\"awb-image-hotspots awb-image-hotspots-1\"><div class=\"awb-image-hotspots-wrapper\"><img decoding=\"async\" src=\"https:\/\/odysgea.com\/wp-content\/uploads\/2024\/10\/picos-belbin-shepherds-milking-gamoneu-cheese.jpg\" data-orig-src=\"https:\/\/odysgea.com\/wp-content\/uploads\/2024\/10\/picos-belbin-shepherds-milking-gamoneu-cheese.jpg\" alt=\"Milking to produce the Gamoneu cheese in the Picos de Europa\" width=\"1360\" height=\"500\" title=\"Milking to produce the Gamoneu cheese in the Picos de Europa\" class=\"lazyload awb-image-hotspots-image wp-image-3502\" srcset=\"data:image\/svg+xml,%3Csvg%20xmlns%3D%27http%3A%2F%2Fwww.w3.org%2F2000%2Fsvg%27%20width%3D%271360%27%20height%3D%27500%27%20viewBox%3D%270%200%201360%20500%27%3E%3Crect%20width%3D%271360%27%20height%3D%27500%27%20fill-opacity%3D%220%22%2F%3E%3C%2Fsvg%3E\" data-srcset=\"https:\/\/odysgea.com\/wp-content\/uploads\/2024\/10\/picos-belbin-shepherds-milking-gamoneu-cheese-200x74.jpg 200w, https:\/\/odysgea.com\/wp-content\/uploads\/2024\/10\/picos-belbin-shepherds-milking-gamoneu-cheese-300x110.jpg 300w, https:\/\/odysgea.com\/wp-content\/uploads\/2024\/10\/picos-belbin-shepherds-milking-gamoneu-cheese-400x147.jpg 400w, https:\/\/odysgea.com\/wp-content\/uploads\/2024\/10\/picos-belbin-shepherds-milking-gamoneu-cheese-500x184.jpg 500w, https:\/\/odysgea.com\/wp-content\/uploads\/2024\/10\/picos-belbin-shepherds-milking-gamoneu-cheese-600x221.jpg 600w, https:\/\/odysgea.com\/wp-content\/uploads\/2024\/10\/picos-belbin-shepherds-milking-gamoneu-cheese-700x257.jpg 700w, https:\/\/odysgea.com\/wp-content\/uploads\/2024\/10\/picos-belbin-shepherds-milking-gamoneu-cheese-768x282.jpg 768w, https:\/\/odysgea.com\/wp-content\/uploads\/2024\/10\/picos-belbin-shepherds-milking-gamoneu-cheese-800x294.jpg 800w, https:\/\/odysgea.com\/wp-content\/uploads\/2024\/10\/picos-belbin-shepherds-milking-gamoneu-cheese-1024x376.jpg 1024w, https:\/\/odysgea.com\/wp-content\/uploads\/2024\/10\/picos-belbin-shepherds-milking-gamoneu-cheese-1200x441.jpg 1200w, https:\/\/odysgea.com\/wp-content\/uploads\/2024\/10\/picos-belbin-shepherds-milking-gamoneu-cheese.jpg 1360w\" data-sizes=\"auto\" data-orig-sizes=\"(max-width: 1360px) 100vw, 1360px\"\/><a style=\"--awb-padding-top:12px;--awb-padding-right:16px;--awb-padding-bottom:12px;--awb-padding-left:17px;--awb-border-radius-top-left:40px;--awb-border-radius-top-right:40px;--awb-border-radius-bottom-right:40px;--awb-border-radius-bottom-left:40px;--awb-pos-x:59.3%;--awb-pos-y:52.9%;\" class=\"awb-image-hotspots-hotspot awb-image-hotspots-hotspot-1 awb-image-hotspots-hotspot-anim-pulsating\" role=\"button\" tabindex=\"0\" data-awb-toggle-image-hotspot-popover=\"true\" data-title=\"Experience and share\" data-content=\"Be a shepherd for a day, harvest apples or make wine. there is no better way to meet the locals than become one.\" data-trigger=\"hover focus\" data-placement=\"auto bottom\"><i class=\"awb-touroperator-info-solid\"><\/i> Convi\u00e9rtase en un local<\/a><a style=\"--awb-hotspot-text-color:var(--awb-color8);--awb-hotspot-background-color:var(--awb-color1);--awb-padding-top:12px;--awb-padding-right:16px;--awb-padding-bottom:12px;--awb-padding-left:17px;--awb-border-radius-top-left:40px;--awb-border-radius-top-right:40px;--awb-border-radius-bottom-right:40px;--awb-border-radius-bottom-left:40px;--awb-pos-x:85.7%;--awb-pos-y:40.5%;\" class=\"awb-image-hotspots-hotspot awb-image-hotspots-hotspot-2 awb-image-hotspots-hotspot-anim-pulsating\" role=\"button\" tabindex=\"0\" data-awb-toggle-image-hotspot-popover=\"true\" data-content=\"Paint a tile, weave, build with clay...Iberia is full of artisans waiting to share their knowledge with you.\" data-trigger=\"hover focus\" data-placement=\"auto\"><i class=\"awb-touroperator-info-solid\"><\/i> Use las manos<\/a><a style=\"--awb-hotspot-text-color:var(--awb-color8);--awb-hotspot-background-color:var(--awb-color1);--awb-padding-top:12px;--awb-padding-right:16px;--awb-padding-bottom:12px;--awb-padding-left:17px;--awb-border-radius-top-left:40px;--awb-border-radius-top-right:40px;--awb-border-radius-bottom-right:40px;--awb-border-radius-bottom-left:40px;--awb-pos-x:10.8%;--awb-pos-y:39.3%;\" class=\"awb-image-hotspots-hotspot awb-image-hotspots-hotspot-3 awb-image-hotspots-hotspot-anim-pulsating\" role=\"button\" tabindex=\"0\" data-awb-toggle-image-hotspot-popover=\"true\" data-content=\"Experience the festivities and traditional celebrations with the help of local hosts.\" data-trigger=\"hover focus\" data-placement=\"auto\"><i class=\"awb-touroperator-info-solid\"><\/i> \u00danase a la fiesta<\/a><\/div><\/div><\/div><\/div><\/div><\/div><div class=\"fusion-fullwidth fullwidth-box fusion-builder-row-2 fusion-flex-container has-pattern-background has-mask-background hundred-percent-fullwidth non-hundred-percent-height-scrolling fusion-no-medium-visibility fusion-no-large-visibility\" style=\"--awb-border-radius-top-left:0px;--awb-border-radius-top-right:0px;--awb-border-radius-bottom-right:0px;--awb-border-radius-bottom-left:0px;--awb-padding-right:0px;--awb-padding-left:0px;--awb-flex-wrap:wrap;\" ><div class=\"fusion-builder-row fusion-row fusion-flex-align-items-flex-start fusion-flex-content-wrap\" style=\"width:104% !important;max-width:104% !important;margin-left: calc(-4% \/ 2 );margin-right: calc(-4% \/ 2 );\"><div class=\"fusion-layout-column fusion_builder_column fusion-builder-column-1 fusion_builder_column_1_1 1_1 fusion-flex-column\" style=\"--awb-bg-size:cover;--awb-width-large:100%;--awb-margin-top-large:0px;--awb-spacing-right-large:1.92%;--awb-margin-bottom-large:20px;--awb-spacing-left-large:1.92%;--awb-width-medium:100%;--awb-order-medium:0;--awb-spacing-right-medium:1.92%;--awb-spacing-left-medium:1.92%;--awb-width-small:100%;--awb-order-small:0;--awb-spacing-right-small:1.92%;--awb-spacing-left-small:1.92%;\"><div class=\"fusion-column-wrapper fusion-column-has-shadow fusion-flex-justify-content-flex-start fusion-content-layout-column\"><div class=\"fusion-image-element fusion-no-medium-visibility fusion-no-large-visibility\" style=\"--awb-aspect-ratio:1 \/ 1;--awb-caption-title-font-family:var(--h2_typography-font-family);--awb-caption-title-font-weight:var(--h2_typography-font-weight);--awb-caption-title-font-style:var(--h2_typography-font-style);--awb-caption-title-size:var(--h2_typography-font-size);--awb-caption-title-transform:var(--h2_typography-text-transform);--awb-caption-title-line-height:var(--h2_typography-line-height);--awb-caption-title-letter-spacing:var(--h2_typography-letter-spacing);\"><span class=\" fusion-imageframe imageframe-none imageframe-1 hover-type-none has-aspect-ratio\"><img decoding=\"async\" width=\"800\" height=\"294\" title=\"Milking to produce the Gamoneu cheese in the Picos de Europa\" src=\"https:\/\/odysgea.com\/wp-content\/uploads\/2024\/10\/picos-belbin-shepherds-milking-gamoneu-cheese.jpg\" data-orig-src=\"https:\/\/odysgea.com\/wp-content\/uploads\/2024\/10\/picos-belbin-shepherds-milking-gamoneu-cheese-800x294.jpg\" class=\"lazyload img-responsive wp-image-3502 img-with-aspect-ratio\" data-parent-fit=\"cover\" data-parent-container=\".fusion-image-element\" alt srcset=\"data:image\/svg+xml,%3Csvg%20xmlns%3D%27http%3A%2F%2Fwww.w3.org%2F2000%2Fsvg%27%20width%3D%271360%27%20height%3D%27500%27%20viewBox%3D%270%200%201360%20500%27%3E%3Crect%20width%3D%271360%27%20height%3D%27500%27%20fill-opacity%3D%220%22%2F%3E%3C%2Fsvg%3E\" data-srcset=\"https:\/\/odysgea.com\/wp-content\/uploads\/2024\/10\/picos-belbin-shepherds-milking-gamoneu-cheese-200x74.jpg 200w, https:\/\/odysgea.com\/wp-content\/uploads\/2024\/10\/picos-belbin-shepherds-milking-gamoneu-cheese-400x147.jpg 400w, https:\/\/odysgea.com\/wp-content\/uploads\/2024\/10\/picos-belbin-shepherds-milking-gamoneu-cheese-600x221.jpg 600w, https:\/\/odysgea.com\/wp-content\/uploads\/2024\/10\/picos-belbin-shepherds-milking-gamoneu-cheese-800x294.jpg 800w, https:\/\/odysgea.com\/wp-content\/uploads\/2024\/10\/picos-belbin-shepherds-milking-gamoneu-cheese-1200x441.jpg 1200w, https:\/\/odysgea.com\/wp-content\/uploads\/2024\/10\/picos-belbin-shepherds-milking-gamoneu-cheese.jpg 1360w\" data-sizes=\"auto\" data-orig-sizes=\"(max-width: 800px) 100vw, 800px\" \/><\/span><\/div><\/div><\/div><\/div><\/div><div class=\"fusion-fullwidth fullwidth-box fusion-builder-row-3 fusion-flex-container has-pattern-background has-mask-background nonhundred-percent-fullwidth non-hundred-percent-height-scrolling\" style=\"--awb-border-radius-top-left:0px;--awb-border-radius-top-right:0px;--awb-border-radius-bottom-right:0px;--awb-border-radius-bottom-left:0px;--awb-flex-wrap:wrap;\" ><div class=\"fusion-builder-row fusion-row fusion-flex-align-items-flex-start fusion-flex-justify-content-center fusion-flex-content-wrap\" style=\"max-width:1414.4px;margin-left: calc(-4% \/ 2 );margin-right: calc(-4% \/ 2 );\"><div class=\"fusion-layout-column fusion_builder_column fusion-builder-column-2 fusion_builder_column_3_4 3_4 fusion-flex-column\" style=\"--awb-bg-size:cover;--awb-width-large:75%;--awb-margin-top-large:0px;--awb-spacing-right-large:2.56%;--awb-margin-bottom-large:0px;--awb-spacing-left-large:2.56%;--awb-width-medium:75%;--awb-order-medium:0;--awb-spacing-right-medium:2.56%;--awb-spacing-left-medium:2.56%;--awb-width-small:100%;--awb-order-small:0;--awb-spacing-right-small:1.92%;--awb-spacing-left-small:1.92%;\"><div class=\"fusion-column-wrapper fusion-column-has-shadow fusion-flex-justify-content-flex-start fusion-content-layout-column\"><div class=\"fusion-title title fusion-title-1 fusion-sep-none fusion-title-center fusion-title-text fusion-title-size-two\" style=\"--awb-margin-top:70px;--awb-margin-bottom:25px;--awb-margin-top-small:30px;--awb-margin-bottom-small:60px;\"><h2 class=\"fusion-title-heading title-heading-center\" style=\"margin:0;\">Vida local<\/h2><\/div><div class=\"fusion-text fusion-text-1 fusion-text-no-margin\" style=\"--awb-content-alignment:center;--awb-font-size:20px;--awb-text-color:var(--awb-color8);--awb-margin-top:60px;--awb-margin-bottom:80px;\"><p><b>Las experiencias de viaje m\u00e1s duraderas suelen ser aquellas en las que tuvimos la oportunidad de compartir con la gente local<\/b><span style=\"font-weight: 400;\">, acortar distancias y pasar un tiempo compartiendo y aprendiendo. Pase un d\u00eda con un pastor, explore la artesan\u00eda local, conozca a los artesanos, disfrute de las fiestas locales\u2026, <\/span><b>\u00a1sum\u00e9rjase en la cultura local!<\/b><\/p>\n<p><span style=\"color: var(--awb-text-color); font-family: var(--awb-text-font-family); font-size: var(--awb-font-size); font-style: var(--awb-text-font-style); font-weight: var(--awb-text-font-weight); letter-spacing: var(--awb-letter-spacing); text-align: var(--awb-content-alignment); text-transform: var(--awb-text-transform); background-color: var(--awb-bg-color-hover);\">Hablar el idioma ayuda mucho, pero no es una barrera total gracias al apoyo de sus gu\u00edas locales, que facilitar\u00e1n y crear\u00e1n el puente cultural para disfrutar de estas experiencias de vida local.<\/span><\/p>\n<p>Estas experiencias solo pueden organizarse con tiempo, para grupos peque\u00f1os y unas pocas veces al a\u00f1o, ya que nuestra norma es que, para que una experiencia local sea verdadera y aut\u00e9ntica, no puede convertirse en un \u201cproducto tur\u00edstico\u201d que podamos repetir cada semana. Esto transformar\u00eda la vida local en un espect\u00e1culo. <\/p>\n<p>Estas son algunas de las experiencias que podemos ayudarle a vivir<\/p>\n<\/div><\/div><\/div><\/div><\/div><div class=\"fusion-fullwidth fullwidth-box fusion-builder-row-4 fusion-flex-container has-pattern-background has-mask-background nonhundred-percent-fullwidth non-hundred-percent-height-scrolling\" style=\"--awb-border-radius-top-left:0px;--awb-border-radius-top-right:0px;--awb-border-radius-bottom-right:0px;--awb-border-radius-bottom-left:0px;--awb-margin-top:4%;--awb-margin-bottom:4%;--awb-margin-top-small:8%;--awb-flex-wrap:wrap;\" ><div class=\"fusion-builder-row fusion-row fusion-flex-align-items-flex-start fusion-flex-content-wrap\" style=\"max-width:1414.4px;margin-left: calc(-4% \/ 2 );margin-right: calc(-4% \/ 2 );\"><div class=\"fusion-layout-column fusion_builder_column fusion-builder-column-3 fusion_builder_column_1_1 1_1 fusion-flex-column\" style=\"--awb-bg-size:cover;--awb-width-large:100%;--awb-margin-top-large:0px;--awb-spacing-right-large:1.92%;--awb-margin-bottom-large:20px;--awb-spacing-left-large:1.92%;--awb-width-medium:100%;--awb-order-medium:0;--awb-spacing-right-medium:1.92%;--awb-spacing-left-medium:1.92%;--awb-width-small:100%;--awb-order-small:0;--awb-spacing-right-small:1.92%;--awb-spacing-left-small:1.92%;\"><div class=\"fusion-column-wrapper fusion-column-has-shadow fusion-flex-justify-content-flex-start fusion-content-layout-column\"><div class=\"fusion-section-separator section-separator triangle fusion-section-separator-1\" style=\"--awb-border-top:1px solid var(--awb-color3);--awb-spacer-height:1px;--awb-svg-margin-left:1.92%;--awb-svg-margin-right:1.92%;--awb-svg-margin-left-medium:1.92%;--awb-svg-margin-right-medium:1.92%;--awb-svg-margin-left-small:1.92%;--awb-svg-margin-right-small:1.92%;--awb-icon-color:var(--awb-color1);\"><div class=\"fusion-section-separator-svg\"><div class=\"divider-candy-arrow top\" style=\"bottom:0px;border-bottom-color: var(--awb-color2);\"><\/div><div class=\"divider-candy top\" style=\"top:-21px;border-bottom:1px solid var(--awb-color3);border-left:1px solid var(--awb-color3);\"><\/div><\/div><div class=\"fusion-section-separator-spacer\"><div class=\"fusion-section-separator-spacer-height\"><\/div><\/div><\/div><\/div><\/div><\/div><\/div><div class=\"fusion-fullwidth fullwidth-box fusion-builder-row-5 fusion-flex-container has-pattern-background has-mask-background nonhundred-percent-fullwidth non-hundred-percent-height-scrolling\" style=\"--awb-border-radius-top-left:0px;--awb-border-radius-top-right:0px;--awb-border-radius-bottom-right:0px;--awb-border-radius-bottom-left:0px;--awb-flex-wrap:wrap;\" ><div class=\"fusion-builder-row fusion-row fusion-flex-align-items-flex-start fusion-flex-justify-content-center fusion-flex-content-wrap\" style=\"max-width:1414.4px;margin-left: calc(-4% \/ 2 );margin-right: calc(-4% \/ 2 );\"><div class=\"fusion-layout-column fusion_builder_column fusion-builder-column-4 fusion_builder_column_1_1 1_1 fusion-flex-column\" style=\"--awb-bg-size:cover;--awb-width-large:100%;--awb-margin-top-large:0px;--awb-spacing-right-large:1.92%;--awb-margin-bottom-large:60px;--awb-spacing-left-large:1.92%;--awb-width-medium:100%;--awb-order-medium:0;--awb-spacing-right-medium:1.92%;--awb-spacing-left-medium:1.92%;--awb-width-small:100%;--awb-order-small:0;--awb-spacing-right-small:1.92%;--awb-spacing-left-small:1.92%;\"><div class=\"fusion-column-wrapper fusion-column-has-shadow fusion-flex-justify-content-flex-start fusion-content-layout-column\"><div class=\"fusion-menu-anchor\" id=\"shepherd\"><\/div><div class=\"fusion-builder-row fusion-builder-row-inner fusion-row fusion-flex-align-items-flex-start fusion-flex-justify-content-center fusion-flex-content-wrap\" style=\"width:104% !important;max-width:104% !important;margin-left: calc(-4% \/ 2 );margin-right: calc(-4% \/ 2 );\"><div class=\"fusion-layout-column fusion_builder_column_inner fusion-builder-nested-column-0 fusion_builder_column_inner_2_5 2_5 fusion-flex-column\" style=\"--awb-bg-size:cover;--awb-transform:translateY(0px);--awb-transform-hover:translateY(5px);--awb-width-large:40%;--awb-margin-top-large:0px;--awb-spacing-right-large:4.8%;--awb-margin-bottom-large:0px;--awb-spacing-left-large:4.8%;--awb-width-medium:40%;--awb-order-medium:0;--awb-spacing-right-medium:4.8%;--awb-spacing-left-medium:4.8%;--awb-width-small:100%;--awb-order-small:0;--awb-spacing-right-small:1.92%;--awb-spacing-left-small:1.92%;\" data-scroll-devices=\"small-visibility,medium-visibility,large-visibility\"><div class=\"fusion-column-wrapper fusion-column-has-shadow fusion-flex-justify-content-flex-start fusion-content-layout-block\"><div class=\"fusion-title title fusion-title-2 fusion-no-medium-visibility fusion-no-large-visibility fusion-sep-none fusion-title-text fusion-title-size-three break\" style=\"--awb-margin-top:0px;--awb-margin-bottom:2px;--awb-margin-top-small:30px;\"><h3 class=\"fusion-title-heading title-heading-left\" style=\"margin:0;\">Vida local<\/h3><\/div><div class=\"fusion-text fusion-text-2 fusion-no-medium-visibility fusion-no-large-visibility break\" style=\"--awb-font-size:var(--awb-typography5-font-size);--awb-line-height:var(--awb-typography5-line-height);--awb-letter-spacing:var(--awb-typography5-letter-spacing);--awb-text-transform:var(--awb-typography5-text-transform);--awb-text-color:var(--awb-color4);--awb-text-font-family:var(--awb-typography5-font-family);--awb-text-font-weight:var(--awb-typography5-font-weight);--awb-text-font-style:var(--awb-typography5-font-style);\"><p>Pirineos, Picos de Europa. Extremadura<\/p>\n<\/div><div class=\"fusion-image-element in-legacy-container\" style=\"--awb-caption-title-font-family:var(--h2_typography-font-family);--awb-caption-title-font-weight:var(--h2_typography-font-weight);--awb-caption-title-font-style:var(--h2_typography-font-style);--awb-caption-title-size:var(--h2_typography-font-size);--awb-caption-title-transform:var(--h2_typography-text-transform);--awb-caption-title-line-height:var(--h2_typography-line-height);--awb-caption-title-letter-spacing:var(--h2_typography-letter-spacing);\"><span class=\" fusion-imageframe imageframe-none imageframe-2 hover-type-none\" style=\"border-radius:12px;\"><a href=\"https:\/\/odysgea.com\/wp-content\/uploads\/2024\/04\/SPAIN-1-800x533.jpg\" class=\"fusion-lightbox\" data-rel=\"iLightbox[60351986869f4567b55]\" data-title=\"Driving the sheep to the high pastures of the Picos de Europa for the summer\" title=\"Driving the sheep to the high pastures of the Picos de Europa for the summer\"><img decoding=\"async\" width=\"800\" height=\"533\" alt=\"Pirineos\" src=\"https:\/\/odysgea.com\/wp-content\/uploads\/2024\/04\/SPAIN-1.jpg\" data-orig-src=\"https:\/\/odysgea.com\/wp-content\/uploads\/2024\/04\/SPAIN-1-800x533.jpg\" class=\"lazyload img-responsive wp-image-4266\" srcset=\"data:image\/svg+xml,%3Csvg%20xmlns%3D%27http%3A%2F%2Fwww.w3.org%2F2000%2Fsvg%27%20width%3D%271152%27%20height%3D%27768%27%20viewBox%3D%270%200%201152%20768%27%3E%3Crect%20width%3D%271152%27%20height%3D%27768%27%20fill-opacity%3D%220%22%2F%3E%3C%2Fsvg%3E\" data-srcset=\"https:\/\/odysgea.com\/wp-content\/uploads\/2024\/04\/SPAIN-1-200x133.jpg 200w, https:\/\/odysgea.com\/wp-content\/uploads\/2024\/04\/SPAIN-1-400x267.jpg 400w, https:\/\/odysgea.com\/wp-content\/uploads\/2024\/04\/SPAIN-1-600x400.jpg 600w, https:\/\/odysgea.com\/wp-content\/uploads\/2024\/04\/SPAIN-1-800x533.jpg 800w, https:\/\/odysgea.com\/wp-content\/uploads\/2024\/04\/SPAIN-1.jpg 1152w\" data-sizes=\"auto\" data-orig-sizes=\"(max-width: 800px) 100vw, 600px\" \/><\/a><\/span><\/div><div class=\"fusion-separator fusion-full-width-sep\" style=\"align-self: center;margin-left: auto;margin-right: auto;margin-top:2%;width:100%;\"><\/div><div class=\"awb-gallery-wrapper awb-gallery-wrapper-1 button-span-no\" style=\"--more-btn-alignment:center;\" data-limit=\"10\" data-page=\"1\"><div style=\"margin:-5px;--awb-aspect-ratio:1 \/ 1;--awb-bordersize:0px;--awb-columns-small:33.3333%;\" class=\"fusion-gallery fusion-gallery-container fusion-grid-3 fusion-columns-total-6 fusion-gallery-layout-grid fusion-gallery-1 has-aspect-ratio\"><div style=\"padding:5px;\" class=\"fusion-grid-column fusion-gallery-column fusion-gallery-column-3 hover-type-none\"><div class=\"fusion-gallery-image\"><a href=\"https:\/\/odysgea.com\/wp-content\/uploads\/2024\/04\/spain-pyrenees-traditional-farming-cultural-tours-2.jpg\" data-title=\"Sheep farmer in the high pastures of the Chistau Valley, Pyrenees\" title=\"Sheep farmer in the high pastures of the Chistau Valley, Pyrenees\" rel=\"noreferrer\" data-rel=\"iLightbox[gallery_image_1]\" class=\"fusion-lightbox\" target=\"_self\"><img decoding=\"async\" src=\"https:\/\/odysgea.com\/wp-content\/uploads\/2024\/04\/spain-pyrenees-traditional-farming-cultural-tours-2.jpg\" data-orig-src=\"https:\/\/odysgea.com\/wp-content\/uploads\/2024\/04\/spain-pyrenees-traditional-farming-cultural-tours-2.jpg\" width=\"1200\" height=\"800\" alt=\"\" title=\"Sheep farmer in the high pastures of the Chistau Valley, Pyrenees\" aria-label=\"Sheep farmer in the high pastures of the Chistau Valley, Pyrenees\" class=\"lazyload img-responsive wp-image-4197\" style=\"object-position:15% 44%;\" srcset=\"data:image\/svg+xml,%3Csvg%20xmlns%3D%27http%3A%2F%2Fwww.w3.org%2F2000%2Fsvg%27%20width%3D%271200%27%20height%3D%27800%27%20viewBox%3D%270%200%201200%20800%27%3E%3Crect%20width%3D%271200%27%20height%3D%27800%27%20fill-opacity%3D%220%22%2F%3E%3C%2Fsvg%3E\" data-srcset=\"https:\/\/odysgea.com\/wp-content\/uploads\/2024\/04\/spain-pyrenees-traditional-farming-cultural-tours-2-200x133.jpg 200w, https:\/\/odysgea.com\/wp-content\/uploads\/2024\/04\/spain-pyrenees-traditional-farming-cultural-tours-2-400x267.jpg 400w, https:\/\/odysgea.com\/wp-content\/uploads\/2024\/04\/spain-pyrenees-traditional-farming-cultural-tours-2-600x400.jpg 600w, https:\/\/odysgea.com\/wp-content\/uploads\/2024\/04\/spain-pyrenees-traditional-farming-cultural-tours-2-800x533.jpg 800w, https:\/\/odysgea.com\/wp-content\/uploads\/2024\/04\/spain-pyrenees-traditional-farming-cultural-tours-2.jpg 1200w\" data-sizes=\"auto\" data-orig-sizes=\"(min-width: 2200px) 100vw, (min-width: 784px) 450px, (min-width: 712px) 675px, (min-width: 640px) 712px, \" \/><\/a><\/div><\/div><div style=\"padding:5px;\" class=\"fusion-grid-column fusion-gallery-column fusion-gallery-column-3 hover-type-none\"><div class=\"fusion-gallery-image\"><a href=\"https:\/\/odysgea.com\/wp-content\/uploads\/2024\/08\/shepherds-milking-sheep-gamoneo-cheese-picos-de-europa-asturias-spain-cultural-tours.jpg\" data-title=\"Shepherds milking in the Picos de Europa\" title=\"Shepherds milking in the Picos de Europa\" rel=\"noreferrer\" data-rel=\"iLightbox[gallery_image_1]\" class=\"fusion-lightbox\" target=\"_self\"><img decoding=\"async\" src=\"https:\/\/odysgea.com\/wp-content\/uploads\/2024\/08\/shepherds-milking-sheep-gamoneo-cheese-picos-de-europa-asturias-spain-cultural-tours.jpg\" data-orig-src=\"https:\/\/odysgea.com\/wp-content\/uploads\/2024\/08\/shepherds-milking-sheep-gamoneo-cheese-picos-de-europa-asturias-spain-cultural-tours.jpg\" width=\"1200\" height=\"799\" alt=\"\" title=\"Shepherds milking in the Picos de Europa\" aria-label=\"Shepherds milking in the Picos de Europa\" class=\"lazyload img-responsive wp-image-3168\" srcset=\"data:image\/svg+xml,%3Csvg%20xmlns%3D%27http%3A%2F%2Fwww.w3.org%2F2000%2Fsvg%27%20width%3D%271200%27%20height%3D%27799%27%20viewBox%3D%270%200%201200%20799%27%3E%3Crect%20width%3D%271200%27%20height%3D%27799%27%20fill-opacity%3D%220%22%2F%3E%3C%2Fsvg%3E\" data-srcset=\"https:\/\/odysgea.com\/wp-content\/uploads\/2024\/08\/shepherds-milking-sheep-gamoneo-cheese-picos-de-europa-asturias-spain-cultural-tours-200x133.jpg 200w, https:\/\/odysgea.com\/wp-content\/uploads\/2024\/08\/shepherds-milking-sheep-gamoneo-cheese-picos-de-europa-asturias-spain-cultural-tours-400x266.jpg 400w, https:\/\/odysgea.com\/wp-content\/uploads\/2024\/08\/shepherds-milking-sheep-gamoneo-cheese-picos-de-europa-asturias-spain-cultural-tours-600x400.jpg 600w, https:\/\/odysgea.com\/wp-content\/uploads\/2024\/08\/shepherds-milking-sheep-gamoneo-cheese-picos-de-europa-asturias-spain-cultural-tours-800x533.jpg 800w, https:\/\/odysgea.com\/wp-content\/uploads\/2024\/08\/shepherds-milking-sheep-gamoneo-cheese-picos-de-europa-asturias-spain-cultural-tours.jpg 1200w\" data-sizes=\"auto\" data-orig-sizes=\"(min-width: 2200px) 100vw, (min-width: 784px) 450px, (min-width: 712px) 675px, (min-width: 640px) 712px, \" \/><\/a><\/div><\/div><div style=\"padding:5px;\" class=\"fusion-grid-column fusion-gallery-column fusion-gallery-column-3 hover-type-none\"><div class=\"fusion-gallery-image\"><a href=\"https:\/\/odysgea.com\/wp-content\/uploads\/2024\/04\/spain-picos-de-europa-hiking-tradicional-farming-goats-walking-cultural-tours.jpg\" data-title=\"Hiking between goats in the high Picos de Europa National Park\" title=\"Hiking between goats in the high Picos de Europa National Park\" rel=\"noreferrer\" data-rel=\"iLightbox[gallery_image_1]\" class=\"fusion-lightbox\" target=\"_self\"><img decoding=\"async\" src=\"https:\/\/odysgea.com\/wp-content\/uploads\/2024\/04\/spain-picos-de-europa-hiking-tradicional-farming-goats-walking-cultural-tours.jpg\" data-orig-src=\"https:\/\/odysgea.com\/wp-content\/uploads\/2024\/04\/spain-picos-de-europa-hiking-tradicional-farming-goats-walking-cultural-tours.jpg\" width=\"1200\" height=\"800\" alt=\"\" title=\"Hiking between goats in the high Picos de Europa National Park\" aria-label=\"Hiking between goats in the high Picos de Europa National Park\" class=\"lazyload img-responsive wp-image-4124\" srcset=\"data:image\/svg+xml,%3Csvg%20xmlns%3D%27http%3A%2F%2Fwww.w3.org%2F2000%2Fsvg%27%20width%3D%271200%27%20height%3D%27800%27%20viewBox%3D%270%200%201200%20800%27%3E%3Crect%20width%3D%271200%27%20height%3D%27800%27%20fill-opacity%3D%220%22%2F%3E%3C%2Fsvg%3E\" data-srcset=\"https:\/\/odysgea.com\/wp-content\/uploads\/2024\/04\/spain-picos-de-europa-hiking-tradicional-farming-goats-walking-cultural-tours-200x133.jpg 200w, https:\/\/odysgea.com\/wp-content\/uploads\/2024\/04\/spain-picos-de-europa-hiking-tradicional-farming-goats-walking-cultural-tours-400x267.jpg 400w, https:\/\/odysgea.com\/wp-content\/uploads\/2024\/04\/spain-picos-de-europa-hiking-tradicional-farming-goats-walking-cultural-tours-600x400.jpg 600w, https:\/\/odysgea.com\/wp-content\/uploads\/2024\/04\/spain-picos-de-europa-hiking-tradicional-farming-goats-walking-cultural-tours-800x533.jpg 800w, https:\/\/odysgea.com\/wp-content\/uploads\/2024\/04\/spain-picos-de-europa-hiking-tradicional-farming-goats-walking-cultural-tours.jpg 1200w\" data-sizes=\"auto\" data-orig-sizes=\"(min-width: 2200px) 100vw, (min-width: 784px) 450px, (min-width: 712px) 675px, (min-width: 640px) 712px, \" \/><\/a><\/div><\/div><div class=\"clearfix\"><\/div><div style=\"padding:5px;\" class=\"fusion-grid-column fusion-gallery-column fusion-gallery-column-3 hover-type-none\"><div class=\"fusion-gallery-image\"><a href=\"https:\/\/odysgea.com\/wp-content\/uploads\/2024\/08\/Educational-environmental-rural-activities-cultural-tours.jpg\" data-title=\"Kids playing with a lamb\" title=\"Kids playing with a lamb\" data-caption=\"nor\" rel=\"noreferrer\" data-rel=\"iLightbox[gallery_image_1]\" class=\"fusion-lightbox\" target=\"_self\"><img decoding=\"async\" src=\"https:\/\/odysgea.com\/wp-content\/uploads\/2024\/08\/Educational-environmental-rural-activities-cultural-tours.jpg\" data-orig-src=\"https:\/\/odysgea.com\/wp-content\/uploads\/2024\/08\/Educational-environmental-rural-activities-cultural-tours.jpg\" width=\"1200\" height=\"800\" alt=\"\" title=\"Kids playing with a lamb\" aria-label=\"Kids playing with a lamb\" class=\"lazyload img-responsive wp-image-3169\" srcset=\"data:image\/svg+xml,%3Csvg%20xmlns%3D%27http%3A%2F%2Fwww.w3.org%2F2000%2Fsvg%27%20width%3D%271200%27%20height%3D%27800%27%20viewBox%3D%270%200%201200%20800%27%3E%3Crect%20width%3D%271200%27%20height%3D%27800%27%20fill-opacity%3D%220%22%2F%3E%3C%2Fsvg%3E\" data-srcset=\"https:\/\/odysgea.com\/wp-content\/uploads\/2024\/08\/Educational-environmental-rural-activities-cultural-tours-200x133.jpg 200w, https:\/\/odysgea.com\/wp-content\/uploads\/2024\/08\/Educational-environmental-rural-activities-cultural-tours-400x267.jpg 400w, https:\/\/odysgea.com\/wp-content\/uploads\/2024\/08\/Educational-environmental-rural-activities-cultural-tours-600x400.jpg 600w, https:\/\/odysgea.com\/wp-content\/uploads\/2024\/08\/Educational-environmental-rural-activities-cultural-tours-800x533.jpg 800w, https:\/\/odysgea.com\/wp-content\/uploads\/2024\/08\/Educational-environmental-rural-activities-cultural-tours.jpg 1200w\" data-sizes=\"auto\" data-orig-sizes=\"(min-width: 2200px) 100vw, (min-width: 784px) 450px, (min-width: 712px) 675px, (min-width: 640px) 712px, \" \/><\/a><\/div><\/div><div style=\"padding:5px;\" class=\"fusion-grid-column fusion-gallery-column fusion-gallery-column-3 hover-type-none\"><div class=\"fusion-gallery-image\"><a href=\"https:\/\/odysgea.com\/wp-content\/uploads\/2024\/08\/IMG_20191008_112603.jpg\" data-title=\"Antonio sharing his knowledge on traditional farming a the Picos de Europa\" title=\"Antonio sharing his knowledge on traditional farming a the Picos de Europa\" rel=\"noreferrer\" data-rel=\"iLightbox[gallery_image_1]\" class=\"fusion-lightbox\" target=\"_self\"><img decoding=\"async\" src=\"https:\/\/odysgea.com\/wp-content\/uploads\/2024\/08\/IMG_20191008_112603.jpg\" data-orig-src=\"https:\/\/odysgea.com\/wp-content\/uploads\/2024\/08\/IMG_20191008_112603.jpg\" width=\"683\" height=\"910\" alt=\"\" title=\"Antonio sharing his knowledge on traditional farming a the Picos de Europa\" aria-label=\"Antonio sharing his knowledge on traditional farming a the Picos de Europa\" class=\"lazyload img-responsive wp-image-3170\" srcset=\"data:image\/svg+xml,%3Csvg%20xmlns%3D%27http%3A%2F%2Fwww.w3.org%2F2000%2Fsvg%27%20width%3D%27683%27%20height%3D%27910%27%20viewBox%3D%270%200%20683%20910%27%3E%3Crect%20width%3D%27683%27%20height%3D%27910%27%20fill-opacity%3D%220%22%2F%3E%3C%2Fsvg%3E\" data-srcset=\"https:\/\/odysgea.com\/wp-content\/uploads\/2024\/08\/IMG_20191008_112603-200x266.jpg 200w, https:\/\/odysgea.com\/wp-content\/uploads\/2024\/08\/IMG_20191008_112603-400x533.jpg 400w, https:\/\/odysgea.com\/wp-content\/uploads\/2024\/08\/IMG_20191008_112603-600x799.jpg 600w, https:\/\/odysgea.com\/wp-content\/uploads\/2024\/08\/IMG_20191008_112603.jpg 683w\" data-sizes=\"auto\" data-orig-sizes=\"(min-width: 2200px) 100vw, (min-width: 784px) 450px, (min-width: 712px) 675px, (min-width: 640px) 712px, \" \/><\/a><\/div><\/div><div style=\"padding:5px;\" class=\"fusion-grid-column fusion-gallery-column fusion-gallery-column-3 hover-type-none\"><div class=\"fusion-gallery-image\"><a href=\"https:\/\/odysgea.com\/wp-content\/uploads\/2024\/04\/spain-picos-de-europa-centenary-group-covadonga-shepherd-humartini-gamoneu-cheese.jpg\" data-title=\"spain-picos-de-europa-centenary-group-covadonga-shepherd-humartini-gamoneu-cheese\" title=\"spain-picos-de-europa-centenary-group-covadonga-shepherd-humartini-gamoneu-cheese\" data-caption=\"Gamoneu cheese maker in Picos de Europa\" rel=\"noreferrer\" data-rel=\"iLightbox[gallery_image_1]\" class=\"fusion-lightbox\" target=\"_self\"><img decoding=\"async\" src=\"https:\/\/odysgea.com\/wp-content\/uploads\/2024\/04\/spain-picos-de-europa-centenary-group-covadonga-shepherd-humartini-gamoneu-cheese.jpg\" data-orig-src=\"https:\/\/odysgea.com\/wp-content\/uploads\/2024\/04\/spain-picos-de-europa-centenary-group-covadonga-shepherd-humartini-gamoneu-cheese.jpg\" width=\"1152\" height=\"768\" alt=\"\" title=\"spain-picos-de-europa-centenary-group-covadonga-shepherd-humartini-gamoneu-cheese\" aria-label=\"spain-picos-de-europa-centenary-group-covadonga-shepherd-humartini-gamoneu-cheese\" class=\"lazyload img-responsive wp-image-2775\" srcset=\"data:image\/svg+xml,%3Csvg%20xmlns%3D%27http%3A%2F%2Fwww.w3.org%2F2000%2Fsvg%27%20width%3D%271152%27%20height%3D%27768%27%20viewBox%3D%270%200%201152%20768%27%3E%3Crect%20width%3D%271152%27%20height%3D%27768%27%20fill-opacity%3D%220%22%2F%3E%3C%2Fsvg%3E\" data-srcset=\"https:\/\/odysgea.com\/wp-content\/uploads\/2024\/04\/spain-picos-de-europa-centenary-group-covadonga-shepherd-humartini-gamoneu-cheese-200x133.jpg 200w, https:\/\/odysgea.com\/wp-content\/uploads\/2024\/04\/spain-picos-de-europa-centenary-group-covadonga-shepherd-humartini-gamoneu-cheese-400x267.jpg 400w, https:\/\/odysgea.com\/wp-content\/uploads\/2024\/04\/spain-picos-de-europa-centenary-group-covadonga-shepherd-humartini-gamoneu-cheese-600x400.jpg 600w, https:\/\/odysgea.com\/wp-content\/uploads\/2024\/04\/spain-picos-de-europa-centenary-group-covadonga-shepherd-humartini-gamoneu-cheese-800x533.jpg 800w, https:\/\/odysgea.com\/wp-content\/uploads\/2024\/04\/spain-picos-de-europa-centenary-group-covadonga-shepherd-humartini-gamoneu-cheese.jpg 1152w\" data-sizes=\"auto\" data-orig-sizes=\"(min-width: 2200px) 100vw, (min-width: 784px) 450px, (min-width: 712px) 675px, (min-width: 640px) 712px, \" \/><\/a><\/div><\/div><div class=\"clearfix\"><\/div><\/div><\/div><div class=\"fusion-separator fusion-no-medium-visibility fusion-no-large-visibility fusion-full-width-sep\" style=\"align-self: center;margin-left: auto;margin-right: auto;margin-top:2%;margin-bottom:4%;width:100%;\"><\/div><\/div><\/div><div class=\"fusion-layout-column fusion_builder_column_inner fusion-builder-nested-column-1 fusion_builder_column_inner_3_5 3_5 fusion-flex-column fusion-flex-align-self-center\" style=\"--awb-padding-right:30px;--awb-padding-left:15px;--awb-padding-right-small:0px;--awb-padding-left-small:0px;--awb-bg-size:cover;--awb-width-large:60%;--awb-margin-top-large:0px;--awb-spacing-right-large:3.2%;--awb-margin-bottom-large:0px;--awb-spacing-left-large:3.2%;--awb-width-medium:60%;--awb-order-medium:0;--awb-spacing-right-medium:3.2%;--awb-spacing-left-medium:3.2%;--awb-width-small:100%;--awb-order-small:0;--awb-spacing-right-small:1.92%;--awb-spacing-left-small:1.92%;\" data-scroll-devices=\"small-visibility,medium-visibility,large-visibility\"><div class=\"fusion-column-wrapper fusion-column-has-shadow fusion-flex-justify-content-flex-start fusion-content-layout-row\"><div class=\"fusion-title title fusion-title-3 fusion-no-small-visibility fusion-sep-none fusion-title-text fusion-title-size-three break\" style=\"--awb-margin-top:0px;--awb-margin-bottom:2px;--awb-margin-top-small:30px;\"><h3 class=\"fusion-title-heading title-heading-left\" style=\"margin:0;\">Pastor por un d\u00eda<\/h3><\/div><div class=\"fusion-text fusion-text-3 fusion-no-small-visibility break\" style=\"--awb-font-size:var(--awb-typography5-font-size);--awb-line-height:var(--awb-typography5-line-height);--awb-letter-spacing:var(--awb-typography5-letter-spacing);--awb-text-transform:var(--awb-typography5-text-transform);--awb-text-color:var(--awb-color4);--awb-text-font-family:var(--awb-typography5-font-family);--awb-text-font-weight:var(--awb-typography5-font-weight);--awb-text-font-style:var(--awb-typography5-font-style);\"><p>Pirineos, Picos de Europa. Extremadura<\/p>\n<\/div><div class=\"fusion-text fusion-text-4 fusion-text-no-margin\" style=\"--awb-content-alignment:left;--awb-margin-bottom:0px;\"><p><span style=\"color: var(--awb-text-color); font-family: var(--awb-text-font-family); font-size: var(--awb-font-size); font-style: var(--awb-text-font-style); font-weight: var(--awb-text-font-weight); letter-spacing: var(--awb-letter-spacing); text-align: var(--awb-content-alignment); text-transform: var(--awb-text-transform); background-color: var(--awb-bg-color-hover);\">Pase un d\u00eda con un pastor y su reba\u00f1o, aprendiendo sobre su forma de vida y su visi\u00f3n del territorio. Podemos organizar experiencias variadas en torno al pastoreo, desde un d\u00eda con los pastores de los Picos de Europa, que a\u00fan elaboran queso en los pastos de verano, hasta uno o varios d\u00edas caminando con los reba\u00f1os n\u00f3madas de los Pirineos o con los pastores trashumantes de Extremadura. <\/span><\/p>\n<\/div><\/div><\/div><\/div><\/div><\/div><\/div><\/div><div class=\"fusion-fullwidth fullwidth-box fusion-builder-row-6 fusion-flex-container has-pattern-background has-mask-background nonhundred-percent-fullwidth non-hundred-percent-height-scrolling\" style=\"--awb-border-radius-top-left:0px;--awb-border-radius-top-right:0px;--awb-border-radius-bottom-right:0px;--awb-border-radius-bottom-left:0px;--awb-margin-top:4%;--awb-margin-bottom:4%;--awb-margin-top-small:8%;--awb-flex-wrap:wrap;\" ><div class=\"fusion-builder-row fusion-row fusion-flex-align-items-flex-start fusion-flex-content-wrap\" style=\"max-width:1414.4px;margin-left: calc(-4% \/ 2 );margin-right: calc(-4% \/ 2 );\"><div class=\"fusion-layout-column fusion_builder_column fusion-builder-column-5 fusion_builder_column_1_1 1_1 fusion-flex-column\" style=\"--awb-bg-size:cover;--awb-width-large:100%;--awb-margin-top-large:0px;--awb-spacing-right-large:1.92%;--awb-margin-bottom-large:20px;--awb-spacing-left-large:1.92%;--awb-width-medium:100%;--awb-order-medium:0;--awb-spacing-right-medium:1.92%;--awb-spacing-left-medium:1.92%;--awb-width-small:100%;--awb-order-small:0;--awb-spacing-right-small:1.92%;--awb-spacing-left-small:1.92%;\"><div class=\"fusion-column-wrapper fusion-column-has-shadow fusion-flex-justify-content-flex-start fusion-content-layout-column\"><div class=\"fusion-section-separator section-separator triangle fusion-section-separator-2\" style=\"--awb-border-top:1px solid var(--awb-color3);--awb-spacer-height:1px;--awb-svg-margin-left:1.92%;--awb-svg-margin-right:1.92%;--awb-svg-margin-left-medium:1.92%;--awb-svg-margin-right-medium:1.92%;--awb-svg-margin-left-small:1.92%;--awb-svg-margin-right-small:1.92%;--awb-icon-color:var(--awb-color1);\"><div class=\"fusion-section-separator-svg\"><div class=\"divider-candy-arrow top\" style=\"bottom:0px;border-bottom-color: var(--awb-color2);\"><\/div><div class=\"divider-candy top\" style=\"top:-21px;border-bottom:1px solid var(--awb-color3);border-left:1px solid var(--awb-color3);\"><\/div><\/div><div class=\"fusion-section-separator-spacer\"><div class=\"fusion-section-separator-spacer-height\"><\/div><\/div><\/div><\/div><\/div><\/div><\/div><div class=\"fusion-fullwidth fullwidth-box fusion-builder-row-7 fusion-flex-container has-pattern-background has-mask-background nonhundred-percent-fullwidth non-hundred-percent-height-scrolling\" style=\"--awb-border-radius-top-left:0px;--awb-border-radius-top-right:0px;--awb-border-radius-bottom-right:0px;--awb-border-radius-bottom-left:0px;--awb-flex-wrap:wrap;\" ><div class=\"fusion-builder-row fusion-row fusion-flex-align-items-flex-start fusion-flex-justify-content-center fusion-flex-content-wrap\" style=\"max-width:1414.4px;margin-left: calc(-4% \/ 2 );margin-right: calc(-4% \/ 2 );\"><div class=\"fusion-layout-column fusion_builder_column fusion-builder-column-6 fusion_builder_column_1_1 1_1 fusion-flex-column\" style=\"--awb-bg-size:cover;--awb-width-large:100%;--awb-margin-top-large:0px;--awb-spacing-right-large:1.92%;--awb-margin-bottom-large:60px;--awb-spacing-left-large:1.92%;--awb-width-medium:100%;--awb-order-medium:0;--awb-spacing-right-medium:1.92%;--awb-spacing-left-medium:1.92%;--awb-width-small:100%;--awb-order-small:0;--awb-spacing-right-small:1.92%;--awb-spacing-left-small:1.92%;\"><div class=\"fusion-column-wrapper fusion-column-has-shadow fusion-flex-justify-content-flex-start fusion-content-layout-column\"><div class=\"fusion-menu-anchor\" id=\"traditional\"><\/div><div class=\"fusion-builder-row fusion-builder-row-inner fusion-row fusion-flex-align-items-flex-start fusion-flex-justify-content-center fusion-flex-content-wrap\" style=\"width:104% !important;max-width:104% !important;margin-left: calc(-4% \/ 2 );margin-right: calc(-4% \/ 2 );\"><div class=\"fusion-layout-column fusion_builder_column_inner fusion-builder-nested-column-2 fusion_builder_column_inner_2_5 2_5 fusion-flex-column\" style=\"--awb-bg-size:cover;--awb-transform:translateY(0px);--awb-transform-hover:translateY(5px);--awb-width-large:40%;--awb-margin-top-large:0px;--awb-spacing-right-large:4.8%;--awb-margin-bottom-large:0px;--awb-spacing-left-large:4.8%;--awb-width-medium:40%;--awb-order-medium:0;--awb-spacing-right-medium:4.8%;--awb-spacing-left-medium:4.8%;--awb-width-small:100%;--awb-order-small:0;--awb-spacing-right-small:1.92%;--awb-spacing-left-small:1.92%;\" data-scroll-devices=\"small-visibility,medium-visibility,large-visibility\"><div class=\"fusion-column-wrapper fusion-column-has-shadow fusion-flex-justify-content-flex-start fusion-content-layout-block\"><div class=\"fusion-title title fusion-title-4 fusion-no-medium-visibility fusion-no-large-visibility fusion-sep-none fusion-title-text fusion-title-size-three break\" style=\"--awb-margin-top:0px;--awb-margin-bottom:2px;--awb-margin-top-small:30px;\"><h3 class=\"fusion-title-heading title-heading-left\" style=\"margin:0;\">Vida local<\/h3><\/div><div class=\"fusion-text fusion-text-5 fusion-no-medium-visibility fusion-no-large-visibility break\" style=\"--awb-font-size:var(--awb-typography5-font-size);--awb-line-height:var(--awb-typography5-line-height);--awb-letter-spacing:var(--awb-typography5-letter-spacing);--awb-text-transform:var(--awb-typography5-text-transform);--awb-text-color:var(--awb-color4);--awb-text-font-family:var(--awb-typography5-font-family);--awb-text-font-weight:var(--awb-typography5-font-weight);--awb-text-font-style:var(--awb-typography5-font-style);\"><p>Espa\u00f1a y Portugal<\/p>\n<\/div><div class=\"fusion-image-element in-legacy-container\" style=\"--awb-caption-title-font-family:var(--h2_typography-font-family);--awb-caption-title-font-weight:var(--h2_typography-font-weight);--awb-caption-title-font-style:var(--h2_typography-font-style);--awb-caption-title-size:var(--h2_typography-font-size);--awb-caption-title-transform:var(--h2_typography-text-transform);--awb-caption-title-line-height:var(--h2_typography-line-height);--awb-caption-title-letter-spacing:var(--h2_typography-letter-spacing);\"><span class=\" fusion-imageframe imageframe-none imageframe-3 hover-type-none\" style=\"border-radius:12px;\"><a href=\"https:\/\/odysgea.com\/wp-content\/uploads\/2024\/08\/traditional-dancing-llanes-asturias-spain-cultural-tours-800x533.jpg\" class=\"fusion-lightbox\" data-rel=\"iLightbox[b3a748522ac379c79e5]\" data-title=\"Traditional dances in Llanes, Asturias\" title=\"Traditional dances in Llanes, Asturias\"><img decoding=\"async\" width=\"800\" height=\"533\" alt=\"Pirineos\" src=\"https:\/\/odysgea.com\/wp-content\/uploads\/2024\/08\/traditional-dancing-llanes-asturias-spain-cultural-tours.jpg\" data-orig-src=\"https:\/\/odysgea.com\/wp-content\/uploads\/2024\/08\/traditional-dancing-llanes-asturias-spain-cultural-tours-800x533.jpg\" class=\"lazyload img-responsive wp-image-3174\" srcset=\"data:image\/svg+xml,%3Csvg%20xmlns%3D%27http%3A%2F%2Fwww.w3.org%2F2000%2Fsvg%27%20width%3D%271200%27%20height%3D%27800%27%20viewBox%3D%270%200%201200%20800%27%3E%3Crect%20width%3D%271200%27%20height%3D%27800%27%20fill-opacity%3D%220%22%2F%3E%3C%2Fsvg%3E\" data-srcset=\"https:\/\/odysgea.com\/wp-content\/uploads\/2024\/08\/traditional-dancing-llanes-asturias-spain-cultural-tours-200x133.jpg 200w, https:\/\/odysgea.com\/wp-content\/uploads\/2024\/08\/traditional-dancing-llanes-asturias-spain-cultural-tours-400x267.jpg 400w, https:\/\/odysgea.com\/wp-content\/uploads\/2024\/08\/traditional-dancing-llanes-asturias-spain-cultural-tours-600x400.jpg 600w, https:\/\/odysgea.com\/wp-content\/uploads\/2024\/08\/traditional-dancing-llanes-asturias-spain-cultural-tours-800x533.jpg 800w, https:\/\/odysgea.com\/wp-content\/uploads\/2024\/08\/traditional-dancing-llanes-asturias-spain-cultural-tours.jpg 1200w\" data-sizes=\"auto\" data-orig-sizes=\"(max-width: 800px) 100vw, 600px\" \/><\/a><\/span><\/div><div class=\"fusion-separator fusion-full-width-sep\" style=\"align-self: center;margin-left: auto;margin-right: auto;margin-top:2%;width:100%;\"><\/div><div class=\"awb-gallery-wrapper awb-gallery-wrapper-2 button-span-no\" style=\"--more-btn-alignment:center;\" data-limit=\"10\" data-page=\"1\"><div style=\"margin:-5px;--awb-aspect-ratio:1 \/ 1;--awb-bordersize:0px;--awb-columns-small:33.3333%;\" class=\"fusion-gallery fusion-gallery-container fusion-grid-3 fusion-columns-total-6 fusion-gallery-layout-grid fusion-gallery-2 has-aspect-ratio\"><div style=\"padding:5px;\" class=\"fusion-grid-column fusion-gallery-column fusion-gallery-column-3 hover-type-none\"><div class=\"fusion-gallery-image\"><a href=\"https:\/\/odysgea.com\/wp-content\/uploads\/2024\/04\/SpainSouthAndaluciaFlamenco.jpg\" data-title=\"Flamenco dancing in Andalucia\" title=\"Flamenco dancing in Andalucia\" rel=\"noreferrer\" data-rel=\"iLightbox[gallery_image_2]\" class=\"fusion-lightbox\" target=\"_self\"><img decoding=\"async\" src=\"https:\/\/odysgea.com\/wp-content\/uploads\/2024\/04\/SpainSouthAndaluciaFlamenco.jpg\" data-orig-src=\"https:\/\/odysgea.com\/wp-content\/uploads\/2024\/04\/SpainSouthAndaluciaFlamenco.jpg\" width=\"1200\" height=\"800\" alt=\"\" title=\"Flamenco dancing in Andalucia\" aria-label=\"Flamenco dancing in Andalucia\" class=\"lazyload img-responsive wp-image-4146\" style=\"object-position:37% 50%;\" srcset=\"data:image\/svg+xml,%3Csvg%20xmlns%3D%27http%3A%2F%2Fwww.w3.org%2F2000%2Fsvg%27%20width%3D%271200%27%20height%3D%27800%27%20viewBox%3D%270%200%201200%20800%27%3E%3Crect%20width%3D%271200%27%20height%3D%27800%27%20fill-opacity%3D%220%22%2F%3E%3C%2Fsvg%3E\" data-srcset=\"https:\/\/odysgea.com\/wp-content\/uploads\/2024\/04\/SpainSouthAndaluciaFlamenco-200x133.jpg 200w, https:\/\/odysgea.com\/wp-content\/uploads\/2024\/04\/SpainSouthAndaluciaFlamenco-400x267.jpg 400w, https:\/\/odysgea.com\/wp-content\/uploads\/2024\/04\/SpainSouthAndaluciaFlamenco-600x400.jpg 600w, https:\/\/odysgea.com\/wp-content\/uploads\/2024\/04\/SpainSouthAndaluciaFlamenco-800x533.jpg 800w, https:\/\/odysgea.com\/wp-content\/uploads\/2024\/04\/SpainSouthAndaluciaFlamenco.jpg 1200w\" data-sizes=\"auto\" data-orig-sizes=\"(min-width: 2200px) 100vw, (min-width: 784px) 450px, (min-width: 712px) 675px, (min-width: 640px) 712px, \" \/><\/a><\/div><\/div><div style=\"padding:5px;\" class=\"fusion-grid-column fusion-gallery-column fusion-gallery-column-3 hover-type-none\"><div class=\"fusion-gallery-image\"><a href=\"https:\/\/odysgea.com\/wp-content\/uploads\/2024\/04\/Espectaculo-de-Flamenco-tabanco-jerez-ANDALUCIA-turespana-cultural-tours.jpg\" data-title=\"Flamenco dance and music show in Jerez, Andalucia\" title=\"Flamenco dance and music show in Jerez, Andalucia\" rel=\"noreferrer\" data-rel=\"iLightbox[gallery_image_2]\" class=\"fusion-lightbox\" target=\"_self\"><img decoding=\"async\" src=\"https:\/\/odysgea.com\/wp-content\/uploads\/2024\/04\/Espectaculo-de-Flamenco-tabanco-jerez-ANDALUCIA-turespana-cultural-tours.jpg\" data-orig-src=\"https:\/\/odysgea.com\/wp-content\/uploads\/2024\/04\/Espectaculo-de-Flamenco-tabanco-jerez-ANDALUCIA-turespana-cultural-tours.jpg\" width=\"1200\" height=\"800\" alt=\"\" title=\"Flamenco dance and music show in Jerez, Andalucia\" aria-label=\"Flamenco dance and music show in Jerez, Andalucia\" class=\"lazyload img-responsive wp-image-4199\" style=\"object-position:38% 51%;\" srcset=\"data:image\/svg+xml,%3Csvg%20xmlns%3D%27http%3A%2F%2Fwww.w3.org%2F2000%2Fsvg%27%20width%3D%271200%27%20height%3D%27800%27%20viewBox%3D%270%200%201200%20800%27%3E%3Crect%20width%3D%271200%27%20height%3D%27800%27%20fill-opacity%3D%220%22%2F%3E%3C%2Fsvg%3E\" data-srcset=\"https:\/\/odysgea.com\/wp-content\/uploads\/2024\/04\/Espectaculo-de-Flamenco-tabanco-jerez-ANDALUCIA-turespana-cultural-tours-200x133.jpg 200w, https:\/\/odysgea.com\/wp-content\/uploads\/2024\/04\/Espectaculo-de-Flamenco-tabanco-jerez-ANDALUCIA-turespana-cultural-tours-400x267.jpg 400w, https:\/\/odysgea.com\/wp-content\/uploads\/2024\/04\/Espectaculo-de-Flamenco-tabanco-jerez-ANDALUCIA-turespana-cultural-tours-600x400.jpg 600w, https:\/\/odysgea.com\/wp-content\/uploads\/2024\/04\/Espectaculo-de-Flamenco-tabanco-jerez-ANDALUCIA-turespana-cultural-tours-800x533.jpg 800w, https:\/\/odysgea.com\/wp-content\/uploads\/2024\/04\/Espectaculo-de-Flamenco-tabanco-jerez-ANDALUCIA-turespana-cultural-tours.jpg 1200w\" data-sizes=\"auto\" data-orig-sizes=\"(min-width: 2200px) 100vw, (min-width: 784px) 450px, (min-width: 712px) 675px, (min-width: 640px) 712px, \" \/><\/a><\/div><\/div><div style=\"padding:5px;\" class=\"fusion-grid-column fusion-gallery-column fusion-gallery-column-3 hover-type-none\"><div class=\"fusion-gallery-image\"><a href=\"https:\/\/odysgea.com\/wp-content\/uploads\/2024\/04\/spain-navarre-basque-pamplona-musician-traditional-c-diego.jpg\" data-title=\"Traditional music at the Plaza del Castillo in Pamplona\" title=\"Traditional music at the Plaza del Castillo in Pamplona\" rel=\"noreferrer\" data-rel=\"iLightbox[gallery_image_2]\" class=\"fusion-lightbox\" target=\"_self\"><img decoding=\"async\" src=\"https:\/\/odysgea.com\/wp-content\/uploads\/2024\/04\/spain-navarre-basque-pamplona-musician-traditional-c-diego.jpg\" data-orig-src=\"https:\/\/odysgea.com\/wp-content\/uploads\/2024\/04\/spain-navarre-basque-pamplona-musician-traditional-c-diego.jpg\" width=\"1200\" height=\"800\" alt=\"\" title=\"Traditional music at the Plaza del Castillo in Pamplona\" aria-label=\"Traditional music at the Plaza del Castillo in Pamplona\" class=\"lazyload img-responsive wp-image-4130\" srcset=\"data:image\/svg+xml,%3Csvg%20xmlns%3D%27http%3A%2F%2Fwww.w3.org%2F2000%2Fsvg%27%20width%3D%271200%27%20height%3D%27800%27%20viewBox%3D%270%200%201200%20800%27%3E%3Crect%20width%3D%271200%27%20height%3D%27800%27%20fill-opacity%3D%220%22%2F%3E%3C%2Fsvg%3E\" data-srcset=\"https:\/\/odysgea.com\/wp-content\/uploads\/2024\/04\/spain-navarre-basque-pamplona-musician-traditional-c-diego-200x133.jpg 200w, https:\/\/odysgea.com\/wp-content\/uploads\/2024\/04\/spain-navarre-basque-pamplona-musician-traditional-c-diego-400x267.jpg 400w, https:\/\/odysgea.com\/wp-content\/uploads\/2024\/04\/spain-navarre-basque-pamplona-musician-traditional-c-diego-600x400.jpg 600w, https:\/\/odysgea.com\/wp-content\/uploads\/2024\/04\/spain-navarre-basque-pamplona-musician-traditional-c-diego-800x533.jpg 800w, https:\/\/odysgea.com\/wp-content\/uploads\/2024\/04\/spain-navarre-basque-pamplona-musician-traditional-c-diego.jpg 1200w\" data-sizes=\"auto\" data-orig-sizes=\"(min-width: 2200px) 100vw, (min-width: 784px) 450px, (min-width: 712px) 675px, (min-width: 640px) 712px, \" \/><\/a><\/div><\/div><div class=\"clearfix\"><\/div><div style=\"padding:5px;\" class=\"fusion-grid-column fusion-gallery-column fusion-gallery-column-3 hover-type-none\"><div class=\"fusion-gallery-image\"><a href=\"https:\/\/odysgea.com\/wp-content\/uploads\/2024\/08\/local-festivities-bejes-picos-de-europa-cantabria-spain-cultural-tours.jpg\" data-title=\"Traditional festivity in Bejes, Picos de Europa\" title=\"Traditional festivity in Bejes, Picos de Europa\" rel=\"noreferrer\" data-rel=\"iLightbox[gallery_image_2]\" class=\"fusion-lightbox\" target=\"_self\"><img decoding=\"async\" src=\"https:\/\/odysgea.com\/wp-content\/uploads\/2024\/08\/local-festivities-bejes-picos-de-europa-cantabria-spain-cultural-tours.jpg\" data-orig-src=\"https:\/\/odysgea.com\/wp-content\/uploads\/2024\/08\/local-festivities-bejes-picos-de-europa-cantabria-spain-cultural-tours.jpg\" width=\"1200\" height=\"800\" alt=\"\" title=\"Traditional festivity in Bejes, Picos de Europa\" aria-label=\"Traditional festivity in Bejes, Picos de Europa\" class=\"lazyload img-responsive wp-image-3172\" srcset=\"data:image\/svg+xml,%3Csvg%20xmlns%3D%27http%3A%2F%2Fwww.w3.org%2F2000%2Fsvg%27%20width%3D%271200%27%20height%3D%27800%27%20viewBox%3D%270%200%201200%20800%27%3E%3Crect%20width%3D%271200%27%20height%3D%27800%27%20fill-opacity%3D%220%22%2F%3E%3C%2Fsvg%3E\" data-srcset=\"https:\/\/odysgea.com\/wp-content\/uploads\/2024\/08\/local-festivities-bejes-picos-de-europa-cantabria-spain-cultural-tours-200x133.jpg 200w, https:\/\/odysgea.com\/wp-content\/uploads\/2024\/08\/local-festivities-bejes-picos-de-europa-cantabria-spain-cultural-tours-400x267.jpg 400w, https:\/\/odysgea.com\/wp-content\/uploads\/2024\/08\/local-festivities-bejes-picos-de-europa-cantabria-spain-cultural-tours-600x400.jpg 600w, https:\/\/odysgea.com\/wp-content\/uploads\/2024\/08\/local-festivities-bejes-picos-de-europa-cantabria-spain-cultural-tours-800x533.jpg 800w, https:\/\/odysgea.com\/wp-content\/uploads\/2024\/08\/local-festivities-bejes-picos-de-europa-cantabria-spain-cultural-tours.jpg 1200w\" data-sizes=\"auto\" data-orig-sizes=\"(min-width: 2200px) 100vw, (min-width: 784px) 450px, (min-width: 712px) 675px, (min-width: 640px) 712px, \" \/><\/a><\/div><\/div><div style=\"padding:5px;\" class=\"fusion-grid-column fusion-gallery-column fusion-gallery-column-3 hover-type-none\"><div class=\"fusion-gallery-image\"><a href=\"https:\/\/odysgea.com\/wp-content\/uploads\/2024\/08\/maya-bejes-picos-de-europa-spain-cultural-tours.jpg\" data-title=\"Setting up the maya at a local festivity in the Picos de Europa\" title=\"Setting up the maya at a local festivity in the Picos de Europa\" rel=\"noreferrer\" data-rel=\"iLightbox[gallery_image_2]\" class=\"fusion-lightbox\" target=\"_self\"><img decoding=\"async\" src=\"https:\/\/odysgea.com\/wp-content\/uploads\/2024\/08\/maya-bejes-picos-de-europa-spain-cultural-tours.jpg\" data-orig-src=\"https:\/\/odysgea.com\/wp-content\/uploads\/2024\/08\/maya-bejes-picos-de-europa-spain-cultural-tours.jpg\" width=\"1200\" height=\"800\" alt=\"\" title=\"Setting up the maya at a local festivity in the Picos de Europa\" aria-label=\"Setting up the maya at a local festivity in the Picos de Europa\" class=\"lazyload img-responsive wp-image-3173\" style=\"object-position:80% 69%;\" srcset=\"data:image\/svg+xml,%3Csvg%20xmlns%3D%27http%3A%2F%2Fwww.w3.org%2F2000%2Fsvg%27%20width%3D%271200%27%20height%3D%27800%27%20viewBox%3D%270%200%201200%20800%27%3E%3Crect%20width%3D%271200%27%20height%3D%27800%27%20fill-opacity%3D%220%22%2F%3E%3C%2Fsvg%3E\" data-srcset=\"https:\/\/odysgea.com\/wp-content\/uploads\/2024\/08\/maya-bejes-picos-de-europa-spain-cultural-tours-200x133.jpg 200w, https:\/\/odysgea.com\/wp-content\/uploads\/2024\/08\/maya-bejes-picos-de-europa-spain-cultural-tours-400x267.jpg 400w, https:\/\/odysgea.com\/wp-content\/uploads\/2024\/08\/maya-bejes-picos-de-europa-spain-cultural-tours-600x400.jpg 600w, https:\/\/odysgea.com\/wp-content\/uploads\/2024\/08\/maya-bejes-picos-de-europa-spain-cultural-tours-800x533.jpg 800w, https:\/\/odysgea.com\/wp-content\/uploads\/2024\/08\/maya-bejes-picos-de-europa-spain-cultural-tours.jpg 1200w\" data-sizes=\"auto\" data-orig-sizes=\"(min-width: 2200px) 100vw, (min-width: 784px) 450px, (min-width: 712px) 675px, (min-width: 640px) 712px, \" \/><\/a><\/div><\/div><div style=\"padding:5px;\" class=\"fusion-grid-column fusion-gallery-column fusion-gallery-column-3 hover-type-none\"><div class=\"fusion-gallery-image\"><a href=\"https:\/\/odysgea.com\/wp-content\/uploads\/2024\/04\/1-spain-catalonia-cardona-medieval-market-may-cultural-tours.jpg\" data-title=\"Traditional festivity in Cardona, Catalonia\" title=\"Traditional festivity in Cardona, Catalonia\" rel=\"noreferrer\" data-rel=\"iLightbox[gallery_image_2]\" class=\"fusion-lightbox\" target=\"_self\"><img decoding=\"async\" src=\"https:\/\/odysgea.com\/wp-content\/uploads\/2024\/04\/1-spain-catalonia-cardona-medieval-market-may-cultural-tours.jpg\" data-orig-src=\"https:\/\/odysgea.com\/wp-content\/uploads\/2024\/04\/1-spain-catalonia-cardona-medieval-market-may-cultural-tours.jpg\" width=\"1200\" height=\"800\" alt=\"\" title=\"Traditional festivity in Cardona, Catalonia\" aria-label=\"Traditional festivity in Cardona, Catalonia\" class=\"lazyload img-responsive wp-image-4203\" style=\"object-position:100% 70%;\" srcset=\"data:image\/svg+xml,%3Csvg%20xmlns%3D%27http%3A%2F%2Fwww.w3.org%2F2000%2Fsvg%27%20width%3D%271200%27%20height%3D%27800%27%20viewBox%3D%270%200%201200%20800%27%3E%3Crect%20width%3D%271200%27%20height%3D%27800%27%20fill-opacity%3D%220%22%2F%3E%3C%2Fsvg%3E\" data-srcset=\"https:\/\/odysgea.com\/wp-content\/uploads\/2024\/04\/1-spain-catalonia-cardona-medieval-market-may-cultural-tours-200x133.jpg 200w, https:\/\/odysgea.com\/wp-content\/uploads\/2024\/04\/1-spain-catalonia-cardona-medieval-market-may-cultural-tours-400x267.jpg 400w, https:\/\/odysgea.com\/wp-content\/uploads\/2024\/04\/1-spain-catalonia-cardona-medieval-market-may-cultural-tours-600x400.jpg 600w, https:\/\/odysgea.com\/wp-content\/uploads\/2024\/04\/1-spain-catalonia-cardona-medieval-market-may-cultural-tours-800x533.jpg 800w, https:\/\/odysgea.com\/wp-content\/uploads\/2024\/04\/1-spain-catalonia-cardona-medieval-market-may-cultural-tours.jpg 1200w\" data-sizes=\"auto\" data-orig-sizes=\"(min-width: 2200px) 100vw, (min-width: 784px) 450px, (min-width: 712px) 675px, (min-width: 640px) 712px, \" \/><\/a><\/div><\/div><div class=\"clearfix\"><\/div><\/div><\/div><div class=\"fusion-separator fusion-no-medium-visibility fusion-no-large-visibility fusion-full-width-sep\" style=\"align-self: center;margin-left: auto;margin-right: auto;margin-top:2%;margin-bottom:4%;width:100%;\"><\/div><\/div><\/div><div class=\"fusion-layout-column fusion_builder_column_inner fusion-builder-nested-column-3 fusion_builder_column_inner_3_5 3_5 fusion-flex-column fusion-flex-align-self-center\" style=\"--awb-padding-right:30px;--awb-padding-left:15px;--awb-padding-right-small:0px;--awb-padding-left-small:0px;--awb-bg-size:cover;--awb-width-large:60%;--awb-margin-top-large:0px;--awb-spacing-right-large:3.2%;--awb-margin-bottom-large:0px;--awb-spacing-left-large:3.2%;--awb-width-medium:60%;--awb-order-medium:0;--awb-spacing-right-medium:3.2%;--awb-spacing-left-medium:3.2%;--awb-width-small:100%;--awb-order-small:0;--awb-spacing-right-small:1.92%;--awb-spacing-left-small:1.92%;\" data-scroll-devices=\"small-visibility,medium-visibility,large-visibility\"><div class=\"fusion-column-wrapper fusion-column-has-shadow fusion-flex-justify-content-flex-start fusion-content-layout-row\"><div class=\"fusion-title title fusion-title-5 fusion-no-small-visibility fusion-sep-none fusion-title-text fusion-title-size-three break\" style=\"--awb-margin-top:0px;--awb-margin-bottom:2px;--awb-margin-top-small:30px;\"><h3 class=\"fusion-title-heading title-heading-left\" style=\"margin:0;\">Fiestas tradicionales con un local<\/h3><\/div><div class=\"fusion-text fusion-text-6 fusion-no-small-visibility break\" style=\"--awb-font-size:var(--awb-typography5-font-size);--awb-line-height:var(--awb-typography5-line-height);--awb-letter-spacing:var(--awb-typography5-letter-spacing);--awb-text-transform:var(--awb-typography5-text-transform);--awb-text-color:var(--awb-color4);--awb-text-font-family:var(--awb-typography5-font-family);--awb-text-font-weight:var(--awb-typography5-font-weight);--awb-text-font-style:var(--awb-typography5-font-style);\"><p>Espa\u00f1a y Portugal<\/p>\n<\/div><div class=\"fusion-text fusion-text-7 fusion-text-no-margin\" style=\"--awb-content-alignment:left;--awb-margin-bottom:0px;\"><p><span style=\"color: var(--awb-text-color); font-family: var(--awb-text-font-family); font-size: var(--awb-font-size); font-style: var(--awb-text-font-style); font-weight: var(--awb-text-font-weight); letter-spacing: var(--awb-letter-spacing); text-align: var(--awb-content-alignment); text-transform: var(--awb-text-transform); background-color: var(--awb-bg-color-hover);\">Espa\u00f1a es famosa por sus fiestas y celebraciones, pero a veces es dif\u00edcil disfrutarlas por su cuenta, sin un local que le gu\u00ede entre las multitudes y le traduzca lo que est\u00e1 viendo. La Feria de Abril en Sevilla, las procesiones de Semana Santa, los Sanfermines en Pamplona&#8230; todas se viven con mayor intensidad en compa\u00f1\u00eda de un local. <\/span><\/p>\n<\/div><\/div><\/div><\/div><\/div><\/div><\/div><\/div><div class=\"fusion-fullwidth fullwidth-box fusion-builder-row-8 fusion-flex-container has-pattern-background has-mask-background nonhundred-percent-fullwidth non-hundred-percent-height-scrolling\" style=\"--awb-border-radius-top-left:0px;--awb-border-radius-top-right:0px;--awb-border-radius-bottom-right:0px;--awb-border-radius-bottom-left:0px;--awb-margin-top:4%;--awb-margin-bottom:4%;--awb-margin-top-small:8%;--awb-flex-wrap:wrap;\" ><div class=\"fusion-builder-row fusion-row fusion-flex-align-items-flex-start fusion-flex-content-wrap\" style=\"max-width:1414.4px;margin-left: calc(-4% \/ 2 );margin-right: calc(-4% \/ 2 );\"><div class=\"fusion-layout-column fusion_builder_column fusion-builder-column-7 fusion_builder_column_1_1 1_1 fusion-flex-column\" style=\"--awb-bg-size:cover;--awb-width-large:100%;--awb-margin-top-large:0px;--awb-spacing-right-large:1.92%;--awb-margin-bottom-large:20px;--awb-spacing-left-large:1.92%;--awb-width-medium:100%;--awb-order-medium:0;--awb-spacing-right-medium:1.92%;--awb-spacing-left-medium:1.92%;--awb-width-small:100%;--awb-order-small:0;--awb-spacing-right-small:1.92%;--awb-spacing-left-small:1.92%;\"><div class=\"fusion-column-wrapper fusion-column-has-shadow fusion-flex-justify-content-flex-start fusion-content-layout-column\"><div class=\"fusion-section-separator section-separator triangle fusion-section-separator-3\" style=\"--awb-border-top:1px solid var(--awb-color3);--awb-spacer-height:1px;--awb-svg-margin-left:1.92%;--awb-svg-margin-right:1.92%;--awb-svg-margin-left-medium:1.92%;--awb-svg-margin-right-medium:1.92%;--awb-svg-margin-left-small:1.92%;--awb-svg-margin-right-small:1.92%;--awb-icon-color:var(--awb-color1);\"><div class=\"fusion-section-separator-svg\"><div class=\"divider-candy-arrow top\" style=\"bottom:0px;border-bottom-color: var(--awb-color2);\"><\/div><div class=\"divider-candy top\" style=\"top:-21px;border-bottom:1px solid var(--awb-color3);border-left:1px solid var(--awb-color3);\"><\/div><\/div><div class=\"fusion-section-separator-spacer\"><div class=\"fusion-section-separator-spacer-height\"><\/div><\/div><\/div><\/div><\/div><\/div><\/div><div class=\"fusion-fullwidth fullwidth-box fusion-builder-row-9 fusion-flex-container has-pattern-background has-mask-background nonhundred-percent-fullwidth non-hundred-percent-height-scrolling\" style=\"--awb-border-radius-top-left:0px;--awb-border-radius-top-right:0px;--awb-border-radius-bottom-right:0px;--awb-border-radius-bottom-left:0px;--awb-flex-wrap:wrap;\" ><div class=\"fusion-builder-row fusion-row fusion-flex-align-items-flex-start fusion-flex-justify-content-center fusion-flex-content-wrap\" style=\"max-width:1414.4px;margin-left: calc(-4% \/ 2 );margin-right: calc(-4% \/ 2 );\"><div class=\"fusion-layout-column fusion_builder_column fusion-builder-column-8 fusion_builder_column_1_1 1_1 fusion-flex-column\" style=\"--awb-bg-size:cover;--awb-width-large:100%;--awb-margin-top-large:0px;--awb-spacing-right-large:1.92%;--awb-margin-bottom-large:60px;--awb-spacing-left-large:1.92%;--awb-width-medium:100%;--awb-order-medium:0;--awb-spacing-right-medium:1.92%;--awb-spacing-left-medium:1.92%;--awb-width-small:100%;--awb-order-small:0;--awb-spacing-right-small:1.92%;--awb-spacing-left-small:1.92%;\"><div class=\"fusion-column-wrapper fusion-column-has-shadow fusion-flex-justify-content-flex-start fusion-content-layout-column\"><div class=\"fusion-menu-anchor\" id=\"language\"><\/div><div class=\"fusion-builder-row fusion-builder-row-inner fusion-row fusion-flex-align-items-flex-start fusion-flex-justify-content-center fusion-flex-content-wrap\" style=\"width:104% !important;max-width:104% !important;margin-left: calc(-4% \/ 2 );margin-right: calc(-4% \/ 2 );\"><div class=\"fusion-layout-column fusion_builder_column_inner fusion-builder-nested-column-4 fusion_builder_column_inner_2_5 2_5 fusion-flex-column\" style=\"--awb-bg-size:cover;--awb-transform:translateY(0px);--awb-transform-hover:translateY(5px);--awb-width-large:40%;--awb-margin-top-large:0px;--awb-spacing-right-large:4.8%;--awb-margin-bottom-large:0px;--awb-spacing-left-large:4.8%;--awb-width-medium:40%;--awb-order-medium:0;--awb-spacing-right-medium:4.8%;--awb-spacing-left-medium:4.8%;--awb-width-small:100%;--awb-order-small:0;--awb-spacing-right-small:1.92%;--awb-spacing-left-small:1.92%;\" data-scroll-devices=\"small-visibility,medium-visibility,large-visibility\"><div class=\"fusion-column-wrapper fusion-column-has-shadow fusion-flex-justify-content-flex-start fusion-content-layout-block\"><div class=\"fusion-title title fusion-title-6 fusion-no-medium-visibility fusion-no-large-visibility fusion-sep-none fusion-title-text fusion-title-size-three break\" style=\"--awb-margin-top:0px;--awb-margin-bottom:2px;--awb-margin-top-small:30px;\"><h3 class=\"fusion-title-heading title-heading-left\" style=\"margin:0;\">Vida local<\/h3><\/div><div class=\"fusion-text fusion-text-8 fusion-no-medium-visibility fusion-no-large-visibility break\" style=\"--awb-font-size:var(--awb-typography5-font-size);--awb-line-height:var(--awb-typography5-line-height);--awb-letter-spacing:var(--awb-typography5-letter-spacing);--awb-text-transform:var(--awb-typography5-text-transform);--awb-text-color:var(--awb-color4);--awb-text-font-family:var(--awb-typography5-font-family);--awb-text-font-weight:var(--awb-typography5-font-weight);--awb-text-font-style:var(--awb-typography5-font-style);\"><p>Pirineos, Asturias, Andaluc\u00eda, Portugal<\/p>\n<\/div><div class=\"fusion-image-element in-legacy-container\" style=\"--awb-caption-title-font-family:var(--h2_typography-font-family);--awb-caption-title-font-weight:var(--h2_typography-font-weight);--awb-caption-title-font-style:var(--h2_typography-font-style);--awb-caption-title-size:var(--h2_typography-font-size);--awb-caption-title-transform:var(--h2_typography-text-transform);--awb-caption-title-line-height:var(--h2_typography-line-height);--awb-caption-title-letter-spacing:var(--h2_typography-letter-spacing);\"><span class=\" fusion-imageframe imageframe-none imageframe-4 hover-type-none\" style=\"border-radius:12px;\"><a href=\"https:\/\/odysgea.com\/wp-content\/uploads\/2024\/08\/spain-picos-de-europa-gamoneu-shepherd-antonio-humartini-kathy-dragon-local-facilitators-800x533.jpg\" class=\"fusion-lightbox\" data-rel=\"iLightbox[93c2c0f9eb5bc38374b]\" data-title=\"Facilitating cultural exchanges\" title=\"Facilitating cultural exchanges\"><img decoding=\"async\" width=\"800\" height=\"533\" alt=\"Pirineos\" src=\"https:\/\/odysgea.com\/wp-content\/uploads\/2024\/08\/spain-picos-de-europa-gamoneu-shepherd-antonio-humartini-kathy-dragon-local-facilitators.jpg\" data-orig-src=\"https:\/\/odysgea.com\/wp-content\/uploads\/2024\/08\/spain-picos-de-europa-gamoneu-shepherd-antonio-humartini-kathy-dragon-local-facilitators-800x533.jpg\" class=\"lazyload img-responsive wp-image-3179\" srcset=\"data:image\/svg+xml,%3Csvg%20xmlns%3D%27http%3A%2F%2Fwww.w3.org%2F2000%2Fsvg%27%20width%3D%271200%27%20height%3D%27800%27%20viewBox%3D%270%200%201200%20800%27%3E%3Crect%20width%3D%271200%27%20height%3D%27800%27%20fill-opacity%3D%220%22%2F%3E%3C%2Fsvg%3E\" data-srcset=\"https:\/\/odysgea.com\/wp-content\/uploads\/2024\/08\/spain-picos-de-europa-gamoneu-shepherd-antonio-humartini-kathy-dragon-local-facilitators-200x133.jpg 200w, https:\/\/odysgea.com\/wp-content\/uploads\/2024\/08\/spain-picos-de-europa-gamoneu-shepherd-antonio-humartini-kathy-dragon-local-facilitators-400x267.jpg 400w, https:\/\/odysgea.com\/wp-content\/uploads\/2024\/08\/spain-picos-de-europa-gamoneu-shepherd-antonio-humartini-kathy-dragon-local-facilitators-600x400.jpg 600w, https:\/\/odysgea.com\/wp-content\/uploads\/2024\/08\/spain-picos-de-europa-gamoneu-shepherd-antonio-humartini-kathy-dragon-local-facilitators-800x533.jpg 800w, https:\/\/odysgea.com\/wp-content\/uploads\/2024\/08\/spain-picos-de-europa-gamoneu-shepherd-antonio-humartini-kathy-dragon-local-facilitators.jpg 1200w\" data-sizes=\"auto\" data-orig-sizes=\"(max-width: 800px) 100vw, 600px\" \/><\/a><\/span><\/div><div class=\"fusion-separator fusion-full-width-sep\" style=\"align-self: center;margin-left: auto;margin-right: auto;margin-top:2%;width:100%;\"><\/div><div class=\"awb-gallery-wrapper awb-gallery-wrapper-3 button-span-no\" style=\"--more-btn-alignment:center;\" data-limit=\"10\" data-page=\"1\"><div style=\"margin:-5px;--awb-aspect-ratio:1 \/ 1;--awb-bordersize:0px;--awb-columns-small:33.3333%;\" class=\"fusion-gallery fusion-gallery-container fusion-grid-3 fusion-columns-total-6 fusion-gallery-layout-grid fusion-gallery-3 has-aspect-ratio\"><div style=\"padding:5px;\" class=\"fusion-grid-column fusion-gallery-column fusion-gallery-column-3 hover-type-none\"><div class=\"fusion-gallery-image\"><a href=\"https:\/\/odysgea.com\/wp-content\/uploads\/2024\/04\/portugal-lisbon-azulejo-tiles-museum-restaurant.jpg\" data-title=\"Restaurant of the Tile Museum in Lisbon\" title=\"Restaurant of the Tile Museum in Lisbon\" rel=\"noreferrer\" data-rel=\"iLightbox[gallery_image_3]\" class=\"fusion-lightbox\" target=\"_self\"><img decoding=\"async\" src=\"https:\/\/odysgea.com\/wp-content\/uploads\/2024\/04\/portugal-lisbon-azulejo-tiles-museum-restaurant.jpg\" data-orig-src=\"https:\/\/odysgea.com\/wp-content\/uploads\/2024\/04\/portugal-lisbon-azulejo-tiles-museum-restaurant.jpg\" width=\"1200\" height=\"800\" alt=\"\" title=\"Restaurant of the Tile Museum in Lisbon\" aria-label=\"Restaurant of the Tile Museum in Lisbon\" class=\"lazyload img-responsive wp-image-3061\" style=\"object-position:68% 55%;\" srcset=\"data:image\/svg+xml,%3Csvg%20xmlns%3D%27http%3A%2F%2Fwww.w3.org%2F2000%2Fsvg%27%20width%3D%271200%27%20height%3D%27800%27%20viewBox%3D%270%200%201200%20800%27%3E%3Crect%20width%3D%271200%27%20height%3D%27800%27%20fill-opacity%3D%220%22%2F%3E%3C%2Fsvg%3E\" data-srcset=\"https:\/\/odysgea.com\/wp-content\/uploads\/2024\/04\/portugal-lisbon-azulejo-tiles-museum-restaurant-200x133.jpg 200w, https:\/\/odysgea.com\/wp-content\/uploads\/2024\/04\/portugal-lisbon-azulejo-tiles-museum-restaurant-400x267.jpg 400w, https:\/\/odysgea.com\/wp-content\/uploads\/2024\/04\/portugal-lisbon-azulejo-tiles-museum-restaurant-600x400.jpg 600w, https:\/\/odysgea.com\/wp-content\/uploads\/2024\/04\/portugal-lisbon-azulejo-tiles-museum-restaurant-800x533.jpg 800w, https:\/\/odysgea.com\/wp-content\/uploads\/2024\/04\/portugal-lisbon-azulejo-tiles-museum-restaurant.jpg 1200w\" data-sizes=\"auto\" data-orig-sizes=\"(min-width: 2200px) 100vw, (min-width: 784px) 450px, (min-width: 712px) 675px, (min-width: 640px) 712px, \" \/><\/a><\/div><\/div><div style=\"padding:5px;\" class=\"fusion-grid-column fusion-gallery-column fusion-gallery-column-3 hover-type-none\"><div class=\"fusion-gallery-image\"><a href=\"https:\/\/odysgea.com\/wp-content\/uploads\/2024\/08\/portugal-alentejo-evora-herdade-do-freixo-alfredo-cultural-tours-1.jpg\" data-title=\"Learning about the many uses of cork in the Alentejo, Portugal\" title=\"Learning about the many uses of cork in the Alentejo, Portugal\" rel=\"noreferrer\" data-rel=\"iLightbox[gallery_image_3]\" class=\"fusion-lightbox\" target=\"_self\"><img decoding=\"async\" src=\"https:\/\/odysgea.com\/wp-content\/uploads\/2024\/08\/portugal-alentejo-evora-herdade-do-freixo-alfredo-cultural-tours-1.jpg\" data-orig-src=\"https:\/\/odysgea.com\/wp-content\/uploads\/2024\/08\/portugal-alentejo-evora-herdade-do-freixo-alfredo-cultural-tours-1.jpg\" width=\"1200\" height=\"800\" alt=\"\" title=\"Learning about the many uses of cork in the Alentejo, Portugal\" aria-label=\"Learning about the many uses of cork in the Alentejo, Portugal\" class=\"lazyload img-responsive wp-image-3178\" style=\"object-position:38% 51%;\" srcset=\"data:image\/svg+xml,%3Csvg%20xmlns%3D%27http%3A%2F%2Fwww.w3.org%2F2000%2Fsvg%27%20width%3D%271200%27%20height%3D%27800%27%20viewBox%3D%270%200%201200%20800%27%3E%3Crect%20width%3D%271200%27%20height%3D%27800%27%20fill-opacity%3D%220%22%2F%3E%3C%2Fsvg%3E\" data-srcset=\"https:\/\/odysgea.com\/wp-content\/uploads\/2024\/08\/portugal-alentejo-evora-herdade-do-freixo-alfredo-cultural-tours-1-200x133.jpg 200w, https:\/\/odysgea.com\/wp-content\/uploads\/2024\/08\/portugal-alentejo-evora-herdade-do-freixo-alfredo-cultural-tours-1-400x267.jpg 400w, https:\/\/odysgea.com\/wp-content\/uploads\/2024\/08\/portugal-alentejo-evora-herdade-do-freixo-alfredo-cultural-tours-1-600x400.jpg 600w, https:\/\/odysgea.com\/wp-content\/uploads\/2024\/08\/portugal-alentejo-evora-herdade-do-freixo-alfredo-cultural-tours-1-800x533.jpg 800w, https:\/\/odysgea.com\/wp-content\/uploads\/2024\/08\/portugal-alentejo-evora-herdade-do-freixo-alfredo-cultural-tours-1.jpg 1200w\" data-sizes=\"auto\" data-orig-sizes=\"(min-width: 2200px) 100vw, (min-width: 784px) 450px, (min-width: 712px) 675px, (min-width: 640px) 712px, \" \/><\/a><\/div><\/div><div style=\"padding:5px;\" class=\"fusion-grid-column fusion-gallery-column fusion-gallery-column-3 hover-type-none\"><div class=\"fusion-gallery-image\"><a href=\"https:\/\/odysgea.com\/wp-content\/uploads\/2024\/04\/spain-galicia-santiago-camino-market-foodie-cultural-walking-tours.jpg\" data-title=\"spain-galicia-santiago-camino-market-foodie-cultural-walking-tours\" title=\"spain-galicia-santiago-camino-market-foodie-cultural-walking-tours\" rel=\"noreferrer\" data-rel=\"iLightbox[gallery_image_3]\" class=\"fusion-lightbox\" target=\"_self\"><img decoding=\"async\" src=\"https:\/\/odysgea.com\/wp-content\/uploads\/2024\/04\/spain-galicia-santiago-camino-market-foodie-cultural-walking-tours.jpg\" data-orig-src=\"https:\/\/odysgea.com\/wp-content\/uploads\/2024\/04\/spain-galicia-santiago-camino-market-foodie-cultural-walking-tours.jpg\" width=\"1200\" height=\"800\" alt=\"\" title=\"spain-galicia-santiago-camino-market-foodie-cultural-walking-tours\" aria-label=\"spain-galicia-santiago-camino-market-foodie-cultural-walking-tours\" class=\"lazyload img-responsive wp-image-2833\" style=\"object-position:67% 40%;\" srcset=\"data:image\/svg+xml,%3Csvg%20xmlns%3D%27http%3A%2F%2Fwww.w3.org%2F2000%2Fsvg%27%20width%3D%271200%27%20height%3D%27800%27%20viewBox%3D%270%200%201200%20800%27%3E%3Crect%20width%3D%271200%27%20height%3D%27800%27%20fill-opacity%3D%220%22%2F%3E%3C%2Fsvg%3E\" data-srcset=\"https:\/\/odysgea.com\/wp-content\/uploads\/2024\/04\/spain-galicia-santiago-camino-market-foodie-cultural-walking-tours-200x133.jpg 200w, https:\/\/odysgea.com\/wp-content\/uploads\/2024\/04\/spain-galicia-santiago-camino-market-foodie-cultural-walking-tours-400x267.jpg 400w, https:\/\/odysgea.com\/wp-content\/uploads\/2024\/04\/spain-galicia-santiago-camino-market-foodie-cultural-walking-tours-600x400.jpg 600w, https:\/\/odysgea.com\/wp-content\/uploads\/2024\/04\/spain-galicia-santiago-camino-market-foodie-cultural-walking-tours-800x533.jpg 800w, https:\/\/odysgea.com\/wp-content\/uploads\/2024\/04\/spain-galicia-santiago-camino-market-foodie-cultural-walking-tours.jpg 1200w\" data-sizes=\"auto\" data-orig-sizes=\"(min-width: 2200px) 100vw, (min-width: 784px) 450px, (min-width: 712px) 675px, (min-width: 640px) 712px, \" \/><\/a><\/div><\/div><div class=\"clearfix\"><\/div><div style=\"padding:5px;\" class=\"fusion-grid-column fusion-gallery-column fusion-gallery-column-3 hover-type-none\"><div class=\"fusion-gallery-image\"><a href=\"https:\/\/odysgea.com\/wp-content\/uploads\/2024\/08\/spain-madrid-center-malasana-bodegas-ardosa-tapas-c-diego.jpg\" data-title=\"Tapas bars in Madrid\" title=\"Tapas bars in Madrid\" rel=\"noreferrer\" data-rel=\"iLightbox[gallery_image_3]\" class=\"fusion-lightbox\" target=\"_self\"><img decoding=\"async\" src=\"https:\/\/odysgea.com\/wp-content\/uploads\/2024\/08\/spain-madrid-center-malasana-bodegas-ardosa-tapas-c-diego.jpg\" data-orig-src=\"https:\/\/odysgea.com\/wp-content\/uploads\/2024\/08\/spain-madrid-center-malasana-bodegas-ardosa-tapas-c-diego.jpg\" width=\"1152\" height=\"768\" alt=\"\" title=\"Tapas bars in Madrid\" aria-label=\"Tapas bars in Madrid\" class=\"lazyload img-responsive wp-image-3180\" style=\"object-position:100% 59%;\" srcset=\"data:image\/svg+xml,%3Csvg%20xmlns%3D%27http%3A%2F%2Fwww.w3.org%2F2000%2Fsvg%27%20width%3D%271152%27%20height%3D%27768%27%20viewBox%3D%270%200%201152%20768%27%3E%3Crect%20width%3D%271152%27%20height%3D%27768%27%20fill-opacity%3D%220%22%2F%3E%3C%2Fsvg%3E\" data-srcset=\"https:\/\/odysgea.com\/wp-content\/uploads\/2024\/08\/spain-madrid-center-malasana-bodegas-ardosa-tapas-c-diego-200x133.jpg 200w, https:\/\/odysgea.com\/wp-content\/uploads\/2024\/08\/spain-madrid-center-malasana-bodegas-ardosa-tapas-c-diego-400x267.jpg 400w, https:\/\/odysgea.com\/wp-content\/uploads\/2024\/08\/spain-madrid-center-malasana-bodegas-ardosa-tapas-c-diego-600x400.jpg 600w, https:\/\/odysgea.com\/wp-content\/uploads\/2024\/08\/spain-madrid-center-malasana-bodegas-ardosa-tapas-c-diego-800x533.jpg 800w, https:\/\/odysgea.com\/wp-content\/uploads\/2024\/08\/spain-madrid-center-malasana-bodegas-ardosa-tapas-c-diego.jpg 1152w\" data-sizes=\"auto\" data-orig-sizes=\"(min-width: 2200px) 100vw, (min-width: 784px) 450px, (min-width: 712px) 675px, (min-width: 640px) 712px, \" \/><\/a><\/div><\/div><div style=\"padding:5px;\" class=\"fusion-grid-column fusion-gallery-column fusion-gallery-column-3 hover-type-none\"><div class=\"fusion-gallery-image\"><a href=\"https:\/\/odysgea.com\/wp-content\/uploads\/2024\/08\/shepherds-tebrandi-asiego-cabrales-asturias-spain-cultural-tours.jpg\" data-title=\"Sharing with the locals in the mountains of Asturias\" title=\"Sharing with the locals in the mountains of Asturias\" rel=\"noreferrer\" data-rel=\"iLightbox[gallery_image_3]\" class=\"fusion-lightbox\" target=\"_self\"><img decoding=\"async\" src=\"https:\/\/odysgea.com\/wp-content\/uploads\/2024\/08\/shepherds-tebrandi-asiego-cabrales-asturias-spain-cultural-tours.jpg\" data-orig-src=\"https:\/\/odysgea.com\/wp-content\/uploads\/2024\/08\/shepherds-tebrandi-asiego-cabrales-asturias-spain-cultural-tours.jpg\" width=\"1200\" height=\"800\" alt=\"\" title=\"Sharing with the locals in the mountains of Asturias\" aria-label=\"Sharing with the locals in the mountains of Asturias\" class=\"lazyload img-responsive wp-image-3181\" srcset=\"data:image\/svg+xml,%3Csvg%20xmlns%3D%27http%3A%2F%2Fwww.w3.org%2F2000%2Fsvg%27%20width%3D%271200%27%20height%3D%27800%27%20viewBox%3D%270%200%201200%20800%27%3E%3Crect%20width%3D%271200%27%20height%3D%27800%27%20fill-opacity%3D%220%22%2F%3E%3C%2Fsvg%3E\" data-srcset=\"https:\/\/odysgea.com\/wp-content\/uploads\/2024\/08\/shepherds-tebrandi-asiego-cabrales-asturias-spain-cultural-tours-200x133.jpg 200w, https:\/\/odysgea.com\/wp-content\/uploads\/2024\/08\/shepherds-tebrandi-asiego-cabrales-asturias-spain-cultural-tours-400x267.jpg 400w, https:\/\/odysgea.com\/wp-content\/uploads\/2024\/08\/shepherds-tebrandi-asiego-cabrales-asturias-spain-cultural-tours-600x400.jpg 600w, https:\/\/odysgea.com\/wp-content\/uploads\/2024\/08\/shepherds-tebrandi-asiego-cabrales-asturias-spain-cultural-tours-800x533.jpg 800w, https:\/\/odysgea.com\/wp-content\/uploads\/2024\/08\/shepherds-tebrandi-asiego-cabrales-asturias-spain-cultural-tours.jpg 1200w\" data-sizes=\"auto\" data-orig-sizes=\"(min-width: 2200px) 100vw, (min-width: 784px) 450px, (min-width: 712px) 675px, (min-width: 640px) 712px, \" \/><\/a><\/div><\/div><div style=\"padding:5px;\" class=\"fusion-grid-column fusion-gallery-column fusion-gallery-column-3 hover-type-none\"><div class=\"fusion-gallery-image\"><a href=\"https:\/\/odysgea.com\/wp-content\/uploads\/2024\/08\/pepin-cider-apples-asturias-spain-cultural-tours.jpg\" data-title=\"Pep\u00edn sharing his local knowledge of Asturias rural life\" title=\"Pep\u00edn sharing his local knowledge of Asturias rural life\" rel=\"noreferrer\" data-rel=\"iLightbox[gallery_image_3]\" class=\"fusion-lightbox\" target=\"_self\"><img decoding=\"async\" src=\"https:\/\/odysgea.com\/wp-content\/uploads\/2024\/08\/pepin-cider-apples-asturias-spain-cultural-tours.jpg\" data-orig-src=\"https:\/\/odysgea.com\/wp-content\/uploads\/2024\/08\/pepin-cider-apples-asturias-spain-cultural-tours.jpg\" width=\"1200\" height=\"799\" alt=\"\" title=\"Pep\u00edn sharing his local knowledge of Asturias rural life\" aria-label=\"Pep\u00edn sharing his local knowledge of Asturias rural life\" class=\"lazyload img-responsive wp-image-3182\" srcset=\"data:image\/svg+xml,%3Csvg%20xmlns%3D%27http%3A%2F%2Fwww.w3.org%2F2000%2Fsvg%27%20width%3D%271200%27%20height%3D%27799%27%20viewBox%3D%270%200%201200%20799%27%3E%3Crect%20width%3D%271200%27%20height%3D%27799%27%20fill-opacity%3D%220%22%2F%3E%3C%2Fsvg%3E\" data-srcset=\"https:\/\/odysgea.com\/wp-content\/uploads\/2024\/08\/pepin-cider-apples-asturias-spain-cultural-tours-200x133.jpg 200w, https:\/\/odysgea.com\/wp-content\/uploads\/2024\/08\/pepin-cider-apples-asturias-spain-cultural-tours-400x266.jpg 400w, https:\/\/odysgea.com\/wp-content\/uploads\/2024\/08\/pepin-cider-apples-asturias-spain-cultural-tours-600x400.jpg 600w, https:\/\/odysgea.com\/wp-content\/uploads\/2024\/08\/pepin-cider-apples-asturias-spain-cultural-tours-800x533.jpg 800w, https:\/\/odysgea.com\/wp-content\/uploads\/2024\/08\/pepin-cider-apples-asturias-spain-cultural-tours.jpg 1200w\" data-sizes=\"auto\" data-orig-sizes=\"(min-width: 2200px) 100vw, (min-width: 784px) 450px, (min-width: 712px) 675px, (min-width: 640px) 712px, \" \/><\/a><\/div><\/div><div class=\"clearfix\"><\/div><\/div><\/div><div class=\"fusion-separator fusion-no-medium-visibility fusion-no-large-visibility fusion-full-width-sep\" style=\"align-self: center;margin-left: auto;margin-right: auto;margin-top:2%;margin-bottom:4%;width:100%;\"><\/div><\/div><\/div><div class=\"fusion-layout-column fusion_builder_column_inner fusion-builder-nested-column-5 fusion_builder_column_inner_3_5 3_5 fusion-flex-column fusion-flex-align-self-center\" style=\"--awb-padding-right:30px;--awb-padding-left:15px;--awb-padding-right-small:0px;--awb-padding-left-small:0px;--awb-bg-size:cover;--awb-width-large:60%;--awb-margin-top-large:0px;--awb-spacing-right-large:3.2%;--awb-margin-bottom-large:0px;--awb-spacing-left-large:3.2%;--awb-width-medium:60%;--awb-order-medium:0;--awb-spacing-right-medium:3.2%;--awb-spacing-left-medium:3.2%;--awb-width-small:100%;--awb-order-small:0;--awb-spacing-right-small:1.92%;--awb-spacing-left-small:1.92%;\" data-scroll-devices=\"small-visibility,medium-visibility,large-visibility\"><div class=\"fusion-column-wrapper fusion-column-has-shadow fusion-flex-justify-content-flex-start fusion-content-layout-row\"><div class=\"fusion-title title fusion-title-7 fusion-no-small-visibility fusion-sep-none fusion-title-text fusion-title-size-three break\" style=\"--awb-margin-top:0px;--awb-margin-bottom:2px;--awb-margin-top-small:30px;\"><h3 class=\"fusion-title-heading title-heading-left\" style=\"margin:0;\">Inmersi\u00f3n ling\u00fc\u00edstica<\/h3><\/div><div class=\"fusion-text fusion-text-9 fusion-no-small-visibility break\" style=\"--awb-font-size:var(--awb-typography5-font-size);--awb-line-height:var(--awb-typography5-line-height);--awb-letter-spacing:var(--awb-typography5-letter-spacing);--awb-text-transform:var(--awb-typography5-text-transform);--awb-text-color:var(--awb-color4);--awb-text-font-family:var(--awb-typography5-font-family);--awb-text-font-weight:var(--awb-typography5-font-weight);--awb-text-font-style:var(--awb-typography5-font-style);\"><p>Pirineos, Asturias, Andaluc\u00eda, Portugal<\/p>\n<\/div><div class=\"fusion-text fusion-text-10 fusion-text-no-margin\" style=\"--awb-content-alignment:left;--awb-margin-bottom:0px;\"><p><span style=\"color: var(--awb-text-color); font-family: var(--awb-text-font-family); font-size: var(--awb-font-size); font-style: var(--awb-text-font-style); font-weight: var(--awb-text-font-weight); letter-spacing: var(--awb-letter-spacing); text-align: var(--awb-content-alignment); text-transform: var(--awb-text-transform); background-color: var(--awb-bg-color);\">\u00bfEs usted estudiante de espa\u00f1ol o portugu\u00e9s? Hay formas creativas y eficaces de practicar y mejorar sus habilidades mientras descubre el paisaje con nuestros gu\u00edas biling\u00fces o participa en actividades con la gente local. <\/span><\/p>\n<\/div><\/div><\/div><\/div><\/div><\/div><\/div><\/div><div class=\"fusion-fullwidth fullwidth-box fusion-builder-row-10 fusion-flex-container has-pattern-background has-mask-background nonhundred-percent-fullwidth non-hundred-percent-height-scrolling\" style=\"--awb-border-radius-top-left:0px;--awb-border-radius-top-right:0px;--awb-border-radius-bottom-right:0px;--awb-border-radius-bottom-left:0px;--awb-margin-top:4%;--awb-margin-bottom:4%;--awb-margin-top-small:8%;--awb-flex-wrap:wrap;\" ><div class=\"fusion-builder-row fusion-row fusion-flex-align-items-flex-start fusion-flex-content-wrap\" style=\"max-width:1414.4px;margin-left: calc(-4% \/ 2 );margin-right: calc(-4% \/ 2 );\"><div class=\"fusion-layout-column fusion_builder_column fusion-builder-column-9 fusion_builder_column_1_1 1_1 fusion-flex-column\" style=\"--awb-bg-size:cover;--awb-width-large:100%;--awb-margin-top-large:0px;--awb-spacing-right-large:1.92%;--awb-margin-bottom-large:20px;--awb-spacing-left-large:1.92%;--awb-width-medium:100%;--awb-order-medium:0;--awb-spacing-right-medium:1.92%;--awb-spacing-left-medium:1.92%;--awb-width-small:100%;--awb-order-small:0;--awb-spacing-right-small:1.92%;--awb-spacing-left-small:1.92%;\"><div class=\"fusion-column-wrapper fusion-column-has-shadow fusion-flex-justify-content-flex-start fusion-content-layout-column\"><div class=\"fusion-section-separator section-separator triangle fusion-section-separator-4\" style=\"--awb-border-top:1px solid var(--awb-color3);--awb-spacer-height:1px;--awb-svg-margin-left:1.92%;--awb-svg-margin-right:1.92%;--awb-svg-margin-left-medium:1.92%;--awb-svg-margin-right-medium:1.92%;--awb-svg-margin-left-small:1.92%;--awb-svg-margin-right-small:1.92%;--awb-icon-color:var(--awb-color1);\"><div class=\"fusion-section-separator-svg\"><div class=\"divider-candy-arrow top\" style=\"bottom:0px;border-bottom-color: var(--awb-color2);\"><\/div><div class=\"divider-candy top\" style=\"top:-21px;border-bottom:1px solid var(--awb-color3);border-left:1px solid var(--awb-color3);\"><\/div><\/div><div class=\"fusion-section-separator-spacer\"><div class=\"fusion-section-separator-spacer-height\"><\/div><\/div><\/div><\/div><\/div><\/div><\/div><div class=\"fusion-fullwidth fullwidth-box fusion-builder-row-11 fusion-flex-container has-pattern-background has-mask-background nonhundred-percent-fullwidth non-hundred-percent-height-scrolling\" style=\"--awb-border-radius-top-left:0px;--awb-border-radius-top-right:0px;--awb-border-radius-bottom-right:0px;--awb-border-radius-bottom-left:0px;--awb-flex-wrap:wrap;\" ><div class=\"fusion-builder-row fusion-row fusion-flex-align-items-flex-start fusion-flex-justify-content-center fusion-flex-content-wrap\" style=\"max-width:1414.4px;margin-left: calc(-4% \/ 2 );margin-right: calc(-4% \/ 2 );\"><div class=\"fusion-layout-column fusion_builder_column fusion-builder-column-10 fusion_builder_column_1_1 1_1 fusion-flex-column\" style=\"--awb-bg-size:cover;--awb-width-large:100%;--awb-margin-top-large:0px;--awb-spacing-right-large:1.92%;--awb-margin-bottom-large:60px;--awb-spacing-left-large:1.92%;--awb-width-medium:100%;--awb-order-medium:0;--awb-spacing-right-medium:1.92%;--awb-spacing-left-medium:1.92%;--awb-width-small:100%;--awb-order-small:0;--awb-spacing-right-small:1.92%;--awb-spacing-left-small:1.92%;\"><div class=\"fusion-column-wrapper fusion-column-has-shadow fusion-flex-justify-content-flex-start fusion-content-layout-column\"><div class=\"fusion-menu-anchor\" id=\"artcrafts\"><\/div><div class=\"fusion-builder-row fusion-builder-row-inner fusion-row fusion-flex-align-items-flex-start fusion-flex-justify-content-center fusion-flex-content-wrap\" style=\"width:104% !important;max-width:104% !important;margin-left: calc(-4% \/ 2 );margin-right: calc(-4% \/ 2 );\"><div class=\"fusion-layout-column fusion_builder_column_inner fusion-builder-nested-column-6 fusion_builder_column_inner_2_5 2_5 fusion-flex-column\" style=\"--awb-bg-size:cover;--awb-transform:translateY(0px);--awb-transform-hover:translateY(5px);--awb-width-large:40%;--awb-margin-top-large:0px;--awb-spacing-right-large:4.8%;--awb-margin-bottom-large:0px;--awb-spacing-left-large:4.8%;--awb-width-medium:40%;--awb-order-medium:0;--awb-spacing-right-medium:4.8%;--awb-spacing-left-medium:4.8%;--awb-width-small:100%;--awb-order-small:0;--awb-spacing-right-small:1.92%;--awb-spacing-left-small:1.92%;\" data-scroll-devices=\"small-visibility,medium-visibility,large-visibility\"><div class=\"fusion-column-wrapper fusion-column-has-shadow fusion-flex-justify-content-flex-start fusion-content-layout-block\"><div class=\"fusion-title title fusion-title-8 fusion-no-medium-visibility fusion-no-large-visibility fusion-sep-none fusion-title-text fusion-title-size-three break\" style=\"--awb-margin-top:0px;--awb-margin-bottom:2px;--awb-margin-top-small:30px;\"><h3 class=\"fusion-title-heading title-heading-left\" style=\"margin:0;\">Vida local<\/h3><\/div><div class=\"fusion-text fusion-text-11 fusion-no-medium-visibility fusion-no-large-visibility break\" style=\"--awb-font-size:var(--awb-typography5-font-size);--awb-line-height:var(--awb-typography5-line-height);--awb-letter-spacing:var(--awb-typography5-letter-spacing);--awb-text-transform:var(--awb-typography5-text-transform);--awb-text-color:var(--awb-color4);--awb-text-font-family:var(--awb-typography5-font-family);--awb-text-font-weight:var(--awb-typography5-font-weight);--awb-text-font-style:var(--awb-typography5-font-style);\"><p>Espa\u00f1a y Portugal<\/p>\n<\/div><div class=\"fusion-image-element in-legacy-container\" style=\"--awb-caption-title-font-family:var(--h2_typography-font-family);--awb-caption-title-font-weight:var(--h2_typography-font-weight);--awb-caption-title-font-style:var(--h2_typography-font-style);--awb-caption-title-size:var(--h2_typography-font-size);--awb-caption-title-transform:var(--h2_typography-text-transform);--awb-caption-title-line-height:var(--h2_typography-line-height);--awb-caption-title-letter-spacing:var(--h2_typography-letter-spacing);\"><span class=\" fusion-imageframe imageframe-none imageframe-5 hover-type-none\" style=\"border-radius:12px;\"><a href=\"https:\/\/odysgea.com\/wp-content\/uploads\/2024\/04\/cultural-tours-spain-cork-harvest-Extraccion-del-corcho-Trujillo-CACERES-EXTREMADURA.jpg\" class=\"fusion-lightbox\" data-rel=\"iLightbox[60d2a43b38674994d70]\" data-title=\"Cork harvest in Extremadura\" title=\"Cork harvest in Extremadura\"><img decoding=\"async\" width=\"1200\" height=\"800\" alt=\"Pirineos\" src=\"https:\/\/odysgea.com\/wp-content\/uploads\/2024\/04\/cultural-tours-spain-cork-harvest-Extraccion-del-corcho-Trujillo-CACERES-EXTREMADURA.jpg\" data-orig-src=\"https:\/\/odysgea.com\/wp-content\/uploads\/2024\/04\/cultural-tours-spain-cork-harvest-Extraccion-del-corcho-Trujillo-CACERES-EXTREMADURA.jpg\" class=\"lazyload img-responsive wp-image-4198\" srcset=\"data:image\/svg+xml,%3Csvg%20xmlns%3D%27http%3A%2F%2Fwww.w3.org%2F2000%2Fsvg%27%20width%3D%271200%27%20height%3D%27800%27%20viewBox%3D%270%200%201200%20800%27%3E%3Crect%20width%3D%271200%27%20height%3D%27800%27%20fill-opacity%3D%220%22%2F%3E%3C%2Fsvg%3E\" data-srcset=\"https:\/\/odysgea.com\/wp-content\/uploads\/2024\/04\/cultural-tours-spain-cork-harvest-Extraccion-del-corcho-Trujillo-CACERES-EXTREMADURA-200x133.jpg 200w, https:\/\/odysgea.com\/wp-content\/uploads\/2024\/04\/cultural-tours-spain-cork-harvest-Extraccion-del-corcho-Trujillo-CACERES-EXTREMADURA-400x267.jpg 400w, https:\/\/odysgea.com\/wp-content\/uploads\/2024\/04\/cultural-tours-spain-cork-harvest-Extraccion-del-corcho-Trujillo-CACERES-EXTREMADURA-600x400.jpg 600w, https:\/\/odysgea.com\/wp-content\/uploads\/2024\/04\/cultural-tours-spain-cork-harvest-Extraccion-del-corcho-Trujillo-CACERES-EXTREMADURA-800x533.jpg 800w, https:\/\/odysgea.com\/wp-content\/uploads\/2024\/04\/cultural-tours-spain-cork-harvest-Extraccion-del-corcho-Trujillo-CACERES-EXTREMADURA.jpg 1200w\" data-sizes=\"auto\" data-orig-sizes=\"(max-width: 800px) 100vw, 600px\" \/><\/a><\/span><\/div><div class=\"fusion-separator fusion-full-width-sep\" style=\"align-self: center;margin-left: auto;margin-right: auto;margin-top:2%;width:100%;\"><\/div><div class=\"awb-gallery-wrapper awb-gallery-wrapper-4 button-span-no\" style=\"--more-btn-alignment:center;\" data-limit=\"10\" data-page=\"1\"><div style=\"margin:-5px;--awb-aspect-ratio:1 \/ 1;--awb-bordersize:0px;--awb-columns-small:33.3333%;\" class=\"fusion-gallery fusion-gallery-container fusion-grid-3 fusion-columns-total-6 fusion-gallery-layout-grid fusion-gallery-4 has-aspect-ratio\"><div style=\"padding:5px;\" class=\"fusion-grid-column fusion-gallery-column fusion-gallery-column-3 hover-type-none\"><div class=\"fusion-gallery-image\"><a href=\"https:\/\/odysgea.com\/wp-content\/uploads\/2024\/08\/iron-monger-Taramundi-Teixois-asturias-cultural-tours.jpg\" data-title=\"Iron monger in Taramundi, Asturias\" title=\"Iron monger in Taramundi, Asturias\" rel=\"noreferrer\" data-rel=\"iLightbox[gallery_image_4]\" class=\"fusion-lightbox\" target=\"_self\"><img decoding=\"async\" src=\"https:\/\/odysgea.com\/wp-content\/uploads\/2024\/08\/iron-monger-Taramundi-Teixois-asturias-cultural-tours.jpg\" data-orig-src=\"https:\/\/odysgea.com\/wp-content\/uploads\/2024\/08\/iron-monger-Taramundi-Teixois-asturias-cultural-tours.jpg\" width=\"1200\" height=\"900\" alt=\"\" title=\"Iron monger in Taramundi, Asturias\" aria-label=\"Iron monger in Taramundi, Asturias\" class=\"lazyload img-responsive wp-image-3175\" style=\"object-position:35% 63%;\" srcset=\"data:image\/svg+xml,%3Csvg%20xmlns%3D%27http%3A%2F%2Fwww.w3.org%2F2000%2Fsvg%27%20width%3D%271200%27%20height%3D%27900%27%20viewBox%3D%270%200%201200%20900%27%3E%3Crect%20width%3D%271200%27%20height%3D%27900%27%20fill-opacity%3D%220%22%2F%3E%3C%2Fsvg%3E\" data-srcset=\"https:\/\/odysgea.com\/wp-content\/uploads\/2024\/08\/iron-monger-Taramundi-Teixois-asturias-cultural-tours-200x150.jpg 200w, https:\/\/odysgea.com\/wp-content\/uploads\/2024\/08\/iron-monger-Taramundi-Teixois-asturias-cultural-tours-400x300.jpg 400w, https:\/\/odysgea.com\/wp-content\/uploads\/2024\/08\/iron-monger-Taramundi-Teixois-asturias-cultural-tours-600x450.jpg 600w, https:\/\/odysgea.com\/wp-content\/uploads\/2024\/08\/iron-monger-Taramundi-Teixois-asturias-cultural-tours-800x600.jpg 800w, https:\/\/odysgea.com\/wp-content\/uploads\/2024\/08\/iron-monger-Taramundi-Teixois-asturias-cultural-tours.jpg 1200w\" data-sizes=\"auto\" data-orig-sizes=\"(min-width: 2200px) 100vw, (min-width: 784px) 450px, (min-width: 712px) 675px, (min-width: 640px) 712px, \" \/><\/a><\/div><\/div><div style=\"padding:5px;\" class=\"fusion-grid-column fusion-gallery-column fusion-gallery-column-3 hover-type-none\"><div class=\"fusion-gallery-image\"><a href=\"https:\/\/odysgea.com\/wp-content\/uploads\/2024\/08\/cider-making-asturias-spain-cultural-tours.jpg\" data-title=\"Apple picking for cider in Asturias\" title=\"Apple picking for cider in Asturias\" rel=\"noreferrer\" data-rel=\"iLightbox[gallery_image_4]\" class=\"fusion-lightbox\" target=\"_self\"><img decoding=\"async\" src=\"https:\/\/odysgea.com\/wp-content\/uploads\/2024\/08\/cider-making-asturias-spain-cultural-tours.jpg\" data-orig-src=\"https:\/\/odysgea.com\/wp-content\/uploads\/2024\/08\/cider-making-asturias-spain-cultural-tours.jpg\" width=\"1200\" height=\"801\" alt=\"\" title=\"Apple picking for cider in Asturias\" aria-label=\"Apple picking for cider in Asturias\" class=\"lazyload img-responsive wp-image-3176\" style=\"object-position:38% 51%;\" srcset=\"data:image\/svg+xml,%3Csvg%20xmlns%3D%27http%3A%2F%2Fwww.w3.org%2F2000%2Fsvg%27%20width%3D%271200%27%20height%3D%27801%27%20viewBox%3D%270%200%201200%20801%27%3E%3Crect%20width%3D%271200%27%20height%3D%27801%27%20fill-opacity%3D%220%22%2F%3E%3C%2Fsvg%3E\" data-srcset=\"https:\/\/odysgea.com\/wp-content\/uploads\/2024\/08\/cider-making-asturias-spain-cultural-tours-200x134.jpg 200w, https:\/\/odysgea.com\/wp-content\/uploads\/2024\/08\/cider-making-asturias-spain-cultural-tours-400x267.jpg 400w, https:\/\/odysgea.com\/wp-content\/uploads\/2024\/08\/cider-making-asturias-spain-cultural-tours-600x401.jpg 600w, https:\/\/odysgea.com\/wp-content\/uploads\/2024\/08\/cider-making-asturias-spain-cultural-tours-800x534.jpg 800w, https:\/\/odysgea.com\/wp-content\/uploads\/2024\/08\/cider-making-asturias-spain-cultural-tours.jpg 1200w\" data-sizes=\"auto\" data-orig-sizes=\"(min-width: 2200px) 100vw, (min-width: 784px) 450px, (min-width: 712px) 675px, (min-width: 640px) 712px, \" \/><\/a><\/div><\/div><div style=\"padding:5px;\" class=\"fusion-grid-column fusion-gallery-column fusion-gallery-column-3 hover-type-none\"><div class=\"fusion-gallery-image\"><a href=\"https:\/\/odysgea.com\/wp-content\/uploads\/2024\/04\/Orfebre-Cordoba-CORDOBA-ANDALUCIA-turespana-cultural-tours-spain.jpg\" data-title=\"Jewelry in Cordoba, Andalucia\" title=\"Jewelry in Cordoba, Andalucia\" rel=\"noreferrer\" data-rel=\"iLightbox[gallery_image_4]\" class=\"fusion-lightbox\" target=\"_self\"><img decoding=\"async\" src=\"https:\/\/odysgea.com\/wp-content\/uploads\/2024\/04\/Orfebre-Cordoba-CORDOBA-ANDALUCIA-turespana-cultural-tours-spain.jpg\" data-orig-src=\"https:\/\/odysgea.com\/wp-content\/uploads\/2024\/04\/Orfebre-Cordoba-CORDOBA-ANDALUCIA-turespana-cultural-tours-spain.jpg\" width=\"1200\" height=\"800\" alt=\"\" title=\"Jewelry in Cordoba, Andalucia\" aria-label=\"Jewelry in Cordoba, Andalucia\" class=\"lazyload img-responsive wp-image-4200\" srcset=\"data:image\/svg+xml,%3Csvg%20xmlns%3D%27http%3A%2F%2Fwww.w3.org%2F2000%2Fsvg%27%20width%3D%271200%27%20height%3D%27800%27%20viewBox%3D%270%200%201200%20800%27%3E%3Crect%20width%3D%271200%27%20height%3D%27800%27%20fill-opacity%3D%220%22%2F%3E%3C%2Fsvg%3E\" data-srcset=\"https:\/\/odysgea.com\/wp-content\/uploads\/2024\/04\/Orfebre-Cordoba-CORDOBA-ANDALUCIA-turespana-cultural-tours-spain-200x133.jpg 200w, https:\/\/odysgea.com\/wp-content\/uploads\/2024\/04\/Orfebre-Cordoba-CORDOBA-ANDALUCIA-turespana-cultural-tours-spain-400x267.jpg 400w, https:\/\/odysgea.com\/wp-content\/uploads\/2024\/04\/Orfebre-Cordoba-CORDOBA-ANDALUCIA-turespana-cultural-tours-spain-600x400.jpg 600w, https:\/\/odysgea.com\/wp-content\/uploads\/2024\/04\/Orfebre-Cordoba-CORDOBA-ANDALUCIA-turespana-cultural-tours-spain-800x533.jpg 800w, https:\/\/odysgea.com\/wp-content\/uploads\/2024\/04\/Orfebre-Cordoba-CORDOBA-ANDALUCIA-turespana-cultural-tours-spain.jpg 1200w\" data-sizes=\"auto\" data-orig-sizes=\"(min-width: 2200px) 100vw, (min-width: 784px) 450px, (min-width: 712px) 675px, (min-width: 640px) 712px, \" \/><\/a><\/div><\/div><div class=\"clearfix\"><\/div><div style=\"padding:5px;\" class=\"fusion-grid-column fusion-gallery-column fusion-gallery-column-3 hover-type-none\"><div class=\"fusion-gallery-image\"><a href=\"https:\/\/odysgea.com\/wp-content\/uploads\/2024\/04\/Puerto-pesquero-de-Peniscola-CASTELLON-COMUNIDAD-VALENCIANA-turespana-cultural-tours.jpg\" data-title=\"Fixing the fishing nets in the Mediterranean\" title=\"Fixing the fishing nets in the Mediterranean\" rel=\"noreferrer\" data-rel=\"iLightbox[gallery_image_4]\" class=\"fusion-lightbox\" target=\"_self\"><img decoding=\"async\" src=\"https:\/\/odysgea.com\/wp-content\/uploads\/2024\/04\/Puerto-pesquero-de-Peniscola-CASTELLON-COMUNIDAD-VALENCIANA-turespana-cultural-tours.jpg\" data-orig-src=\"https:\/\/odysgea.com\/wp-content\/uploads\/2024\/04\/Puerto-pesquero-de-Peniscola-CASTELLON-COMUNIDAD-VALENCIANA-turespana-cultural-tours.jpg\" width=\"1200\" height=\"800\" alt=\"\" title=\"Fixing the fishing nets in the Mediterranean\" aria-label=\"Fixing the fishing nets in the Mediterranean\" class=\"lazyload img-responsive wp-image-4201\" srcset=\"data:image\/svg+xml,%3Csvg%20xmlns%3D%27http%3A%2F%2Fwww.w3.org%2F2000%2Fsvg%27%20width%3D%271200%27%20height%3D%27800%27%20viewBox%3D%270%200%201200%20800%27%3E%3Crect%20width%3D%271200%27%20height%3D%27800%27%20fill-opacity%3D%220%22%2F%3E%3C%2Fsvg%3E\" data-srcset=\"https:\/\/odysgea.com\/wp-content\/uploads\/2024\/04\/Puerto-pesquero-de-Peniscola-CASTELLON-COMUNIDAD-VALENCIANA-turespana-cultural-tours-200x133.jpg 200w, https:\/\/odysgea.com\/wp-content\/uploads\/2024\/04\/Puerto-pesquero-de-Peniscola-CASTELLON-COMUNIDAD-VALENCIANA-turespana-cultural-tours-400x267.jpg 400w, https:\/\/odysgea.com\/wp-content\/uploads\/2024\/04\/Puerto-pesquero-de-Peniscola-CASTELLON-COMUNIDAD-VALENCIANA-turespana-cultural-tours-600x400.jpg 600w, https:\/\/odysgea.com\/wp-content\/uploads\/2024\/04\/Puerto-pesquero-de-Peniscola-CASTELLON-COMUNIDAD-VALENCIANA-turespana-cultural-tours-800x533.jpg 800w, https:\/\/odysgea.com\/wp-content\/uploads\/2024\/04\/Puerto-pesquero-de-Peniscola-CASTELLON-COMUNIDAD-VALENCIANA-turespana-cultural-tours.jpg 1200w\" data-sizes=\"auto\" data-orig-sizes=\"(min-width: 2200px) 100vw, (min-width: 784px) 450px, (min-width: 712px) 675px, (min-width: 640px) 712px, \" \/><\/a><\/div><\/div><div style=\"padding:5px;\" class=\"fusion-grid-column fusion-gallery-column fusion-gallery-column-3 hover-type-none\"><div class=\"fusion-gallery-image\"><a href=\"https:\/\/odysgea.com\/wp-content\/uploads\/2024\/04\/spain-pyrenees-ordesa-nerin-wood-artisan-cultural-tours.jpg\" data-title=\"Wood carving in the villages of the Pyrenees\" title=\"Wood carving in the villages of the Pyrenees\" rel=\"noreferrer\" data-rel=\"iLightbox[gallery_image_4]\" class=\"fusion-lightbox\" target=\"_self\"><img decoding=\"async\" src=\"https:\/\/odysgea.com\/wp-content\/uploads\/2024\/04\/spain-pyrenees-ordesa-nerin-wood-artisan-cultural-tours.jpg\" data-orig-src=\"https:\/\/odysgea.com\/wp-content\/uploads\/2024\/04\/spain-pyrenees-ordesa-nerin-wood-artisan-cultural-tours.jpg\" width=\"1200\" height=\"800\" alt=\"\" title=\"Wood carving in the villages of the Pyrenees\" aria-label=\"Wood carving in the villages of the Pyrenees\" class=\"lazyload img-responsive wp-image-4202\" srcset=\"data:image\/svg+xml,%3Csvg%20xmlns%3D%27http%3A%2F%2Fwww.w3.org%2F2000%2Fsvg%27%20width%3D%271200%27%20height%3D%27800%27%20viewBox%3D%270%200%201200%20800%27%3E%3Crect%20width%3D%271200%27%20height%3D%27800%27%20fill-opacity%3D%220%22%2F%3E%3C%2Fsvg%3E\" data-srcset=\"https:\/\/odysgea.com\/wp-content\/uploads\/2024\/04\/spain-pyrenees-ordesa-nerin-wood-artisan-cultural-tours-200x133.jpg 200w, https:\/\/odysgea.com\/wp-content\/uploads\/2024\/04\/spain-pyrenees-ordesa-nerin-wood-artisan-cultural-tours-400x267.jpg 400w, https:\/\/odysgea.com\/wp-content\/uploads\/2024\/04\/spain-pyrenees-ordesa-nerin-wood-artisan-cultural-tours-600x400.jpg 600w, https:\/\/odysgea.com\/wp-content\/uploads\/2024\/04\/spain-pyrenees-ordesa-nerin-wood-artisan-cultural-tours-800x533.jpg 800w, https:\/\/odysgea.com\/wp-content\/uploads\/2024\/04\/spain-pyrenees-ordesa-nerin-wood-artisan-cultural-tours.jpg 1200w\" data-sizes=\"auto\" data-orig-sizes=\"(min-width: 2200px) 100vw, (min-width: 784px) 450px, (min-width: 712px) 675px, (min-width: 640px) 712px, \" \/><\/a><\/div><\/div><div style=\"padding:5px;\" class=\"fusion-grid-column fusion-gallery-column fusion-gallery-column-3 hover-type-none\"><div class=\"fusion-gallery-image\"><a href=\"https:\/\/odysgea.com\/wp-content\/uploads\/2024\/08\/12-spain-rioja-basque-harvest-3-c-diego-cultural-tours.jpg\" data-title=\"Grape harvest in Rioja Alta\" title=\"Grape harvest in Rioja Alta\" rel=\"noreferrer\" data-rel=\"iLightbox[gallery_image_4]\" class=\"fusion-lightbox\" target=\"_self\"><img decoding=\"async\" src=\"https:\/\/odysgea.com\/wp-content\/uploads\/2024\/08\/12-spain-rioja-basque-harvest-3-c-diego-cultural-tours.jpg\" data-orig-src=\"https:\/\/odysgea.com\/wp-content\/uploads\/2024\/08\/12-spain-rioja-basque-harvest-3-c-diego-cultural-tours.jpg\" width=\"1200\" height=\"800\" alt=\"\" title=\"Grape harvest in Rioja Alta\" aria-label=\"Grape harvest in Rioja Alta\" class=\"lazyload img-responsive wp-image-3177\" srcset=\"data:image\/svg+xml,%3Csvg%20xmlns%3D%27http%3A%2F%2Fwww.w3.org%2F2000%2Fsvg%27%20width%3D%271200%27%20height%3D%27800%27%20viewBox%3D%270%200%201200%20800%27%3E%3Crect%20width%3D%271200%27%20height%3D%27800%27%20fill-opacity%3D%220%22%2F%3E%3C%2Fsvg%3E\" data-srcset=\"https:\/\/odysgea.com\/wp-content\/uploads\/2024\/08\/12-spain-rioja-basque-harvest-3-c-diego-cultural-tours-200x133.jpg 200w, https:\/\/odysgea.com\/wp-content\/uploads\/2024\/08\/12-spain-rioja-basque-harvest-3-c-diego-cultural-tours-400x267.jpg 400w, https:\/\/odysgea.com\/wp-content\/uploads\/2024\/08\/12-spain-rioja-basque-harvest-3-c-diego-cultural-tours-600x400.jpg 600w, https:\/\/odysgea.com\/wp-content\/uploads\/2024\/08\/12-spain-rioja-basque-harvest-3-c-diego-cultural-tours-800x533.jpg 800w, https:\/\/odysgea.com\/wp-content\/uploads\/2024\/08\/12-spain-rioja-basque-harvest-3-c-diego-cultural-tours.jpg 1200w\" data-sizes=\"auto\" data-orig-sizes=\"(min-width: 2200px) 100vw, (min-width: 784px) 450px, (min-width: 712px) 675px, (min-width: 640px) 712px, \" \/><\/a><\/div><\/div><div class=\"clearfix\"><\/div><\/div><\/div><div class=\"fusion-separator fusion-no-medium-visibility fusion-no-large-visibility fusion-full-width-sep\" style=\"align-self: center;margin-left: auto;margin-right: auto;margin-top:2%;margin-bottom:4%;width:100%;\"><\/div><\/div><\/div><div class=\"fusion-layout-column fusion_builder_column_inner fusion-builder-nested-column-7 fusion_builder_column_inner_3_5 3_5 fusion-flex-column fusion-flex-align-self-center\" style=\"--awb-padding-right:30px;--awb-padding-left:15px;--awb-padding-right-small:0px;--awb-padding-left-small:0px;--awb-bg-size:cover;--awb-width-large:60%;--awb-margin-top-large:0px;--awb-spacing-right-large:3.2%;--awb-margin-bottom-large:0px;--awb-spacing-left-large:3.2%;--awb-width-medium:60%;--awb-order-medium:0;--awb-spacing-right-medium:3.2%;--awb-spacing-left-medium:3.2%;--awb-width-small:100%;--awb-order-small:0;--awb-spacing-right-small:1.92%;--awb-spacing-left-small:1.92%;\" data-scroll-devices=\"small-visibility,medium-visibility,large-visibility\"><div class=\"fusion-column-wrapper fusion-column-has-shadow fusion-flex-justify-content-flex-start fusion-content-layout-row\"><div class=\"fusion-title title fusion-title-9 fusion-no-small-visibility fusion-sep-none fusion-title-text fusion-title-size-three break\" style=\"--awb-margin-top:0px;--awb-margin-bottom:2px;--awb-margin-top-small:30px;\"><h3 class=\"fusion-title-heading title-heading-left\" style=\"margin:0;\">Artesan\u00eda y oficios tradicionales<\/h3><\/div><div class=\"fusion-text fusion-text-12 fusion-no-small-visibility break\" style=\"--awb-font-size:var(--awb-typography5-font-size);--awb-line-height:var(--awb-typography5-line-height);--awb-letter-spacing:var(--awb-typography5-letter-spacing);--awb-text-transform:var(--awb-typography5-text-transform);--awb-text-color:var(--awb-color4);--awb-text-font-family:var(--awb-typography5-font-family);--awb-text-font-weight:var(--awb-typography5-font-weight);--awb-text-font-style:var(--awb-typography5-font-style);\"><p>Espa\u00f1a y Portugal<\/p>\n<\/div><div class=\"fusion-text fusion-text-13 fusion-text-no-margin\" style=\"--awb-content-alignment:left;--awb-margin-bottom:0px;\"><p><span style=\"color: var(--awb-text-color); font-family: var(--awb-text-font-family); font-size: var(--awb-font-size); font-style: var(--awb-text-font-style); font-weight: var(--awb-text-font-weight); letter-spacing: var(--awb-letter-spacing); text-align: var(--awb-content-alignment); text-transform: var(--awb-text-transform); background-color: var(--awb-bg-color);\">\u00bfLe interesa explorar un tipo concreto de artesan\u00eda u oficio tradicional? Espa\u00f1a y Portugal cuentan con un rico patrimonio de artes variadas, desde la alfarer\u00eda hasta la pintura de azulejos, desde la talla en madera hasta el bordado. Tambi\u00e9n puede vivir la vendimia y la cosecha del corcho, la agricultura tradicional o la ganader\u00eda.  <\/span><\/p>\n<\/div><\/div><\/div><\/div><\/div><\/div><\/div><\/div><div class=\"fusion-fullwidth fullwidth-box fusion-builder-row-12 fusion-flex-container has-pattern-background has-mask-background nonhundred-percent-fullwidth non-hundred-percent-height-scrolling\" style=\"--awb-border-radius-top-left:0px;--awb-border-radius-top-right:0px;--awb-border-radius-bottom-right:0px;--awb-border-radius-bottom-left:0px;--awb-margin-top:4%;--awb-margin-bottom:4%;--awb-margin-top-small:8%;--awb-flex-wrap:wrap;\" ><div class=\"fusion-builder-row fusion-row fusion-flex-align-items-flex-start fusion-flex-content-wrap\" style=\"max-width:1414.4px;margin-left: calc(-4% \/ 2 );margin-right: calc(-4% \/ 2 );\"><div class=\"fusion-layout-column fusion_builder_column fusion-builder-column-11 fusion_builder_column_1_1 1_1 fusion-flex-column\" style=\"--awb-bg-size:cover;--awb-width-large:100%;--awb-margin-top-large:0px;--awb-spacing-right-large:1.92%;--awb-margin-bottom-large:20px;--awb-spacing-left-large:1.92%;--awb-width-medium:100%;--awb-order-medium:0;--awb-spacing-right-medium:1.92%;--awb-spacing-left-medium:1.92%;--awb-width-small:100%;--awb-order-small:0;--awb-spacing-right-small:1.92%;--awb-spacing-left-small:1.92%;\"><div class=\"fusion-column-wrapper fusion-column-has-shadow fusion-flex-justify-content-flex-start fusion-content-layout-column\"><div class=\"fusion-section-separator section-separator triangle fusion-section-separator-5\" style=\"--awb-border-top:1px solid var(--awb-color3);--awb-spacer-height:1px;--awb-svg-margin-left:1.92%;--awb-svg-margin-right:1.92%;--awb-svg-margin-left-medium:1.92%;--awb-svg-margin-right-medium:1.92%;--awb-svg-margin-left-small:1.92%;--awb-svg-margin-right-small:1.92%;--awb-icon-color:var(--awb-color1);\"><div class=\"fusion-section-separator-svg\"><div class=\"divider-candy-arrow top\" style=\"bottom:0px;border-bottom-color: var(--awb-color2);\"><\/div><div class=\"divider-candy top\" style=\"top:-21px;border-bottom:1px solid var(--awb-color3);border-left:1px solid var(--awb-color3);\"><\/div><\/div><div class=\"fusion-section-separator-spacer\"><div class=\"fusion-section-separator-spacer-height\"><\/div><\/div><\/div><\/div><\/div><\/div><\/div><\/p>\n","protected":false},"excerpt":{"rendered":"","protected":false},"author":1,"featured_media":0,"parent":4051,"menu_order":0,"comment_status":"closed","ping_status":"closed","template":"100-width.php","meta":{"_acf_changed":false,"footnotes":""},"class_list":["post-4196","page","type-page","status-publish","hentry"],"acf":[],"yoast_head":"<!-- This site is optimized with the Yoast SEO plugin v27.4 - https:\/\/yoast.com\/product\/yoast-seo-wordpress\/ -->\n<title>Vida local - ODYSGEA<\/title>\n<meta name=\"robots\" content=\"index, follow, max-snippet:-1, max-image-preview:large, max-video-preview:-1\" \/>\n<link rel=\"canonical\" href=\"https:\/\/odysgea.com\/es\/actividades\/vida-local\/\" \/>\n<meta property=\"og:locale\" content=\"es_ES\" \/>\n<meta property=\"og:type\" content=\"article\" \/>\n<meta property=\"og:title\" content=\"Vida local - ODYSGEA\" \/>\n<meta property=\"og:url\" content=\"https:\/\/odysgea.com\/es\/actividades\/vida-local\/\" \/>\n<meta property=\"og:site_name\" content=\"ODYSGEA\" \/>\n<meta property=\"article:modified_time\" content=\"2026-03-04T18:37:31+00:00\" \/>\n<meta name=\"twitter:card\" content=\"summary_large_image\" \/>\n<meta name=\"twitter:label1\" content=\"Tiempo de lectura\" \/>\n\t<meta name=\"twitter:data1\" content=\"67 minutos\" \/>\n<script type=\"application\/ld+json\" class=\"yoast-schema-graph\">{\"@context\":\"https:\\\/\\\/schema.org\",\"@graph\":[{\"@type\":\"WebPage\",\"@id\":\"https:\\\/\\\/odysgea.com\\\/es\\\/actividades\\\/vida-local\\\/\",\"url\":\"https:\\\/\\\/odysgea.com\\\/es\\\/actividades\\\/vida-local\\\/\",\"name\":\"Vida local - ODYSGEA\",\"isPartOf\":{\"@id\":\"https:\\\/\\\/odysgea.com\\\/es\\\/#website\"},\"datePublished\":\"2024-04-18T14:22:24+00:00\",\"dateModified\":\"2026-03-04T18:37:31+00:00\",\"breadcrumb\":{\"@id\":\"https:\\\/\\\/odysgea.com\\\/es\\\/actividades\\\/vida-local\\\/#breadcrumb\"},\"inLanguage\":\"es\",\"potentialAction\":[{\"@type\":\"ReadAction\",\"target\":[\"https:\\\/\\\/odysgea.com\\\/es\\\/actividades\\\/vida-local\\\/\"]}]},{\"@type\":\"BreadcrumbList\",\"@id\":\"https:\\\/\\\/odysgea.com\\\/es\\\/actividades\\\/vida-local\\\/#breadcrumb\",\"itemListElement\":[{\"@type\":\"ListItem\",\"position\":1,\"name\":\"Portada\",\"item\":\"https:\\\/\\\/odysgea.com\\\/es\\\/\"},{\"@type\":\"ListItem\",\"position\":2,\"name\":\"Actividades\",\"item\":\"https:\\\/\\\/odysgea.com\\\/es\\\/actividades\\\/\"},{\"@type\":\"ListItem\",\"position\":3,\"name\":\"Vida local\"}]},{\"@type\":\"WebSite\",\"@id\":\"https:\\\/\\\/odysgea.com\\\/es\\\/#website\",\"url\":\"https:\\\/\\\/odysgea.com\\\/es\\\/\",\"name\":\"ODYSGEA\",\"description\":\"\",\"potentialAction\":[{\"@type\":\"SearchAction\",\"target\":{\"@type\":\"EntryPoint\",\"urlTemplate\":\"https:\\\/\\\/odysgea.com\\\/es\\\/?s={search_term_string}\"},\"query-input\":{\"@type\":\"PropertyValueSpecification\",\"valueRequired\":true,\"valueName\":\"search_term_string\"}}],\"inLanguage\":\"es\"}]}<\/script>\n<!-- \/ Yoast SEO plugin. -->","yoast_head_json":{"title":"Vida local - ODYSGEA","robots":{"index":"index","follow":"follow","max-snippet":"max-snippet:-1","max-image-preview":"max-image-preview:large","max-video-preview":"max-video-preview:-1"},"canonical":"https:\/\/odysgea.com\/es\/actividades\/vida-local\/","og_locale":"es_ES","og_type":"article","og_title":"Vida local - ODYSGEA","og_url":"https:\/\/odysgea.com\/es\/actividades\/vida-local\/","og_site_name":"ODYSGEA","article_modified_time":"2026-03-04T18:37:31+00:00","twitter_card":"summary_large_image","twitter_misc":{"Tiempo de lectura":"67 minutos"},"schema":{"@context":"https:\/\/schema.org","@graph":[{"@type":"WebPage","@id":"https:\/\/odysgea.com\/es\/actividades\/vida-local\/","url":"https:\/\/odysgea.com\/es\/actividades\/vida-local\/","name":"Vida local - ODYSGEA","isPartOf":{"@id":"https:\/\/odysgea.com\/es\/#website"},"datePublished":"2024-04-18T14:22:24+00:00","dateModified":"2026-03-04T18:37:31+00:00","breadcrumb":{"@id":"https:\/\/odysgea.com\/es\/actividades\/vida-local\/#breadcrumb"},"inLanguage":"es","potentialAction":[{"@type":"ReadAction","target":["https:\/\/odysgea.com\/es\/actividades\/vida-local\/"]}]},{"@type":"BreadcrumbList","@id":"https:\/\/odysgea.com\/es\/actividades\/vida-local\/#breadcrumb","itemListElement":[{"@type":"ListItem","position":1,"name":"Portada","item":"https:\/\/odysgea.com\/es\/"},{"@type":"ListItem","position":2,"name":"Actividades","item":"https:\/\/odysgea.com\/es\/actividades\/"},{"@type":"ListItem","position":3,"name":"Vida local"}]},{"@type":"WebSite","@id":"https:\/\/odysgea.com\/es\/#website","url":"https:\/\/odysgea.com\/es\/","name":"ODYSGEA","description":"","potentialAction":[{"@type":"SearchAction","target":{"@type":"EntryPoint","urlTemplate":"https:\/\/odysgea.com\/es\/?s={search_term_string}"},"query-input":{"@type":"PropertyValueSpecification","valueRequired":true,"valueName":"search_term_string"}}],"inLanguage":"es"}]}},"_links":{"self":[{"href":"https:\/\/odysgea.com\/es\/wp-json\/wp\/v2\/pages\/4196","targetHints":{"allow":["GET"]}}],"collection":[{"href":"https:\/\/odysgea.com\/es\/wp-json\/wp\/v2\/pages"}],"about":[{"href":"https:\/\/odysgea.com\/es\/wp-json\/wp\/v2\/types\/page"}],"author":[{"embeddable":true,"href":"https:\/\/odysgea.com\/es\/wp-json\/wp\/v2\/users\/1"}],"replies":[{"embeddable":true,"href":"https:\/\/odysgea.com\/es\/wp-json\/wp\/v2\/comments?post=4196"}],"version-history":[{"count":2,"href":"https:\/\/odysgea.com\/es\/wp-json\/wp\/v2\/pages\/4196\/revisions"}],"predecessor-version":[{"id":4208,"href":"https:\/\/odysgea.com\/es\/wp-json\/wp\/v2\/pages\/4196\/revisions\/4208"}],"up":[{"embeddable":true,"href":"https:\/\/odysgea.com\/es\/wp-json\/wp\/v2\/pages\/4051"}],"wp:attachment":[{"href":"https:\/\/odysgea.com\/es\/wp-json\/wp\/v2\/media?parent=4196"}],"curies":[{"name":"wp","href":"https:\/\/api.w.org\/{rel}","templated":true}]}}