{"id":4316,"date":"2024-04-18T16:11:31","date_gmt":"2024-04-18T14:11:31","guid":{"rendered":"https:\/\/odysgea.com\/actividades\/tours-de-ciencias-de-la-tierra\/"},"modified":"2026-03-04T19:38:49","modified_gmt":"2026-03-04T18:38:49","slug":"tours-de-ciencias-de-la-tierra","status":"publish","type":"page","link":"https:\/\/odysgea.com\/es\/actividades\/tours-de-ciencias-de-la-tierra\/","title":{"rendered":"Tours de ciencias de la Tierra"},"content":{"rendered":"<p><div class=\"fusion-fullwidth fullwidth-box fusion-builder-row-1 fusion-flex-container has-pattern-background has-mask-background nonhundred-percent-fullwidth non-hundred-percent-height-scrolling fusion-no-small-visibility\" style=\"--awb-border-radius-top-left:0px;--awb-border-radius-top-right:0px;--awb-border-radius-bottom-right:0px;--awb-border-radius-bottom-left:0px;--awb-flex-wrap:wrap;\" ><div class=\"fusion-builder-row fusion-row fusion-flex-align-items-flex-start fusion-flex-content-wrap\" style=\"max-width:1414.4px;margin-left: calc(-4% \/ 2 );margin-right: calc(-4% \/ 2 );\"><div class=\"fusion-layout-column fusion_builder_column fusion-builder-column-0 fusion_builder_column_1_1 1_1 fusion-flex-column\" style=\"--awb-overflow:hidden;--awb-bg-size:cover;--awb-border-radius:12px 12px 12px 12px;--awb-width-large:100%;--awb-margin-top-large:0px;--awb-spacing-right-large:1.92%;--awb-margin-bottom-large:0px;--awb-spacing-left-large:1.92%;--awb-width-medium:100%;--awb-order-medium:0;--awb-spacing-right-medium:1.92%;--awb-spacing-left-medium:1.92%;--awb-width-small:100%;--awb-order-small:0;--awb-spacing-right-small:1.92%;--awb-spacing-left-small:1.92%;\"><div class=\"fusion-column-wrapper fusion-column-has-shadow fusion-flex-justify-content-flex-start fusion-content-layout-column\"><div style=\"--awb-popover-heading-background-color:var(--awb-color1);--awb-popover-content-background-color:var(--awb-color1);--awb-popover-border-color:var(--awb-color1);\" class=\"awb-image-hotspots awb-image-hotspots-1\"><div class=\"awb-image-hotspots-wrapper\"><img decoding=\"async\" src=\"https:\/\/odysgea.com\/wp-content\/uploads\/2024\/10\/spain-catalonia-aiguestortes-sant-maurici-pano.jpg\" data-orig-src=\"https:\/\/odysgea.com\/wp-content\/uploads\/2024\/10\/spain-catalonia-aiguestortes-sant-maurici-pano.jpg\" alt=\"Arriving to a mountain pass in Aiguestortes San Maurici National Park, Catalonia\" width=\"1360\" height=\"500\" title=\"Arriving to a mountain pass in Aiguestortes San Maurici National Park, Catalonia\" class=\"lazyload awb-image-hotspots-image wp-image-3566\" srcset=\"data:image\/svg+xml,%3Csvg%20xmlns%3D%27http%3A%2F%2Fwww.w3.org%2F2000%2Fsvg%27%20width%3D%271360%27%20height%3D%27500%27%20viewBox%3D%270%200%201360%20500%27%3E%3Crect%20width%3D%271360%27%20height%3D%27500%27%20fill-opacity%3D%220%22%2F%3E%3C%2Fsvg%3E\" data-srcset=\"https:\/\/odysgea.com\/wp-content\/uploads\/2024\/10\/spain-catalonia-aiguestortes-sant-maurici-pano-200x74.jpg 200w, https:\/\/odysgea.com\/wp-content\/uploads\/2024\/10\/spain-catalonia-aiguestortes-sant-maurici-pano-300x110.jpg 300w, https:\/\/odysgea.com\/wp-content\/uploads\/2024\/10\/spain-catalonia-aiguestortes-sant-maurici-pano-400x147.jpg 400w, https:\/\/odysgea.com\/wp-content\/uploads\/2024\/10\/spain-catalonia-aiguestortes-sant-maurici-pano-500x184.jpg 500w, https:\/\/odysgea.com\/wp-content\/uploads\/2024\/10\/spain-catalonia-aiguestortes-sant-maurici-pano-600x221.jpg 600w, https:\/\/odysgea.com\/wp-content\/uploads\/2024\/10\/spain-catalonia-aiguestortes-sant-maurici-pano-700x257.jpg 700w, https:\/\/odysgea.com\/wp-content\/uploads\/2024\/10\/spain-catalonia-aiguestortes-sant-maurici-pano-768x282.jpg 768w, https:\/\/odysgea.com\/wp-content\/uploads\/2024\/10\/spain-catalonia-aiguestortes-sant-maurici-pano-800x294.jpg 800w, https:\/\/odysgea.com\/wp-content\/uploads\/2024\/10\/spain-catalonia-aiguestortes-sant-maurici-pano-1024x376.jpg 1024w, https:\/\/odysgea.com\/wp-content\/uploads\/2024\/10\/spain-catalonia-aiguestortes-sant-maurici-pano-1200x441.jpg 1200w, https:\/\/odysgea.com\/wp-content\/uploads\/2024\/10\/spain-catalonia-aiguestortes-sant-maurici-pano.jpg 1360w\" data-sizes=\"auto\" data-orig-sizes=\"(max-width: 1360px) 100vw, 1360px\"\/><a style=\"--awb-padding-top:12px;--awb-padding-right:16px;--awb-padding-bottom:12px;--awb-padding-left:17px;--awb-border-radius-top-left:40px;--awb-border-radius-top-right:40px;--awb-border-radius-bottom-right:40px;--awb-border-radius-bottom-left:40px;--awb-pos-x:41.7%;--awb-pos-y:19.5%;\" class=\"awb-image-hotspots-hotspot awb-image-hotspots-hotspot-1 awb-image-hotspots-hotspot-anim-pulsating\" role=\"button\" tabindex=\"0\" data-awb-toggle-image-hotspot-popover=\"true\" data-content=\"The heart of the Pyrenees is formed by granite rocks eroded by the now almost extinct glaciers.\" data-trigger=\"hover focus\" data-placement=\"auto bottom\"><i class=\"awb-touroperator-info-solid\"><\/i> Geolog\u00eda<\/a><a style=\"--awb-hotspot-text-color:var(--awb-color8);--awb-hotspot-background-color:var(--awb-color1);--awb-padding-top:12px;--awb-padding-right:16px;--awb-padding-bottom:12px;--awb-padding-left:17px;--awb-border-radius-top-left:40px;--awb-border-radius-top-right:40px;--awb-border-radius-bottom-right:40px;--awb-border-radius-bottom-left:40px;--awb-pos-x:63.8%;--awb-pos-y:40.5%;\" class=\"awb-image-hotspots-hotspot awb-image-hotspots-hotspot-2 awb-image-hotspots-hotspot-anim-pulsating\" role=\"button\" tabindex=\"0\" data-awb-toggle-image-hotspot-popover=\"true\" data-content=\"Climate change is visible in the increasing vegetation cover of subalpine screes.\" data-trigger=\"hover focus\" data-placement=\"auto\"><i class=\"awb-touroperator-info-solid\"><\/i> Clima<\/a><a style=\"--awb-hotspot-text-color:var(--awb-color8);--awb-hotspot-background-color:var(--awb-color1);--awb-padding-top:12px;--awb-padding-right:16px;--awb-padding-bottom:12px;--awb-padding-left:17px;--awb-border-radius-top-left:40px;--awb-border-radius-top-right:40px;--awb-border-radius-bottom-right:40px;--awb-border-radius-bottom-left:40px;--awb-pos-x:15.6%;--awb-pos-y:82.5%;\" class=\"awb-image-hotspots-hotspot awb-image-hotspots-hotspot-3 awb-image-hotspots-hotspot-anim-pulsating\" role=\"button\" tabindex=\"0\" data-awb-toggle-image-hotspot-popover=\"true\" data-content=\"The subalpine pastures have been used for cattle grazing for centuries, as well as the mountain passes to communicate villages from north and south.\" data-trigger=\"hover focus\" data-placement=\"auto\"><i class=\"awb-touroperator-info-solid\"><\/i> Uso del suelo<\/a><\/div><\/div><\/div><\/div><\/div><\/div><div class=\"fusion-fullwidth fullwidth-box fusion-builder-row-2 fusion-flex-container has-pattern-background has-mask-background hundred-percent-fullwidth non-hundred-percent-height-scrolling fusion-no-medium-visibility fusion-no-large-visibility\" style=\"--awb-border-radius-top-left:0px;--awb-border-radius-top-right:0px;--awb-border-radius-bottom-right:0px;--awb-border-radius-bottom-left:0px;--awb-padding-right:0px;--awb-padding-left:0px;--awb-flex-wrap:wrap;\" ><div class=\"fusion-builder-row fusion-row fusion-flex-align-items-flex-start fusion-flex-content-wrap\" style=\"width:104% !important;max-width:104% !important;margin-left: calc(-4% \/ 2 );margin-right: calc(-4% \/ 2 );\"><div class=\"fusion-layout-column fusion_builder_column fusion-builder-column-1 fusion_builder_column_1_1 1_1 fusion-flex-column\" style=\"--awb-bg-size:cover;--awb-width-large:100%;--awb-margin-top-large:0px;--awb-spacing-right-large:1.92%;--awb-margin-bottom-large:20px;--awb-spacing-left-large:1.92%;--awb-width-medium:100%;--awb-order-medium:0;--awb-spacing-right-medium:1.92%;--awb-spacing-left-medium:1.92%;--awb-width-small:100%;--awb-order-small:0;--awb-spacing-right-small:1.92%;--awb-spacing-left-small:1.92%;\"><div class=\"fusion-column-wrapper fusion-column-has-shadow fusion-flex-justify-content-flex-start fusion-content-layout-column\"><div class=\"fusion-image-element fusion-no-medium-visibility fusion-no-large-visibility\" style=\"--awb-aspect-ratio:1 \/ 1;--awb-object-position:68% 48%;--awb-caption-title-font-family:var(--h2_typography-font-family);--awb-caption-title-font-weight:var(--h2_typography-font-weight);--awb-caption-title-font-style:var(--h2_typography-font-style);--awb-caption-title-size:var(--h2_typography-font-size);--awb-caption-title-transform:var(--h2_typography-text-transform);--awb-caption-title-line-height:var(--h2_typography-line-height);--awb-caption-title-letter-spacing:var(--h2_typography-letter-spacing);\"><span class=\" fusion-imageframe imageframe-none imageframe-1 hover-type-none has-aspect-ratio\"><img decoding=\"async\" width=\"800\" height=\"294\" title=\"Arriving to a mountain pass in Aiguestortes San Maurici National Park, Catalonia\" src=\"https:\/\/odysgea.com\/wp-content\/uploads\/2024\/10\/spain-catalonia-aiguestortes-sant-maurici-pano.jpg\" data-orig-src=\"https:\/\/odysgea.com\/wp-content\/uploads\/2024\/10\/spain-catalonia-aiguestortes-sant-maurici-pano-800x294.jpg\" class=\"lazyload img-responsive wp-image-3566 img-with-aspect-ratio\" data-parent-fit=\"cover\" data-parent-container=\".fusion-image-element\" alt srcset=\"data:image\/svg+xml,%3Csvg%20xmlns%3D%27http%3A%2F%2Fwww.w3.org%2F2000%2Fsvg%27%20width%3D%271360%27%20height%3D%27500%27%20viewBox%3D%270%200%201360%20500%27%3E%3Crect%20width%3D%271360%27%20height%3D%27500%27%20fill-opacity%3D%220%22%2F%3E%3C%2Fsvg%3E\" data-srcset=\"https:\/\/odysgea.com\/wp-content\/uploads\/2024\/10\/spain-catalonia-aiguestortes-sant-maurici-pano-200x74.jpg 200w, https:\/\/odysgea.com\/wp-content\/uploads\/2024\/10\/spain-catalonia-aiguestortes-sant-maurici-pano-400x147.jpg 400w, https:\/\/odysgea.com\/wp-content\/uploads\/2024\/10\/spain-catalonia-aiguestortes-sant-maurici-pano-600x221.jpg 600w, https:\/\/odysgea.com\/wp-content\/uploads\/2024\/10\/spain-catalonia-aiguestortes-sant-maurici-pano-800x294.jpg 800w, https:\/\/odysgea.com\/wp-content\/uploads\/2024\/10\/spain-catalonia-aiguestortes-sant-maurici-pano-1200x441.jpg 1200w, https:\/\/odysgea.com\/wp-content\/uploads\/2024\/10\/spain-catalonia-aiguestortes-sant-maurici-pano.jpg 1360w\" data-sizes=\"auto\" data-orig-sizes=\"(max-width: 800px) 100vw, 800px\" \/><\/span><\/div><\/div><\/div><\/div><\/div><div class=\"fusion-fullwidth fullwidth-box fusion-builder-row-3 fusion-flex-container has-pattern-background has-mask-background nonhundred-percent-fullwidth non-hundred-percent-height-scrolling\" style=\"--awb-border-radius-top-left:0px;--awb-border-radius-top-right:0px;--awb-border-radius-bottom-right:0px;--awb-border-radius-bottom-left:0px;--awb-flex-wrap:wrap;\" ><div class=\"fusion-builder-row fusion-row fusion-flex-align-items-flex-start fusion-flex-justify-content-center fusion-flex-content-wrap\" style=\"max-width:1414.4px;margin-left: calc(-4% \/ 2 );margin-right: calc(-4% \/ 2 );\"><div class=\"fusion-layout-column fusion_builder_column fusion-builder-column-2 fusion_builder_column_3_4 3_4 fusion-flex-column\" style=\"--awb-bg-size:cover;--awb-width-large:75%;--awb-margin-top-large:0px;--awb-spacing-right-large:2.56%;--awb-margin-bottom-large:0px;--awb-spacing-left-large:2.56%;--awb-width-medium:75%;--awb-order-medium:0;--awb-spacing-right-medium:2.56%;--awb-spacing-left-medium:2.56%;--awb-width-small:100%;--awb-order-small:0;--awb-spacing-right-small:1.92%;--awb-spacing-left-small:1.92%;\"><div class=\"fusion-column-wrapper fusion-column-has-shadow fusion-flex-justify-content-flex-start fusion-content-layout-column\"><div class=\"fusion-title title fusion-title-1 fusion-sep-none fusion-title-center fusion-title-text fusion-title-size-two\" style=\"--awb-margin-top:70px;--awb-margin-bottom:25px;--awb-margin-top-small:30px;--awb-margin-bottom-small:60px;\"><h2 class=\"fusion-title-heading title-heading-center\" style=\"margin:0;\">Tours de ciencias de la Tierra<\/h2><\/div><div style=\"text-align:center;\"><a class=\"fusion-button button-flat fusion-button-default-size button-custom fusion-button-default button-1 fusion-button-default-span fusion-button-default-type\" style=\"--button_accent_color:hsla(calc(var(--awb-color4-h) + 46),var(--awb-color4-s),calc(var(--awb-color4-l) - 18%),var(--awb-color4-a));--button_border_color:var(--awb-color4);--button_accent_hover_color:hsla(calc(var(--awb-color4-h) + 46),var(--awb-color4-s),calc(var(--awb-color4-l) - 18%),var(--awb-color4-a));--button_border_hover_color:var(--awb-color4);--button_gradient_top_color:hsla(calc(var(--awb-color4-h) + 46),var(--awb-color4-s),calc(var(--awb-color4-l) - 18%),calc(var(--awb-color4-a) - 85%));--button_gradient_bottom_color:hsla(calc(var(--awb-color4-h) + 46),var(--awb-color4-s),calc(var(--awb-color4-l) - 18%),calc(var(--awb-color4-a) - 85%));--button_gradient_top_color_hover:hsla(calc(var(--awb-color4-h) + 46),var(--awb-color4-s),calc(var(--awb-color4-l) - 18%),calc(var(--awb-color4-a) - 85%));--button_gradient_bottom_color_hover:hsla(calc(var(--awb-color4-h) + 46),var(--awb-color4-s),calc(var(--awb-color4-l) - 18%),calc(var(--awb-color4-a) - 85%));--button_text_transform:var(--awb-typography5-text-transform);--button_font_size:var(--awb-typography5-font-size);--button_line_height:var(--awb-typography5-line-height);--button_padding-top:8px;--button_padding-right:20px;--button_padding-bottom:8px;--button_padding-left:20px;--button_typography-letter-spacing:var(--awb-typography5-letter-spacing);--button_typography-font-family:var(--awb-typography5-font-family);--button_typography-font-weight:var(--awb-typography5-font-weight);--button_typography-font-style:var(--awb-typography5-font-style);\" target=\"_self\"><span class=\"fusion-button-text awb-button__text awb-button__text--default\">Tours de Geograf\u00eda y Geolog\u00eda<\/span><\/a><\/div><div class=\"fusion-text fusion-text-1 fusion-text-no-margin\" style=\"--awb-content-alignment:center;--awb-font-size:20px;--awb-text-color:var(--awb-color8);--awb-margin-top:60px;--awb-margin-bottom:80px;\"><p><span style=\"font-weight: 400;\">Tours tem\u00e1ticos centrados en los paisajes y su evoluci\u00f3n, mostrando la variedad, evoluci\u00f3n y presente de los paisajes ib\u00e9ricos a medida que descubrimos la interacci\u00f3n entre sus historias naturales y culturales. Tambi\u00e9n podemos organizar tours geol\u00f3gicos m\u00e1s espec\u00edficos que incluyan monta\u00f1as, valles y costas.<\/span><\/p>\n<p><span style=\"font-weight: 400;\">Nuestra formaci\u00f3n en Geograf\u00eda est\u00e1 presente en el dise\u00f1o de todos nuestros tours, pero nos encanta organizar tours tem\u00e1ticos centrados en los paisajes y su evoluci\u00f3n: tours geogr\u00e1ficos completos que explican la variedad, evoluci\u00f3n y presente de los paisajes ib\u00e9ricos a medida que descubrimos la interacci\u00f3n entre sus historias naturales y culturales. Tambi\u00e9n podemos organizar tours geol\u00f3gicos m\u00e1s espec\u00edficos o tours tem\u00e1ticos centrados en un aspecto de la geograf\u00eda ib\u00e9rica.<\/span><\/p>\n<\/div><\/div><\/div><\/div><\/div><div class=\"fusion-fullwidth fullwidth-box fusion-builder-row-4 fusion-flex-container has-pattern-background has-mask-background nonhundred-percent-fullwidth non-hundred-percent-height-scrolling\" style=\"--awb-border-radius-top-left:0px;--awb-border-radius-top-right:0px;--awb-border-radius-bottom-right:0px;--awb-border-radius-bottom-left:0px;--awb-flex-wrap:wrap;\" ><div class=\"fusion-builder-row fusion-row fusion-flex-align-items-flex-start fusion-flex-justify-content-center fusion-flex-content-wrap\" style=\"max-width:1414.4px;margin-left: calc(-4% \/ 2 );margin-right: calc(-4% \/ 2 );\"><div class=\"fusion-layout-column fusion_builder_column fusion-builder-column-3 fusion_builder_column_1_4 1_4 fusion-flex-column fusion-column-inner-bg-wrapper\" style=\"--awb-inner-bg-size:cover;--awb-width-large:25%;--awb-margin-top-large:0px;--awb-spacing-right-large:7.68%;--awb-margin-bottom-large:20px;--awb-spacing-left-large:7.68%;--awb-width-medium:25%;--awb-order-medium:0;--awb-spacing-right-medium:7.68%;--awb-spacing-left-medium:7.68%;--awb-width-small:50%;--awb-order-small:0;--awb-spacing-right-small:3.84%;--awb-spacing-left-small:3.84%;\" data-scroll-devices=\"small-visibility,medium-visibility,large-visibility\"><span class=\"fusion-column-inner-bg hover-type-zoomin\"><a class=\"fusion-column-anchor\" href=\"https:\/\/odysgea.com\/es\/actividades\/tours-de-ciencias-de-la-tierra\/#geographical\"><span class=\"fusion-column-inner-bg-image\"><\/span><\/a><\/span><div class=\"fusion-column-wrapper fusion-column-has-shadow fusion-flex-justify-content-flex-start fusion-content-layout-column\"><div class=\"fusion-image-element \" style=\"--awb-caption-title-font-family:var(--h2_typography-font-family);--awb-caption-title-font-weight:var(--h2_typography-font-weight);--awb-caption-title-font-style:var(--h2_typography-font-style);--awb-caption-title-size:var(--h2_typography-font-size);--awb-caption-title-transform:var(--h2_typography-text-transform);--awb-caption-title-line-height:var(--h2_typography-line-height);--awb-caption-title-letter-spacing:var(--h2_typography-letter-spacing);\"><span class=\" fusion-imageframe imageframe-none imageframe-2 hover-type-zoomin\" style=\"border-radius:12px;\"><img decoding=\"async\" width=\"300\" height=\"200\" title=\"The Aragon river on its way south from the Pyrenees\" src=\"https:\/\/odysgea.com\/wp-content\/uploads\/2024\/04\/spain-navarre-gallipienzo-aragon-river.jpg\" data-orig-src=\"https:\/\/odysgea.com\/wp-content\/uploads\/2024\/04\/spain-navarre-gallipienzo-aragon-river-300x200.jpg\" alt class=\"lazyload img-responsive wp-image-4131\" srcset=\"data:image\/svg+xml,%3Csvg%20xmlns%3D%27http%3A%2F%2Fwww.w3.org%2F2000%2Fsvg%27%20width%3D%271200%27%20height%3D%27800%27%20viewBox%3D%270%200%201200%20800%27%3E%3Crect%20width%3D%271200%27%20height%3D%27800%27%20fill-opacity%3D%220%22%2F%3E%3C%2Fsvg%3E\" data-srcset=\"https:\/\/odysgea.com\/wp-content\/uploads\/2024\/04\/spain-navarre-gallipienzo-aragon-river-200x133.jpg 200w, https:\/\/odysgea.com\/wp-content\/uploads\/2024\/04\/spain-navarre-gallipienzo-aragon-river-400x267.jpg 400w, https:\/\/odysgea.com\/wp-content\/uploads\/2024\/04\/spain-navarre-gallipienzo-aragon-river-600x400.jpg 600w, https:\/\/odysgea.com\/wp-content\/uploads\/2024\/04\/spain-navarre-gallipienzo-aragon-river-800x533.jpg 800w, https:\/\/odysgea.com\/wp-content\/uploads\/2024\/04\/spain-navarre-gallipienzo-aragon-river.jpg 1200w\" data-sizes=\"auto\" data-orig-sizes=\"(max-width: 800px) 100vw, 400px\" \/><\/span><\/div><div class=\"fusion-text fusion-text-2\" style=\"--awb-content-alignment:center;--awb-margin-top:3%;\"><p>Tours geogr\u00e1ficos<\/p>\n<\/div><\/div><\/div><div class=\"fusion-layout-column fusion_builder_column fusion-builder-column-4 fusion_builder_column_1_4 1_4 fusion-flex-column fusion-column-inner-bg-wrapper\" style=\"--awb-inner-bg-size:cover;--awb-width-large:25%;--awb-margin-top-large:0px;--awb-spacing-right-large:7.68%;--awb-margin-bottom-large:20px;--awb-spacing-left-large:7.68%;--awb-width-medium:25%;--awb-order-medium:0;--awb-spacing-right-medium:7.68%;--awb-spacing-left-medium:7.68%;--awb-width-small:50%;--awb-order-small:0;--awb-spacing-right-small:3.84%;--awb-spacing-left-small:3.84%;\" data-scroll-devices=\"small-visibility,medium-visibility,large-visibility\"><span class=\"fusion-column-inner-bg hover-type-zoomin\"><a class=\"fusion-column-anchor\" href=\"https:\/\/odysgea.com\/es\/actividades\/tours-de-ciencias-de-la-tierra\/#geological\"><span class=\"fusion-column-inner-bg-image\"><\/span><\/a><\/span><div class=\"fusion-column-wrapper fusion-column-has-shadow fusion-flex-justify-content-flex-start fusion-content-layout-column\"><div class=\"fusion-image-element \" style=\"--awb-caption-title-font-family:var(--h2_typography-font-family);--awb-caption-title-font-weight:var(--h2_typography-font-weight);--awb-caption-title-font-style:var(--h2_typography-font-style);--awb-caption-title-size:var(--h2_typography-font-size);--awb-caption-title-transform:var(--h2_typography-text-transform);--awb-caption-title-line-height:var(--h2_typography-line-height);--awb-caption-title-letter-spacing:var(--h2_typography-letter-spacing);\"><span class=\" fusion-imageframe imageframe-none imageframe-3 hover-type-zoomin\" style=\"border-radius:12px;\"><img decoding=\"async\" width=\"300\" height=\"199\" title=\"Desert erosion at the Bardenas Reales of the Ebro Valley, Navarre\" src=\"https:\/\/odysgea.com\/wp-content\/uploads\/2024\/04\/SP18921.jpg\" data-orig-src=\"https:\/\/odysgea.com\/wp-content\/uploads\/2024\/04\/SP18921-300x199.jpg\" alt class=\"lazyload img-responsive wp-image-4319\" srcset=\"data:image\/svg+xml,%3Csvg%20xmlns%3D%27http%3A%2F%2Fwww.w3.org%2F2000%2Fsvg%27%20width%3D%271200%27%20height%3D%27795%27%20viewBox%3D%270%200%201200%20795%27%3E%3Crect%20width%3D%271200%27%20height%3D%27795%27%20fill-opacity%3D%220%22%2F%3E%3C%2Fsvg%3E\" data-srcset=\"https:\/\/odysgea.com\/wp-content\/uploads\/2024\/04\/SP18921-200x133.jpg 200w, https:\/\/odysgea.com\/wp-content\/uploads\/2024\/04\/SP18921-400x265.jpg 400w, https:\/\/odysgea.com\/wp-content\/uploads\/2024\/04\/SP18921-600x398.jpg 600w, https:\/\/odysgea.com\/wp-content\/uploads\/2024\/04\/SP18921-800x530.jpg 800w, https:\/\/odysgea.com\/wp-content\/uploads\/2024\/04\/SP18921.jpg 1200w\" data-sizes=\"auto\" data-orig-sizes=\"(max-width: 800px) 100vw, 400px\" \/><\/span><\/div><div class=\"fusion-text fusion-text-3\" style=\"--awb-content-alignment:center;--awb-margin-top:3%;\"><p>Tours geol\u00f3gicos<\/p>\n<\/div><\/div><\/div><\/div><\/div><div class=\"fusion-fullwidth fullwidth-box fusion-builder-row-5 fusion-flex-container has-pattern-background has-mask-background nonhundred-percent-fullwidth non-hundred-percent-height-scrolling\" style=\"--awb-border-radius-top-left:0px;--awb-border-radius-top-right:0px;--awb-border-radius-bottom-right:0px;--awb-border-radius-bottom-left:0px;--awb-margin-top:4%;--awb-margin-bottom:4%;--awb-margin-top-small:8%;--awb-flex-wrap:wrap;\" ><div class=\"fusion-builder-row fusion-row fusion-flex-align-items-flex-start fusion-flex-content-wrap\" style=\"max-width:1414.4px;margin-left: calc(-4% \/ 2 );margin-right: calc(-4% \/ 2 );\"><div class=\"fusion-layout-column fusion_builder_column fusion-builder-column-5 fusion_builder_column_1_1 1_1 fusion-flex-column\" style=\"--awb-bg-size:cover;--awb-width-large:100%;--awb-margin-top-large:0px;--awb-spacing-right-large:1.92%;--awb-margin-bottom-large:20px;--awb-spacing-left-large:1.92%;--awb-width-medium:100%;--awb-order-medium:0;--awb-spacing-right-medium:1.92%;--awb-spacing-left-medium:1.92%;--awb-width-small:100%;--awb-order-small:0;--awb-spacing-right-small:1.92%;--awb-spacing-left-small:1.92%;\"><div class=\"fusion-column-wrapper fusion-column-has-shadow fusion-flex-justify-content-flex-start fusion-content-layout-column\"><div class=\"fusion-section-separator section-separator triangle fusion-section-separator-1\" style=\"--awb-border-top:1px solid var(--awb-color3);--awb-spacer-height:1px;--awb-svg-margin-left:1.92%;--awb-svg-margin-right:1.92%;--awb-svg-margin-left-medium:1.92%;--awb-svg-margin-right-medium:1.92%;--awb-svg-margin-left-small:1.92%;--awb-svg-margin-right-small:1.92%;--awb-icon-color:var(--awb-color1);\"><div class=\"fusion-section-separator-svg\"><div class=\"divider-candy-arrow top\" style=\"bottom:0px;border-bottom-color: var(--awb-color2);\"><\/div><div class=\"divider-candy top\" style=\"top:-21px;border-bottom:1px solid var(--awb-color3);border-left:1px solid var(--awb-color3);\"><\/div><\/div><div class=\"fusion-section-separator-spacer\"><div class=\"fusion-section-separator-spacer-height\"><\/div><\/div><\/div><\/div><\/div><\/div><\/div><div class=\"fusion-fullwidth fullwidth-box fusion-builder-row-6 fusion-flex-container has-pattern-background has-mask-background nonhundred-percent-fullwidth non-hundred-percent-height-scrolling\" style=\"--awb-border-radius-top-left:0px;--awb-border-radius-top-right:0px;--awb-border-radius-bottom-right:0px;--awb-border-radius-bottom-left:0px;--awb-flex-wrap:wrap;\" ><div class=\"fusion-builder-row fusion-row fusion-flex-align-items-flex-start fusion-flex-justify-content-center fusion-flex-content-wrap\" style=\"max-width:1414.4px;margin-left: calc(-4% \/ 2 );margin-right: calc(-4% \/ 2 );\"><div class=\"fusion-layout-column fusion_builder_column fusion-builder-column-6 fusion_builder_column_1_1 1_1 fusion-flex-column\" style=\"--awb-bg-size:cover;--awb-width-large:100%;--awb-margin-top-large:0px;--awb-spacing-right-large:1.92%;--awb-margin-bottom-large:60px;--awb-spacing-left-large:1.92%;--awb-width-medium:100%;--awb-order-medium:0;--awb-spacing-right-medium:1.92%;--awb-spacing-left-medium:1.92%;--awb-width-small:100%;--awb-order-small:0;--awb-spacing-right-small:1.92%;--awb-spacing-left-small:1.92%;\"><div class=\"fusion-column-wrapper fusion-column-has-shadow fusion-flex-justify-content-flex-start fusion-content-layout-column\"><div class=\"fusion-menu-anchor\" id=\"geographical\"><\/div><div class=\"fusion-builder-row fusion-builder-row-inner fusion-row fusion-flex-align-items-flex-start fusion-flex-justify-content-center fusion-flex-content-wrap\" style=\"width:104% !important;max-width:104% !important;margin-left: calc(-4% \/ 2 );margin-right: calc(-4% \/ 2 );\"><div class=\"fusion-layout-column fusion_builder_column_inner fusion-builder-nested-column-0 fusion_builder_column_inner_2_5 2_5 fusion-flex-column\" style=\"--awb-bg-size:cover;--awb-transform:translateY(0px);--awb-transform-hover:translateY(5px);--awb-width-large:40%;--awb-margin-top-large:0px;--awb-spacing-right-large:4.8%;--awb-margin-bottom-large:0px;--awb-spacing-left-large:4.8%;--awb-width-medium:40%;--awb-order-medium:0;--awb-spacing-right-medium:4.8%;--awb-spacing-left-medium:4.8%;--awb-width-small:100%;--awb-order-small:0;--awb-spacing-right-small:1.92%;--awb-spacing-left-small:1.92%;\" data-scroll-devices=\"small-visibility,medium-visibility,large-visibility\"><div class=\"fusion-column-wrapper fusion-column-has-shadow fusion-flex-justify-content-flex-start fusion-content-layout-block\"><div class=\"fusion-title title fusion-title-2 fusion-no-medium-visibility fusion-no-large-visibility fusion-sep-none fusion-title-text fusion-title-size-three break\" style=\"--awb-margin-top:0px;--awb-margin-bottom:2px;--awb-margin-top-small:30px;\"><h3 class=\"fusion-title-heading title-heading-left\" style=\"margin:0;\"><span style=\"font-weight: 400;\">Tours geogr\u00e1ficos<\/span><\/h3><\/div><div class=\"fusion-text fusion-text-4 fusion-no-medium-visibility fusion-no-large-visibility break\" style=\"--awb-font-size:var(--awb-typography5-font-size);--awb-line-height:var(--awb-typography5-line-height);--awb-letter-spacing:var(--awb-typography5-letter-spacing);--awb-text-transform:var(--awb-typography5-text-transform);--awb-text-color:var(--awb-color4);--awb-text-font-family:var(--awb-typography5-font-family);--awb-text-font-weight:var(--awb-typography5-font-weight);--awb-text-font-style:var(--awb-typography5-font-style);\"><p>Pirineos, Arag\u00f3n, Picos de Europa, Pa\u00eds Vasco, Andaluc\u00eda, Catalu\u00f1a<\/p>\n<\/div><div class=\"fusion-image-element in-legacy-container\" style=\"--awb-caption-title-font-family:var(--h2_typography-font-family);--awb-caption-title-font-weight:var(--h2_typography-font-weight);--awb-caption-title-font-style:var(--h2_typography-font-style);--awb-caption-title-size:var(--h2_typography-font-size);--awb-caption-title-transform:var(--h2_typography-text-transform);--awb-caption-title-line-height:var(--h2_typography-line-height);--awb-caption-title-letter-spacing:var(--h2_typography-letter-spacing);\"><span class=\" fusion-imageframe imageframe-none imageframe-4 hover-type-none\" style=\"border-radius:12px;\"><a href=\"https:\/\/odysgea.com\/wp-content\/uploads\/2024\/04\/SPAIN-1-1024x683.jpg\" class=\"fusion-lightbox\" data-rel=\"iLightbox[df67ec5f91b910351ab]\" data-title=\"Driving the sheep to the high pastures of the Picos de Europa for the summer\" title=\"Driving the sheep to the high pastures of the Picos de Europa for the summer\"><img decoding=\"async\" width=\"1024\" height=\"683\" alt=\"Pirineos\" src=\"https:\/\/odysgea.com\/wp-content\/uploads\/2024\/04\/SPAIN-1.jpg\" data-orig-src=\"https:\/\/odysgea.com\/wp-content\/uploads\/2024\/04\/SPAIN-1-1024x683.jpg\" class=\"lazyload img-responsive wp-image-4266\" srcset=\"data:image\/svg+xml,%3Csvg%20xmlns%3D%27http%3A%2F%2Fwww.w3.org%2F2000%2Fsvg%27%20width%3D%271152%27%20height%3D%27768%27%20viewBox%3D%270%200%201152%20768%27%3E%3Crect%20width%3D%271152%27%20height%3D%27768%27%20fill-opacity%3D%220%22%2F%3E%3C%2Fsvg%3E\" data-srcset=\"https:\/\/odysgea.com\/wp-content\/uploads\/2024\/04\/SPAIN-1-200x133.jpg 200w, https:\/\/odysgea.com\/wp-content\/uploads\/2024\/04\/SPAIN-1-400x267.jpg 400w, https:\/\/odysgea.com\/wp-content\/uploads\/2024\/04\/SPAIN-1-600x400.jpg 600w, https:\/\/odysgea.com\/wp-content\/uploads\/2024\/04\/SPAIN-1-800x533.jpg 800w, https:\/\/odysgea.com\/wp-content\/uploads\/2024\/04\/SPAIN-1.jpg 1152w\" data-sizes=\"auto\" data-orig-sizes=\"(max-width: 800px) 100vw, 600px\" \/><\/a><\/span><\/div><div class=\"fusion-separator fusion-full-width-sep\" style=\"align-self: center;margin-left: auto;margin-right: auto;margin-top:2%;width:100%;\"><\/div><div class=\"awb-gallery-wrapper awb-gallery-wrapper-1 button-span-no\" style=\"--more-btn-alignment:center;\" data-limit=\"10\" data-page=\"1\"><div style=\"margin:-5px;--awb-aspect-ratio:1 \/ 1;--awb-bordersize:0px;--awb-columns-small:33.3333%;\" class=\"fusion-gallery fusion-gallery-container fusion-grid-3 fusion-columns-total-6 fusion-gallery-layout-grid fusion-gallery-1 has-aspect-ratio\"><div style=\"padding:5px;\" class=\"fusion-grid-column fusion-gallery-column fusion-gallery-column-3 hover-type-none\"><div class=\"fusion-gallery-image\"><a href=\"https:\/\/odysgea.com\/wp-content\/uploads\/2024\/04\/spain-landscapes-geographic-tours-Delta-Ebro-Flamingos.jpg\" data-title=\"spain-landscapes-geographic-tours-Delta-Ebro-Flamingos\" title=\"spain-landscapes-geographic-tours-Delta-Ebro-Flamingos\" rel=\"noreferrer\" data-rel=\"iLightbox[gallery_image_1]\" class=\"fusion-lightbox\" target=\"_self\"><img decoding=\"async\" src=\"https:\/\/odysgea.com\/wp-content\/uploads\/2024\/04\/spain-landscapes-geographic-tours-Delta-Ebro-Flamingos.jpg\" data-orig-src=\"https:\/\/odysgea.com\/wp-content\/uploads\/2024\/04\/spain-landscapes-geographic-tours-Delta-Ebro-Flamingos.jpg\" width=\"1200\" height=\"774\" alt=\"\" title=\"spain-landscapes-geographic-tours-Delta-Ebro-Flamingos\" aria-label=\"spain-landscapes-geographic-tours-Delta-Ebro-Flamingos\" class=\"lazyload img-responsive wp-image-4318\" style=\"object-position:37% 50%;\" srcset=\"data:image\/svg+xml,%3Csvg%20xmlns%3D%27http%3A%2F%2Fwww.w3.org%2F2000%2Fsvg%27%20width%3D%271200%27%20height%3D%27774%27%20viewBox%3D%270%200%201200%20774%27%3E%3Crect%20width%3D%271200%27%20height%3D%27774%27%20fill-opacity%3D%220%22%2F%3E%3C%2Fsvg%3E\" data-srcset=\"https:\/\/odysgea.com\/wp-content\/uploads\/2024\/04\/spain-landscapes-geographic-tours-Delta-Ebro-Flamingos-200x129.jpg 200w, https:\/\/odysgea.com\/wp-content\/uploads\/2024\/04\/spain-landscapes-geographic-tours-Delta-Ebro-Flamingos-400x258.jpg 400w, https:\/\/odysgea.com\/wp-content\/uploads\/2024\/04\/spain-landscapes-geographic-tours-Delta-Ebro-Flamingos-600x387.jpg 600w, https:\/\/odysgea.com\/wp-content\/uploads\/2024\/04\/spain-landscapes-geographic-tours-Delta-Ebro-Flamingos-800x516.jpg 800w, https:\/\/odysgea.com\/wp-content\/uploads\/2024\/04\/spain-landscapes-geographic-tours-Delta-Ebro-Flamingos.jpg 1200w\" data-sizes=\"auto\" data-orig-sizes=\"(min-width: 2200px) 100vw, (min-width: 784px) 450px, (min-width: 712px) 675px, (min-width: 640px) 712px, \" \/><\/a><\/div><\/div><div style=\"padding:5px;\" class=\"fusion-grid-column fusion-gallery-column fusion-gallery-column-3 hover-type-none\"><div class=\"fusion-gallery-image\"><a href=\"https:\/\/odysgea.com\/wp-content\/uploads\/2024\/04\/spain-picos-de-europa-centenary-group-covadonga-shepherd-humartini-gamoneu-cheese.jpg\" data-title=\"spain-picos-de-europa-centenary-group-covadonga-shepherd-humartini-gamoneu-cheese\" title=\"spain-picos-de-europa-centenary-group-covadonga-shepherd-humartini-gamoneu-cheese\" data-caption=\"Gamoneu cheese maker in Picos de Europa\" rel=\"noreferrer\" data-rel=\"iLightbox[gallery_image_1]\" class=\"fusion-lightbox\" target=\"_self\"><img decoding=\"async\" src=\"https:\/\/odysgea.com\/wp-content\/uploads\/2024\/04\/spain-picos-de-europa-centenary-group-covadonga-shepherd-humartini-gamoneu-cheese.jpg\" data-orig-src=\"https:\/\/odysgea.com\/wp-content\/uploads\/2024\/04\/spain-picos-de-europa-centenary-group-covadonga-shepherd-humartini-gamoneu-cheese.jpg\" width=\"1152\" height=\"768\" alt=\"\" title=\"spain-picos-de-europa-centenary-group-covadonga-shepherd-humartini-gamoneu-cheese\" aria-label=\"spain-picos-de-europa-centenary-group-covadonga-shepherd-humartini-gamoneu-cheese\" class=\"lazyload img-responsive wp-image-4274\" style=\"object-position:56% 54%;\" srcset=\"data:image\/svg+xml,%3Csvg%20xmlns%3D%27http%3A%2F%2Fwww.w3.org%2F2000%2Fsvg%27%20width%3D%271152%27%20height%3D%27768%27%20viewBox%3D%270%200%201152%20768%27%3E%3Crect%20width%3D%271152%27%20height%3D%27768%27%20fill-opacity%3D%220%22%2F%3E%3C%2Fsvg%3E\" data-srcset=\"https:\/\/odysgea.com\/wp-content\/uploads\/2024\/04\/spain-picos-de-europa-centenary-group-covadonga-shepherd-humartini-gamoneu-cheese-200x133.jpg 200w, https:\/\/odysgea.com\/wp-content\/uploads\/2024\/04\/spain-picos-de-europa-centenary-group-covadonga-shepherd-humartini-gamoneu-cheese-400x267.jpg 400w, https:\/\/odysgea.com\/wp-content\/uploads\/2024\/04\/spain-picos-de-europa-centenary-group-covadonga-shepherd-humartini-gamoneu-cheese-600x400.jpg 600w, https:\/\/odysgea.com\/wp-content\/uploads\/2024\/04\/spain-picos-de-europa-centenary-group-covadonga-shepherd-humartini-gamoneu-cheese-800x533.jpg 800w, https:\/\/odysgea.com\/wp-content\/uploads\/2024\/04\/spain-picos-de-europa-centenary-group-covadonga-shepherd-humartini-gamoneu-cheese.jpg 1152w\" data-sizes=\"auto\" data-orig-sizes=\"(min-width: 2200px) 100vw, (min-width: 784px) 450px, (min-width: 712px) 675px, (min-width: 640px) 712px, \" \/><\/a><\/div><\/div><div style=\"padding:5px;\" class=\"fusion-grid-column fusion-gallery-column fusion-gallery-column-3 hover-type-none\"><div class=\"fusion-gallery-image\"><a href=\"https:\/\/odysgea.com\/wp-content\/uploads\/2024\/04\/spain-landscapes-geographic-tours-palencia-aguilar-santa-maria-la-real-romanesque.jpg\" data-title=\"Romanesque cloister in Aguilar de Campoo, Palencia\" title=\"Romanesque cloister in Aguilar de Campoo, Palencia\" rel=\"noreferrer\" data-rel=\"iLightbox[gallery_image_1]\" class=\"fusion-lightbox\" target=\"_self\"><img decoding=\"async\" src=\"https:\/\/odysgea.com\/wp-content\/uploads\/2024\/04\/spain-landscapes-geographic-tours-palencia-aguilar-santa-maria-la-real-romanesque.jpg\" data-orig-src=\"https:\/\/odysgea.com\/wp-content\/uploads\/2024\/04\/spain-landscapes-geographic-tours-palencia-aguilar-santa-maria-la-real-romanesque.jpg\" width=\"1200\" height=\"800\" alt=\"\" title=\"Romanesque cloister in Aguilar de Campoo, Palencia\" aria-label=\"Romanesque cloister in Aguilar de Campoo, Palencia\" class=\"lazyload img-responsive wp-image-4320\" srcset=\"data:image\/svg+xml,%3Csvg%20xmlns%3D%27http%3A%2F%2Fwww.w3.org%2F2000%2Fsvg%27%20width%3D%271200%27%20height%3D%27800%27%20viewBox%3D%270%200%201200%20800%27%3E%3Crect%20width%3D%271200%27%20height%3D%27800%27%20fill-opacity%3D%220%22%2F%3E%3C%2Fsvg%3E\" data-srcset=\"https:\/\/odysgea.com\/wp-content\/uploads\/2024\/04\/spain-landscapes-geographic-tours-palencia-aguilar-santa-maria-la-real-romanesque-200x133.jpg 200w, https:\/\/odysgea.com\/wp-content\/uploads\/2024\/04\/spain-landscapes-geographic-tours-palencia-aguilar-santa-maria-la-real-romanesque-400x267.jpg 400w, https:\/\/odysgea.com\/wp-content\/uploads\/2024\/04\/spain-landscapes-geographic-tours-palencia-aguilar-santa-maria-la-real-romanesque-600x400.jpg 600w, https:\/\/odysgea.com\/wp-content\/uploads\/2024\/04\/spain-landscapes-geographic-tours-palencia-aguilar-santa-maria-la-real-romanesque-800x533.jpg 800w, https:\/\/odysgea.com\/wp-content\/uploads\/2024\/04\/spain-landscapes-geographic-tours-palencia-aguilar-santa-maria-la-real-romanesque.jpg 1200w\" data-sizes=\"auto\" data-orig-sizes=\"(min-width: 2200px) 100vw, (min-width: 784px) 450px, (min-width: 712px) 675px, (min-width: 640px) 712px, \" \/><\/a><\/div><\/div><div class=\"clearfix\"><\/div><div style=\"padding:5px;\" class=\"fusion-grid-column fusion-gallery-column fusion-gallery-column-3 hover-type-none\"><div class=\"fusion-gallery-image\"><a href=\"https:\/\/odysgea.com\/wp-content\/uploads\/2024\/04\/spain-asturias-landscape-geography-tour-glacial-lakes-picos-de-europa.jpg\" data-title=\"Lakes of Covadonga in the Picos de Europa National Park, Asturias\" title=\"Lakes of Covadonga in the Picos de Europa National Park, Asturias\" rel=\"noreferrer\" data-rel=\"iLightbox[gallery_image_1]\" class=\"fusion-lightbox\" target=\"_self\"><img decoding=\"async\" src=\"https:\/\/odysgea.com\/wp-content\/uploads\/2024\/04\/spain-asturias-landscape-geography-tour-glacial-lakes-picos-de-europa.jpg\" data-orig-src=\"https:\/\/odysgea.com\/wp-content\/uploads\/2024\/04\/spain-asturias-landscape-geography-tour-glacial-lakes-picos-de-europa.jpg\" width=\"1200\" height=\"800\" alt=\"\" title=\"Lakes of Covadonga in the Picos de Europa National Park, Asturias\" aria-label=\"Lakes of Covadonga in the Picos de Europa National Park, Asturias\" class=\"lazyload img-responsive wp-image-4321\" srcset=\"data:image\/svg+xml,%3Csvg%20xmlns%3D%27http%3A%2F%2Fwww.w3.org%2F2000%2Fsvg%27%20width%3D%271200%27%20height%3D%27800%27%20viewBox%3D%270%200%201200%20800%27%3E%3Crect%20width%3D%271200%27%20height%3D%27800%27%20fill-opacity%3D%220%22%2F%3E%3C%2Fsvg%3E\" data-srcset=\"https:\/\/odysgea.com\/wp-content\/uploads\/2024\/04\/spain-asturias-landscape-geography-tour-glacial-lakes-picos-de-europa-200x133.jpg 200w, https:\/\/odysgea.com\/wp-content\/uploads\/2024\/04\/spain-asturias-landscape-geography-tour-glacial-lakes-picos-de-europa-400x267.jpg 400w, https:\/\/odysgea.com\/wp-content\/uploads\/2024\/04\/spain-asturias-landscape-geography-tour-glacial-lakes-picos-de-europa-600x400.jpg 600w, https:\/\/odysgea.com\/wp-content\/uploads\/2024\/04\/spain-asturias-landscape-geography-tour-glacial-lakes-picos-de-europa-800x533.jpg 800w, https:\/\/odysgea.com\/wp-content\/uploads\/2024\/04\/spain-asturias-landscape-geography-tour-glacial-lakes-picos-de-europa.jpg 1200w\" data-sizes=\"auto\" data-orig-sizes=\"(min-width: 2200px) 100vw, (min-width: 784px) 450px, (min-width: 712px) 675px, (min-width: 640px) 712px, \" \/><\/a><\/div><\/div><div style=\"padding:5px;\" class=\"fusion-grid-column fusion-gallery-column fusion-gallery-column-3 hover-type-none\"><div class=\"fusion-gallery-image\"><a href=\"https:\/\/odysgea.com\/wp-content\/uploads\/2024\/08\/12-spain-rioja-basque-harvest-3-c-diego-cultural-tours.jpg\" data-title=\"Grape harvest in Rioja Alta\" title=\"Grape harvest in Rioja Alta\" rel=\"noreferrer\" data-rel=\"iLightbox[gallery_image_1]\" class=\"fusion-lightbox\" target=\"_self\"><img decoding=\"async\" src=\"https:\/\/odysgea.com\/wp-content\/uploads\/2024\/08\/12-spain-rioja-basque-harvest-3-c-diego-cultural-tours.jpg\" data-orig-src=\"https:\/\/odysgea.com\/wp-content\/uploads\/2024\/08\/12-spain-rioja-basque-harvest-3-c-diego-cultural-tours.jpg\" width=\"1200\" height=\"800\" alt=\"\" title=\"Grape harvest in Rioja Alta\" aria-label=\"Grape harvest in Rioja Alta\" class=\"lazyload img-responsive wp-image-3177\" style=\"object-position:47% 61%;\" srcset=\"data:image\/svg+xml,%3Csvg%20xmlns%3D%27http%3A%2F%2Fwww.w3.org%2F2000%2Fsvg%27%20width%3D%271200%27%20height%3D%27800%27%20viewBox%3D%270%200%201200%20800%27%3E%3Crect%20width%3D%271200%27%20height%3D%27800%27%20fill-opacity%3D%220%22%2F%3E%3C%2Fsvg%3E\" data-srcset=\"https:\/\/odysgea.com\/wp-content\/uploads\/2024\/08\/12-spain-rioja-basque-harvest-3-c-diego-cultural-tours-200x133.jpg 200w, https:\/\/odysgea.com\/wp-content\/uploads\/2024\/08\/12-spain-rioja-basque-harvest-3-c-diego-cultural-tours-400x267.jpg 400w, https:\/\/odysgea.com\/wp-content\/uploads\/2024\/08\/12-spain-rioja-basque-harvest-3-c-diego-cultural-tours-600x400.jpg 600w, https:\/\/odysgea.com\/wp-content\/uploads\/2024\/08\/12-spain-rioja-basque-harvest-3-c-diego-cultural-tours-800x533.jpg 800w, https:\/\/odysgea.com\/wp-content\/uploads\/2024\/08\/12-spain-rioja-basque-harvest-3-c-diego-cultural-tours.jpg 1200w\" data-sizes=\"auto\" data-orig-sizes=\"(min-width: 2200px) 100vw, (min-width: 784px) 450px, (min-width: 712px) 675px, (min-width: 640px) 712px, \" \/><\/a><\/div><\/div><div style=\"padding:5px;\" class=\"fusion-grid-column fusion-gallery-column fusion-gallery-column-3 hover-type-none\"><div class=\"fusion-gallery-image\"><a href=\"https:\/\/odysgea.com\/wp-content\/uploads\/2024\/04\/spain-burgos-ebro-frias-hanging-houses.jpg\" data-title=\"Houses built on the cliff in the village of Frias, Burgos\" title=\"Houses built on the cliff in the village of Frias, Burgos\" rel=\"noreferrer\" data-rel=\"iLightbox[gallery_image_1]\" class=\"fusion-lightbox\" target=\"_self\"><img decoding=\"async\" src=\"https:\/\/odysgea.com\/wp-content\/uploads\/2024\/04\/spain-burgos-ebro-frias-hanging-houses.jpg\" data-orig-src=\"https:\/\/odysgea.com\/wp-content\/uploads\/2024\/04\/spain-burgos-ebro-frias-hanging-houses.jpg\" width=\"1200\" height=\"800\" alt=\"\" title=\"Houses built on the cliff in the village of Frias, Burgos\" aria-label=\"Houses built on the cliff in the village of Frias, Burgos\" class=\"lazyload img-responsive wp-image-4323\" srcset=\"data:image\/svg+xml,%3Csvg%20xmlns%3D%27http%3A%2F%2Fwww.w3.org%2F2000%2Fsvg%27%20width%3D%271200%27%20height%3D%27800%27%20viewBox%3D%270%200%201200%20800%27%3E%3Crect%20width%3D%271200%27%20height%3D%27800%27%20fill-opacity%3D%220%22%2F%3E%3C%2Fsvg%3E\" data-srcset=\"https:\/\/odysgea.com\/wp-content\/uploads\/2024\/04\/spain-burgos-ebro-frias-hanging-houses-200x133.jpg 200w, https:\/\/odysgea.com\/wp-content\/uploads\/2024\/04\/spain-burgos-ebro-frias-hanging-houses-400x267.jpg 400w, https:\/\/odysgea.com\/wp-content\/uploads\/2024\/04\/spain-burgos-ebro-frias-hanging-houses-600x400.jpg 600w, https:\/\/odysgea.com\/wp-content\/uploads\/2024\/04\/spain-burgos-ebro-frias-hanging-houses-800x533.jpg 800w, https:\/\/odysgea.com\/wp-content\/uploads\/2024\/04\/spain-burgos-ebro-frias-hanging-houses.jpg 1200w\" data-sizes=\"auto\" data-orig-sizes=\"(min-width: 2200px) 100vw, (min-width: 784px) 450px, (min-width: 712px) 675px, (min-width: 640px) 712px, \" \/><\/a><\/div><\/div><div class=\"clearfix\"><\/div><\/div><\/div><div class=\"fusion-separator fusion-no-medium-visibility fusion-no-large-visibility fusion-full-width-sep\" style=\"align-self: center;margin-left: auto;margin-right: auto;margin-top:2%;margin-bottom:4%;width:100%;\"><\/div><\/div><\/div><div class=\"fusion-layout-column fusion_builder_column_inner fusion-builder-nested-column-1 fusion_builder_column_inner_3_5 3_5 fusion-flex-column fusion-flex-align-self-center\" style=\"--awb-padding-right:30px;--awb-padding-left:15px;--awb-padding-right-small:0px;--awb-padding-left-small:0px;--awb-bg-size:cover;--awb-width-large:60%;--awb-margin-top-large:0px;--awb-spacing-right-large:3.2%;--awb-margin-bottom-large:0px;--awb-spacing-left-large:3.2%;--awb-width-medium:60%;--awb-order-medium:0;--awb-spacing-right-medium:3.2%;--awb-spacing-left-medium:3.2%;--awb-width-small:100%;--awb-order-small:0;--awb-spacing-right-small:1.92%;--awb-spacing-left-small:1.92%;\" data-scroll-devices=\"small-visibility,medium-visibility,large-visibility\"><div class=\"fusion-column-wrapper fusion-column-has-shadow fusion-flex-justify-content-flex-start fusion-content-layout-row\"><div class=\"fusion-title title fusion-title-3 fusion-no-small-visibility fusion-sep-none fusion-title-text fusion-title-size-three break\" style=\"--awb-margin-top:0px;--awb-margin-bottom:2px;--awb-margin-top-small:30px;\"><h3 class=\"fusion-title-heading title-heading-left\" style=\"margin:0;\"><span style=\"font-weight: 400;\">Tours geogr\u00e1ficos<\/span><\/h3><\/div><div class=\"fusion-text fusion-text-5 fusion-no-small-visibility break\" style=\"--awb-font-size:var(--awb-typography5-font-size);--awb-line-height:var(--awb-typography5-line-height);--awb-letter-spacing:var(--awb-typography5-letter-spacing);--awb-text-transform:var(--awb-typography5-text-transform);--awb-text-color:var(--awb-color4);--awb-text-font-family:var(--awb-typography5-font-family);--awb-text-font-weight:var(--awb-typography5-font-weight);--awb-text-font-style:var(--awb-typography5-font-style);\"><p>Pirineos, Arag\u00f3n, Picos de Europa, Pa\u00eds Vasco, Andaluc\u00eda, Catalu\u00f1a<\/p>\n<\/div><div class=\"fusion-text fusion-text-6 fusion-text-no-margin\" style=\"--awb-content-alignment:left;--awb-margin-bottom:0px;\"><p><span style=\"font-weight: 400;\">Los tours geogr\u00e1ficos se pueden organizar en toda la Pen\u00ednsula, tanto para tours privados como para tours educativos de diferentes niveles y enfoques tem\u00e1ticos. Experimentaremos estos paisajes en profundidad aprendiendo sobre su historia geol\u00f3gica, la evoluci\u00f3n de su fauna y flora, su historia humana y la transformaci\u00f3n de los paisajes naturales. Todo esto se fusionar\u00e1 de nuevo a medida que nos centramos en las din\u00e1micas naturales y culturales actuales que definen nuestros territorios, como el calentamiento global, el turismo, la agricultura tradicional, la despoblaci\u00f3n y las energ\u00edas \u00abverdes\u00bb que dan forma a un paisaje en constante evoluci\u00f3n.  <\/span><\/p>\n<p><span style=\"font-weight: 400;\">Nuestro enfoque puede ir de lo espec\u00edfico a lo general. <\/span><span style=\"color: var(--awb-text-color); font-family: var(--awb-text-font-family); font-size: var(--awb-font-size); font-style: var(--awb-text-font-style); letter-spacing: var(--awb-letter-spacing); text-align: var(--awb-content-alignment); text-transform: var(--awb-text-transform); background-color: var(--awb-bg-color-hover);\">Algunos de nuestros tours geogr\u00e1ficos favoritos ofrecen una visi\u00f3n completa de las monta\u00f1as de los Picos de Europa y los Pirineos, donde hemos vivido y trabajado durante muchos a\u00f1os. <\/span><\/p>\n<p><span style=\"font-weight: 400;\">Otros tours interesantes se centran en la variedad de paisajes de una regi\u00f3n o \u00e1rea espec\u00edfica, los paisajes a lo largo de un r\u00edo espec\u00edfico desde su nacimiento hasta su desembocadura o la traves\u00eda a trav\u00e9s o a lo largo de una cordillera. <\/span><\/p>\n<p><span style=\"font-weight: 400;\">Finalmente, podemos organizar un tour que ofrezca una vista de los principales paisajes regionales de la Pen\u00ednsula Ib\u00e9rica, incluyendo los verdes bosques y pastos atl\u00e1nticos, las altas monta\u00f1as, las estepas centrales, las ciudades hist\u00f3ricas y las monta\u00f1as y costas mediterr\u00e1neas.<\/span><\/p>\n<\/div><\/div><\/div><\/div><\/div><\/div><\/div><\/div><div class=\"fusion-fullwidth fullwidth-box fusion-builder-row-7 fusion-flex-container has-pattern-background has-mask-background nonhundred-percent-fullwidth non-hundred-percent-height-scrolling\" style=\"--awb-border-radius-top-left:0px;--awb-border-radius-top-right:0px;--awb-border-radius-bottom-right:0px;--awb-border-radius-bottom-left:0px;--awb-margin-top:4%;--awb-margin-bottom:4%;--awb-flex-wrap:wrap;\" ><div class=\"fusion-builder-row fusion-row fusion-flex-align-items-flex-start fusion-flex-content-wrap\" style=\"max-width:1414.4px;margin-left: calc(-4% \/ 2 );margin-right: calc(-4% \/ 2 );\"><div class=\"fusion-layout-column fusion_builder_column fusion-builder-column-7 fusion_builder_column_1_1 1_1 fusion-flex-column\" style=\"--awb-bg-size:cover;--awb-width-large:100%;--awb-margin-top-large:0px;--awb-spacing-right-large:1.92%;--awb-margin-bottom-large:20px;--awb-spacing-left-large:1.92%;--awb-width-medium:100%;--awb-order-medium:0;--awb-spacing-right-medium:1.92%;--awb-spacing-left-medium:1.92%;--awb-width-small:100%;--awb-order-small:0;--awb-spacing-right-small:1.92%;--awb-spacing-left-small:1.92%;\"><div class=\"fusion-column-wrapper fusion-column-has-shadow fusion-flex-justify-content-flex-start fusion-content-layout-column\"><div class=\"fusion-section-separator section-separator triangle fusion-section-separator-2\" style=\"--awb-border-top:1px solid var(--awb-color3);--awb-spacer-height:1px;--awb-svg-margin-left:1.92%;--awb-svg-margin-right:1.92%;--awb-svg-margin-left-medium:1.92%;--awb-svg-margin-right-medium:1.92%;--awb-svg-margin-left-small:1.92%;--awb-svg-margin-right-small:1.92%;--awb-icon-color:var(--awb-color1);\"><div class=\"fusion-section-separator-svg\"><div class=\"divider-candy-arrow top\" style=\"bottom:0px;border-bottom-color: var(--awb-color2);\"><\/div><div class=\"divider-candy top\" style=\"top:-21px;border-bottom:1px solid var(--awb-color3);border-left:1px solid var(--awb-color3);\"><\/div><\/div><div class=\"fusion-section-separator-spacer\"><div class=\"fusion-section-separator-spacer-height\"><\/div><\/div><\/div><\/div><\/div><\/div><\/div><div class=\"fusion-fullwidth fullwidth-box fusion-builder-row-8 fusion-flex-container has-pattern-background has-mask-background nonhundred-percent-fullwidth non-hundred-percent-height-scrolling\" style=\"--awb-border-radius-top-left:0px;--awb-border-radius-top-right:0px;--awb-border-radius-bottom-right:0px;--awb-border-radius-bottom-left:0px;--awb-flex-wrap:wrap;\" ><div class=\"fusion-builder-row fusion-row fusion-flex-align-items-flex-start fusion-flex-justify-content-center fusion-flex-content-wrap\" style=\"max-width:1414.4px;margin-left: calc(-4% \/ 2 );margin-right: calc(-4% \/ 2 );\"><div class=\"fusion-layout-column fusion_builder_column fusion-builder-column-8 fusion_builder_column_1_1 1_1 fusion-flex-column\" style=\"--awb-bg-size:cover;--awb-width-large:100%;--awb-margin-top-large:0px;--awb-spacing-right-large:1.92%;--awb-margin-bottom-large:60px;--awb-spacing-left-large:1.92%;--awb-width-medium:100%;--awb-order-medium:0;--awb-spacing-right-medium:1.92%;--awb-spacing-left-medium:1.92%;--awb-width-small:100%;--awb-order-small:0;--awb-spacing-right-small:1.92%;--awb-spacing-left-small:1.92%;\"><div class=\"fusion-column-wrapper fusion-column-has-shadow fusion-flex-justify-content-flex-start fusion-content-layout-column\"><div class=\"fusion-menu-anchor\" id=\"geological\"><\/div><div class=\"fusion-builder-row fusion-builder-row-inner fusion-row fusion-flex-align-items-flex-start fusion-flex-justify-content-center fusion-flex-content-wrap\" style=\"width:104% !important;max-width:104% !important;margin-left: calc(-4% \/ 2 );margin-right: calc(-4% \/ 2 );\"><div class=\"fusion-layout-column fusion_builder_column_inner fusion-builder-nested-column-2 fusion_builder_column_inner_2_5 2_5 fusion-flex-column\" style=\"--awb-bg-size:cover;--awb-transform:translateY(0px);--awb-transform-hover:translateY(5px);--awb-width-large:40%;--awb-margin-top-large:0px;--awb-spacing-right-large:4.8%;--awb-margin-bottom-large:0px;--awb-spacing-left-large:4.8%;--awb-width-medium:40%;--awb-order-medium:0;--awb-spacing-right-medium:4.8%;--awb-spacing-left-medium:4.8%;--awb-width-small:100%;--awb-order-small:0;--awb-spacing-right-small:1.92%;--awb-spacing-left-small:1.92%;\" data-scroll-devices=\"small-visibility,medium-visibility,large-visibility\"><div class=\"fusion-column-wrapper fusion-column-has-shadow fusion-flex-justify-content-flex-start fusion-content-layout-block\"><div class=\"fusion-title title fusion-title-4 fusion-no-medium-visibility fusion-no-large-visibility fusion-sep-none fusion-title-text fusion-title-size-three break\" style=\"--awb-margin-top:0px;--awb-margin-bottom:2px;--awb-margin-top-small:30px;\"><h3 class=\"fusion-title-heading title-heading-left\" style=\"margin:0;\"><span style=\"font-weight: 400;\">Tours geol\u00f3gicos<\/span><\/h3><\/div><div class=\"fusion-text fusion-text-7 fusion-no-medium-visibility fusion-no-large-visibility break\" style=\"--awb-font-size:var(--awb-typography5-font-size);--awb-line-height:var(--awb-typography5-line-height);--awb-letter-spacing:var(--awb-typography5-letter-spacing);--awb-text-transform:var(--awb-typography5-text-transform);--awb-text-color:var(--awb-color4);--awb-text-font-family:var(--awb-typography5-font-family);--awb-text-font-weight:var(--awb-typography5-font-weight);--awb-text-font-style:var(--awb-typography5-font-style);\"><p>Pirineos, Arag\u00f3n, Picos de Europa, Pa\u00eds Vasco,<\/p>\n<\/div><div class=\"fusion-image-element in-legacy-container\" style=\"--awb-caption-title-font-family:var(--h2_typography-font-family);--awb-caption-title-font-weight:var(--h2_typography-font-weight);--awb-caption-title-font-style:var(--h2_typography-font-style);--awb-caption-title-size:var(--h2_typography-font-size);--awb-caption-title-transform:var(--h2_typography-text-transform);--awb-caption-title-line-height:var(--h2_typography-line-height);--awb-caption-title-letter-spacing:var(--h2_typography-letter-spacing);\"><span class=\" fusion-imageframe imageframe-none imageframe-5 hover-type-none\" style=\"border-radius:12px;\"><a href=\"https:\/\/odysgea.com\/wp-content\/uploads\/2024\/04\/SP17891.jpg\" class=\"fusion-lightbox\" data-rel=\"iLightbox[e92c024400acf33e7aa]\" data-title=\"Basaltic flow in the Garrotxa Natural Park, Catalonia\" title=\"Basaltic flow in the Garrotxa Natural Park, Catalonia\"><img decoding=\"async\" width=\"1200\" height=\"800\" alt=\"Pirineos\" src=\"https:\/\/odysgea.com\/wp-content\/uploads\/2024\/04\/SP17891.jpg\" data-orig-src=\"https:\/\/odysgea.com\/wp-content\/uploads\/2024\/04\/SP17891.jpg\" class=\"lazyload img-responsive wp-image-4328\" srcset=\"data:image\/svg+xml,%3Csvg%20xmlns%3D%27http%3A%2F%2Fwww.w3.org%2F2000%2Fsvg%27%20width%3D%271200%27%20height%3D%27800%27%20viewBox%3D%270%200%201200%20800%27%3E%3Crect%20width%3D%271200%27%20height%3D%27800%27%20fill-opacity%3D%220%22%2F%3E%3C%2Fsvg%3E\" data-srcset=\"https:\/\/odysgea.com\/wp-content\/uploads\/2024\/04\/SP17891-200x133.jpg 200w, https:\/\/odysgea.com\/wp-content\/uploads\/2024\/04\/SP17891-400x267.jpg 400w, https:\/\/odysgea.com\/wp-content\/uploads\/2024\/04\/SP17891-600x400.jpg 600w, https:\/\/odysgea.com\/wp-content\/uploads\/2024\/04\/SP17891-800x533.jpg 800w, https:\/\/odysgea.com\/wp-content\/uploads\/2024\/04\/SP17891.jpg 1200w\" data-sizes=\"auto\" data-orig-sizes=\"(max-width: 800px) 100vw, 600px\" \/><\/a><\/span><\/div><div class=\"fusion-separator fusion-full-width-sep\" style=\"align-self: center;margin-left: auto;margin-right: auto;margin-top:2%;width:100%;\"><\/div><div class=\"awb-gallery-wrapper awb-gallery-wrapper-2 button-span-no\" style=\"--more-btn-alignment:center;\" data-limit=\"10\" data-page=\"1\"><div style=\"margin:-5px;--awb-aspect-ratio:1 \/ 1;--awb-bordersize:0px;--awb-columns-small:33.3333%;\" class=\"fusion-gallery fusion-gallery-container fusion-grid-3 fusion-columns-total-6 fusion-gallery-layout-grid fusion-gallery-2 has-aspect-ratio\"><div style=\"padding:5px;\" class=\"fusion-grid-column fusion-gallery-column fusion-gallery-column-3 hover-type-none\"><div class=\"fusion-gallery-image\"><a href=\"https:\/\/odysgea.com\/wp-content\/uploads\/2024\/04\/Sandstone-erosion-taffoni-Piraces-Guara-Pyrenees-aragon-spain.jpg\" data-title=\"Taffoni erosion in the sandstones at the edge of the Ebro valley\" title=\"Taffoni erosion in the sandstones at the edge of the Ebro valley\" rel=\"noreferrer\" data-rel=\"iLightbox[gallery_image_2]\" class=\"fusion-lightbox\" target=\"_self\"><img decoding=\"async\" src=\"https:\/\/odysgea.com\/wp-content\/uploads\/2024\/04\/Sandstone-erosion-taffoni-Piraces-Guara-Pyrenees-aragon-spain.jpg\" data-orig-src=\"https:\/\/odysgea.com\/wp-content\/uploads\/2024\/04\/Sandstone-erosion-taffoni-Piraces-Guara-Pyrenees-aragon-spain.jpg\" width=\"1200\" height=\"800\" alt=\"\" title=\"Taffoni erosion in the sandstones at the edge of the Ebro valley\" aria-label=\"Taffoni erosion in the sandstones at the edge of the Ebro valley\" class=\"lazyload img-responsive wp-image-4324\" style=\"object-position:37% 50%;\" srcset=\"data:image\/svg+xml,%3Csvg%20xmlns%3D%27http%3A%2F%2Fwww.w3.org%2F2000%2Fsvg%27%20width%3D%271200%27%20height%3D%27800%27%20viewBox%3D%270%200%201200%20800%27%3E%3Crect%20width%3D%271200%27%20height%3D%27800%27%20fill-opacity%3D%220%22%2F%3E%3C%2Fsvg%3E\" data-srcset=\"https:\/\/odysgea.com\/wp-content\/uploads\/2024\/04\/Sandstone-erosion-taffoni-Piraces-Guara-Pyrenees-aragon-spain-200x133.jpg 200w, https:\/\/odysgea.com\/wp-content\/uploads\/2024\/04\/Sandstone-erosion-taffoni-Piraces-Guara-Pyrenees-aragon-spain-400x267.jpg 400w, https:\/\/odysgea.com\/wp-content\/uploads\/2024\/04\/Sandstone-erosion-taffoni-Piraces-Guara-Pyrenees-aragon-spain-600x400.jpg 600w, https:\/\/odysgea.com\/wp-content\/uploads\/2024\/04\/Sandstone-erosion-taffoni-Piraces-Guara-Pyrenees-aragon-spain-800x533.jpg 800w, https:\/\/odysgea.com\/wp-content\/uploads\/2024\/04\/Sandstone-erosion-taffoni-Piraces-Guara-Pyrenees-aragon-spain.jpg 1200w\" data-sizes=\"auto\" data-orig-sizes=\"(min-width: 2200px) 100vw, (min-width: 784px) 450px, (min-width: 712px) 675px, (min-width: 640px) 712px, \" \/><\/a><\/div><\/div><div style=\"padding:5px;\" class=\"fusion-grid-column fusion-gallery-column fusion-gallery-column-3 hover-type-none\"><div class=\"fusion-gallery-image\"><a href=\"https:\/\/odysgea.com\/wp-content\/uploads\/2024\/04\/desert-landscapes-ebro-valley-Monegros-Aragon-geographic-tours.jpg\" data-title=\"desert-landscapes-ebro-valley-Monegros-Aragon-geographic-tours\" title=\"desert-landscapes-ebro-valley-Monegros-Aragon-geographic-tours\" rel=\"noreferrer\" data-rel=\"iLightbox[gallery_image_2]\" class=\"fusion-lightbox\" target=\"_self\"><img decoding=\"async\" src=\"https:\/\/odysgea.com\/wp-content\/uploads\/2024\/04\/desert-landscapes-ebro-valley-Monegros-Aragon-geographic-tours.jpg\" data-orig-src=\"https:\/\/odysgea.com\/wp-content\/uploads\/2024\/04\/desert-landscapes-ebro-valley-Monegros-Aragon-geographic-tours.jpg\" width=\"1200\" height=\"800\" alt=\"\" title=\"desert-landscapes-ebro-valley-Monegros-Aragon-geographic-tours\" aria-label=\"desert-landscapes-ebro-valley-Monegros-Aragon-geographic-tours\" class=\"lazyload img-responsive wp-image-4317\" style=\"object-position:74% 52%;\" srcset=\"data:image\/svg+xml,%3Csvg%20xmlns%3D%27http%3A%2F%2Fwww.w3.org%2F2000%2Fsvg%27%20width%3D%271200%27%20height%3D%27800%27%20viewBox%3D%270%200%201200%20800%27%3E%3Crect%20width%3D%271200%27%20height%3D%27800%27%20fill-opacity%3D%220%22%2F%3E%3C%2Fsvg%3E\" data-srcset=\"https:\/\/odysgea.com\/wp-content\/uploads\/2024\/04\/desert-landscapes-ebro-valley-Monegros-Aragon-geographic-tours-200x133.jpg 200w, https:\/\/odysgea.com\/wp-content\/uploads\/2024\/04\/desert-landscapes-ebro-valley-Monegros-Aragon-geographic-tours-400x267.jpg 400w, https:\/\/odysgea.com\/wp-content\/uploads\/2024\/04\/desert-landscapes-ebro-valley-Monegros-Aragon-geographic-tours-600x400.jpg 600w, https:\/\/odysgea.com\/wp-content\/uploads\/2024\/04\/desert-landscapes-ebro-valley-Monegros-Aragon-geographic-tours-800x533.jpg 800w, https:\/\/odysgea.com\/wp-content\/uploads\/2024\/04\/desert-landscapes-ebro-valley-Monegros-Aragon-geographic-tours.jpg 1200w\" data-sizes=\"auto\" data-orig-sizes=\"(min-width: 2200px) 100vw, (min-width: 784px) 450px, (min-width: 712px) 675px, (min-width: 640px) 712px, \" \/><\/a><\/div><\/div><div style=\"padding:5px;\" class=\"fusion-grid-column fusion-gallery-column fusion-gallery-column-3 hover-type-none\"><div class=\"fusion-gallery-image\"><a href=\"https:\/\/odysgea.com\/wp-content\/uploads\/2024\/04\/spain-landscapes-geology-tours-folded-strata-Pineta.jpg\" data-title=\"Folded strata in the high peaks of the Monte Perdido massif, Pyrenees\" title=\"Folded strata in the high peaks of the Monte Perdido massif, Pyrenees\" rel=\"noreferrer\" data-rel=\"iLightbox[gallery_image_2]\" class=\"fusion-lightbox\" target=\"_self\"><img decoding=\"async\" src=\"https:\/\/odysgea.com\/wp-content\/uploads\/2024\/04\/spain-landscapes-geology-tours-folded-strata-Pineta.jpg\" data-orig-src=\"https:\/\/odysgea.com\/wp-content\/uploads\/2024\/04\/spain-landscapes-geology-tours-folded-strata-Pineta.jpg\" width=\"1200\" height=\"800\" alt=\"\" title=\"Folded strata in the high peaks of the Monte Perdido massif, Pyrenees\" aria-label=\"Folded strata in the high peaks of the Monte Perdido massif, Pyrenees\" class=\"lazyload img-responsive wp-image-4326\" srcset=\"data:image\/svg+xml,%3Csvg%20xmlns%3D%27http%3A%2F%2Fwww.w3.org%2F2000%2Fsvg%27%20width%3D%271200%27%20height%3D%27800%27%20viewBox%3D%270%200%201200%20800%27%3E%3Crect%20width%3D%271200%27%20height%3D%27800%27%20fill-opacity%3D%220%22%2F%3E%3C%2Fsvg%3E\" data-srcset=\"https:\/\/odysgea.com\/wp-content\/uploads\/2024\/04\/spain-landscapes-geology-tours-folded-strata-Pineta-200x133.jpg 200w, https:\/\/odysgea.com\/wp-content\/uploads\/2024\/04\/spain-landscapes-geology-tours-folded-strata-Pineta-400x267.jpg 400w, https:\/\/odysgea.com\/wp-content\/uploads\/2024\/04\/spain-landscapes-geology-tours-folded-strata-Pineta-600x400.jpg 600w, https:\/\/odysgea.com\/wp-content\/uploads\/2024\/04\/spain-landscapes-geology-tours-folded-strata-Pineta-800x533.jpg 800w, https:\/\/odysgea.com\/wp-content\/uploads\/2024\/04\/spain-landscapes-geology-tours-folded-strata-Pineta.jpg 1200w\" data-sizes=\"auto\" data-orig-sizes=\"(min-width: 2200px) 100vw, (min-width: 784px) 450px, (min-width: 712px) 675px, (min-width: 640px) 712px, \" \/><\/a><\/div><\/div><div class=\"clearfix\"><\/div><div style=\"padding:5px;\" class=\"fusion-grid-column fusion-gallery-column fusion-gallery-column-3 hover-type-none\"><div class=\"fusion-gallery-image\"><a href=\"https:\/\/odysgea.com\/wp-content\/uploads\/2024\/04\/spain-landscapes-geology-tours-huesca-riglos-village-mallos.jpg\" data-title=\"The Mallos de Riglos geological formations in the edge of the Pyrenees, Huesca\" title=\"The Mallos de Riglos geological formations in the edge of the Pyrenees, Huesca\" rel=\"noreferrer\" data-rel=\"iLightbox[gallery_image_2]\" class=\"fusion-lightbox\" target=\"_self\"><img decoding=\"async\" src=\"https:\/\/odysgea.com\/wp-content\/uploads\/2024\/04\/spain-landscapes-geology-tours-huesca-riglos-village-mallos.jpg\" data-orig-src=\"https:\/\/odysgea.com\/wp-content\/uploads\/2024\/04\/spain-landscapes-geology-tours-huesca-riglos-village-mallos.jpg\" width=\"1200\" height=\"800\" alt=\"\" title=\"The Mallos de Riglos geological formations in the edge of the Pyrenees, Huesca\" aria-label=\"The Mallos de Riglos geological formations in the edge of the Pyrenees, Huesca\" class=\"lazyload img-responsive wp-image-4327\" srcset=\"data:image\/svg+xml,%3Csvg%20xmlns%3D%27http%3A%2F%2Fwww.w3.org%2F2000%2Fsvg%27%20width%3D%271200%27%20height%3D%27800%27%20viewBox%3D%270%200%201200%20800%27%3E%3Crect%20width%3D%271200%27%20height%3D%27800%27%20fill-opacity%3D%220%22%2F%3E%3C%2Fsvg%3E\" data-srcset=\"https:\/\/odysgea.com\/wp-content\/uploads\/2024\/04\/spain-landscapes-geology-tours-huesca-riglos-village-mallos-200x133.jpg 200w, https:\/\/odysgea.com\/wp-content\/uploads\/2024\/04\/spain-landscapes-geology-tours-huesca-riglos-village-mallos-400x267.jpg 400w, https:\/\/odysgea.com\/wp-content\/uploads\/2024\/04\/spain-landscapes-geology-tours-huesca-riglos-village-mallos-600x400.jpg 600w, https:\/\/odysgea.com\/wp-content\/uploads\/2024\/04\/spain-landscapes-geology-tours-huesca-riglos-village-mallos-800x533.jpg 800w, https:\/\/odysgea.com\/wp-content\/uploads\/2024\/04\/spain-landscapes-geology-tours-huesca-riglos-village-mallos.jpg 1200w\" data-sizes=\"auto\" data-orig-sizes=\"(min-width: 2200px) 100vw, (min-width: 784px) 450px, (min-width: 712px) 675px, (min-width: 640px) 712px, \" \/><\/a><\/div><\/div><div style=\"padding:5px;\" class=\"fusion-grid-column fusion-gallery-column fusion-gallery-column-3 hover-type-none\"><div class=\"fusion-gallery-image\"><a href=\"https:\/\/odysgea.com\/wp-content\/uploads\/2024\/04\/spain-landscapes-geology-tours-salt-mine-cardona-catalonia.jpg\" data-title=\"Salt mine of Cardona, Catalonia\" title=\"Salt mine of Cardona, Catalonia\" rel=\"noreferrer\" data-rel=\"iLightbox[gallery_image_2]\" class=\"fusion-lightbox\" target=\"_self\"><img decoding=\"async\" src=\"https:\/\/odysgea.com\/wp-content\/uploads\/2024\/04\/spain-landscapes-geology-tours-salt-mine-cardona-catalonia.jpg\" data-orig-src=\"https:\/\/odysgea.com\/wp-content\/uploads\/2024\/04\/spain-landscapes-geology-tours-salt-mine-cardona-catalonia.jpg\" width=\"1200\" height=\"800\" alt=\"\" title=\"Salt mine of Cardona, Catalonia\" aria-label=\"Salt mine of Cardona, Catalonia\" class=\"lazyload img-responsive wp-image-4329\" srcset=\"data:image\/svg+xml,%3Csvg%20xmlns%3D%27http%3A%2F%2Fwww.w3.org%2F2000%2Fsvg%27%20width%3D%271200%27%20height%3D%27800%27%20viewBox%3D%270%200%201200%20800%27%3E%3Crect%20width%3D%271200%27%20height%3D%27800%27%20fill-opacity%3D%220%22%2F%3E%3C%2Fsvg%3E\" data-srcset=\"https:\/\/odysgea.com\/wp-content\/uploads\/2024\/04\/spain-landscapes-geology-tours-salt-mine-cardona-catalonia-200x133.jpg 200w, https:\/\/odysgea.com\/wp-content\/uploads\/2024\/04\/spain-landscapes-geology-tours-salt-mine-cardona-catalonia-400x267.jpg 400w, https:\/\/odysgea.com\/wp-content\/uploads\/2024\/04\/spain-landscapes-geology-tours-salt-mine-cardona-catalonia-600x400.jpg 600w, https:\/\/odysgea.com\/wp-content\/uploads\/2024\/04\/spain-landscapes-geology-tours-salt-mine-cardona-catalonia-800x533.jpg 800w, https:\/\/odysgea.com\/wp-content\/uploads\/2024\/04\/spain-landscapes-geology-tours-salt-mine-cardona-catalonia.jpg 1200w\" data-sizes=\"auto\" data-orig-sizes=\"(min-width: 2200px) 100vw, (min-width: 784px) 450px, (min-width: 712px) 675px, (min-width: 640px) 712px, \" \/><\/a><\/div><\/div><div style=\"padding:5px;\" class=\"fusion-grid-column fusion-gallery-column fusion-gallery-column-3 hover-type-none\"><div class=\"fusion-gallery-image\"><a href=\"https:\/\/odysgea.com\/wp-content\/uploads\/2024\/04\/spain-landscapes-geology-tours-sobrarbe-pyrenees-geopark-unesco-mounting-Cotiella-Creataceous-over-Paleoceno.jpg\" data-title=\"Geologic strata in the Cotiella massif of the Pyrenees\" title=\"Geologic strata in the Cotiella massif of the Pyrenees\" rel=\"noreferrer\" data-rel=\"iLightbox[gallery_image_2]\" class=\"fusion-lightbox\" target=\"_self\"><img decoding=\"async\" src=\"https:\/\/odysgea.com\/wp-content\/uploads\/2024\/04\/spain-landscapes-geology-tours-sobrarbe-pyrenees-geopark-unesco-mounting-Cotiella-Creataceous-over-Paleoceno.jpg\" data-orig-src=\"https:\/\/odysgea.com\/wp-content\/uploads\/2024\/04\/spain-landscapes-geology-tours-sobrarbe-pyrenees-geopark-unesco-mounting-Cotiella-Creataceous-over-Paleoceno.jpg\" width=\"1200\" height=\"800\" alt=\"\" title=\"Geologic strata in the Cotiella massif of the Pyrenees\" aria-label=\"Geologic strata in the Cotiella massif of the Pyrenees\" class=\"lazyload img-responsive wp-image-4330\" srcset=\"data:image\/svg+xml,%3Csvg%20xmlns%3D%27http%3A%2F%2Fwww.w3.org%2F2000%2Fsvg%27%20width%3D%271200%27%20height%3D%27800%27%20viewBox%3D%270%200%201200%20800%27%3E%3Crect%20width%3D%271200%27%20height%3D%27800%27%20fill-opacity%3D%220%22%2F%3E%3C%2Fsvg%3E\" data-srcset=\"https:\/\/odysgea.com\/wp-content\/uploads\/2024\/04\/spain-landscapes-geology-tours-sobrarbe-pyrenees-geopark-unesco-mounting-Cotiella-Creataceous-over-Paleoceno-200x133.jpg 200w, https:\/\/odysgea.com\/wp-content\/uploads\/2024\/04\/spain-landscapes-geology-tours-sobrarbe-pyrenees-geopark-unesco-mounting-Cotiella-Creataceous-over-Paleoceno-400x267.jpg 400w, https:\/\/odysgea.com\/wp-content\/uploads\/2024\/04\/spain-landscapes-geology-tours-sobrarbe-pyrenees-geopark-unesco-mounting-Cotiella-Creataceous-over-Paleoceno-600x400.jpg 600w, https:\/\/odysgea.com\/wp-content\/uploads\/2024\/04\/spain-landscapes-geology-tours-sobrarbe-pyrenees-geopark-unesco-mounting-Cotiella-Creataceous-over-Paleoceno-800x533.jpg 800w, https:\/\/odysgea.com\/wp-content\/uploads\/2024\/04\/spain-landscapes-geology-tours-sobrarbe-pyrenees-geopark-unesco-mounting-Cotiella-Creataceous-over-Paleoceno.jpg 1200w\" data-sizes=\"auto\" data-orig-sizes=\"(min-width: 2200px) 100vw, (min-width: 784px) 450px, (min-width: 712px) 675px, (min-width: 640px) 712px, \" \/><\/a><\/div><\/div><div class=\"clearfix\"><\/div><\/div><\/div><div class=\"fusion-separator fusion-no-medium-visibility fusion-no-large-visibility fusion-full-width-sep\" style=\"align-self: center;margin-left: auto;margin-right: auto;margin-top:2%;margin-bottom:4%;width:100%;\"><\/div><\/div><\/div><div class=\"fusion-layout-column fusion_builder_column_inner fusion-builder-nested-column-3 fusion_builder_column_inner_3_5 3_5 fusion-flex-column fusion-flex-align-self-center\" style=\"--awb-padding-right:30px;--awb-padding-left:15px;--awb-padding-right-small:0px;--awb-padding-left-small:0px;--awb-bg-size:cover;--awb-width-large:60%;--awb-margin-top-large:0px;--awb-spacing-right-large:3.2%;--awb-margin-bottom-large:0px;--awb-spacing-left-large:3.2%;--awb-width-medium:60%;--awb-order-medium:0;--awb-spacing-right-medium:3.2%;--awb-spacing-left-medium:3.2%;--awb-width-small:100%;--awb-order-small:0;--awb-spacing-right-small:1.92%;--awb-spacing-left-small:1.92%;\" data-scroll-devices=\"small-visibility,medium-visibility,large-visibility\"><div class=\"fusion-column-wrapper fusion-column-has-shadow fusion-flex-justify-content-flex-start fusion-content-layout-row\"><div class=\"fusion-title title fusion-title-5 fusion-no-small-visibility fusion-sep-none fusion-title-text fusion-title-size-three break\" style=\"--awb-margin-top:0px;--awb-margin-bottom:2px;--awb-margin-top-small:30px;\"><h3 class=\"fusion-title-heading title-heading-left\" style=\"margin:0;\"><span style=\"font-weight: 400;\">Tours geol\u00f3gicos<\/span><\/h3><\/div><div class=\"fusion-text fusion-text-8 fusion-no-small-visibility break\" style=\"--awb-font-size:var(--awb-typography5-font-size);--awb-line-height:var(--awb-typography5-line-height);--awb-letter-spacing:var(--awb-typography5-letter-spacing);--awb-text-transform:var(--awb-typography5-text-transform);--awb-text-color:var(--awb-color4);--awb-text-font-family:var(--awb-typography5-font-family);--awb-text-font-weight:var(--awb-typography5-font-weight);--awb-text-font-style:var(--awb-typography5-font-style);\"><p>Pirineos, Arag\u00f3n, Picos de Europa, Pa\u00eds Vasco,<\/p>\n<\/div><div class=\"fusion-text fusion-text-9 fusion-text-no-margin\" style=\"--awb-content-alignment:left;--awb-margin-bottom:0px;\"><p><span style=\"font-weight: 400;\">Se pueden organizar tours geol\u00f3gicos para grupos e individuos en el <a href=\"https:\/\/www.geoparquepirineos.com\/index.php?idi=3\" target=\"_blank\" rel=\"noopener\">Geoparque Mundial de la UNESCO Sobrarbe-Pirineos<\/a> y el Parque Nacional de Ordesa.<\/span><span style=\"font-weight: 400;\"> O combinar este parque con la variedad de caracter\u00edsticas geol\u00f3gicas de la regi\u00f3n de Arag\u00f3n.<\/span><\/p>\n<p><span style=\"font-weight: 400;\">Tambi\u00e9n en la zona cant\u00e1brica alrededor del <a href=\"https:\/\/geoparkea.eus\/en\/\" target=\"_blank\" rel=\"noopener\">Geoparque de la Costa Vasca<\/a><\/span><span style=\"font-weight: 400;\">, el Parque Nacional de Picos de Europa y la Cordillera Cant\u00e1brica y el Geoparque de la Costa Quebrada.<\/span><\/p>\n<\/div><\/div><\/div><\/div><\/div><\/div><\/div><\/div><\/p>\n","protected":false},"excerpt":{"rendered":"","protected":false},"author":1,"featured_media":0,"parent":4051,"menu_order":0,"comment_status":"closed","ping_status":"closed","template":"100-width.php","meta":{"_acf_changed":false,"footnotes":""},"class_list":["post-4316","page","type-page","status-publish","hentry"],"acf":[],"yoast_head":"<!-- This site is optimized with the Yoast SEO plugin v27.4 - https:\/\/yoast.com\/product\/yoast-seo-wordpress\/ -->\n<title>Tours de ciencias de la Tierra - ODYSGEA<\/title>\n<meta name=\"robots\" content=\"index, follow, max-snippet:-1, max-image-preview:large, max-video-preview:-1\" \/>\n<link rel=\"canonical\" href=\"https:\/\/odysgea.com\/es\/actividades\/tours-de-ciencias-de-la-tierra\/\" \/>\n<meta property=\"og:locale\" content=\"es_ES\" \/>\n<meta property=\"og:type\" content=\"article\" \/>\n<meta property=\"og:title\" content=\"Tours de ciencias de la Tierra - ODYSGEA\" \/>\n<meta property=\"og:url\" content=\"https:\/\/odysgea.com\/es\/actividades\/tours-de-ciencias-de-la-tierra\/\" \/>\n<meta property=\"og:site_name\" content=\"ODYSGEA\" \/>\n<meta property=\"article:modified_time\" content=\"2026-03-04T18:38:49+00:00\" \/>\n<meta name=\"twitter:card\" content=\"summary_large_image\" \/>\n<meta name=\"twitter:label1\" content=\"Tiempo de lectura\" \/>\n\t<meta name=\"twitter:data1\" content=\"47 minutos\" \/>\n<script type=\"application\/ld+json\" class=\"yoast-schema-graph\">{\"@context\":\"https:\\\/\\\/schema.org\",\"@graph\":[{\"@type\":\"WebPage\",\"@id\":\"https:\\\/\\\/odysgea.com\\\/es\\\/actividades\\\/tours-de-ciencias-de-la-tierra\\\/\",\"url\":\"https:\\\/\\\/odysgea.com\\\/es\\\/actividades\\\/tours-de-ciencias-de-la-tierra\\\/\",\"name\":\"Tours de ciencias de la Tierra - ODYSGEA\",\"isPartOf\":{\"@id\":\"https:\\\/\\\/odysgea.com\\\/es\\\/#website\"},\"datePublished\":\"2024-04-18T14:11:31+00:00\",\"dateModified\":\"2026-03-04T18:38:49+00:00\",\"breadcrumb\":{\"@id\":\"https:\\\/\\\/odysgea.com\\\/es\\\/actividades\\\/tours-de-ciencias-de-la-tierra\\\/#breadcrumb\"},\"inLanguage\":\"es\",\"potentialAction\":[{\"@type\":\"ReadAction\",\"target\":[\"https:\\\/\\\/odysgea.com\\\/es\\\/actividades\\\/tours-de-ciencias-de-la-tierra\\\/\"]}]},{\"@type\":\"BreadcrumbList\",\"@id\":\"https:\\\/\\\/odysgea.com\\\/es\\\/actividades\\\/tours-de-ciencias-de-la-tierra\\\/#breadcrumb\",\"itemListElement\":[{\"@type\":\"ListItem\",\"position\":1,\"name\":\"Portada\",\"item\":\"https:\\\/\\\/odysgea.com\\\/es\\\/\"},{\"@type\":\"ListItem\",\"position\":2,\"name\":\"Actividades\",\"item\":\"https:\\\/\\\/odysgea.com\\\/es\\\/actividades\\\/\"},{\"@type\":\"ListItem\",\"position\":3,\"name\":\"Tours de ciencias de la Tierra\"}]},{\"@type\":\"WebSite\",\"@id\":\"https:\\\/\\\/odysgea.com\\\/es\\\/#website\",\"url\":\"https:\\\/\\\/odysgea.com\\\/es\\\/\",\"name\":\"ODYSGEA\",\"description\":\"\",\"potentialAction\":[{\"@type\":\"SearchAction\",\"target\":{\"@type\":\"EntryPoint\",\"urlTemplate\":\"https:\\\/\\\/odysgea.com\\\/es\\\/?s={search_term_string}\"},\"query-input\":{\"@type\":\"PropertyValueSpecification\",\"valueRequired\":true,\"valueName\":\"search_term_string\"}}],\"inLanguage\":\"es\"}]}<\/script>\n<!-- \/ Yoast SEO plugin. -->","yoast_head_json":{"title":"Tours de ciencias de la Tierra - ODYSGEA","robots":{"index":"index","follow":"follow","max-snippet":"max-snippet:-1","max-image-preview":"max-image-preview:large","max-video-preview":"max-video-preview:-1"},"canonical":"https:\/\/odysgea.com\/es\/actividades\/tours-de-ciencias-de-la-tierra\/","og_locale":"es_ES","og_type":"article","og_title":"Tours de ciencias de la Tierra - ODYSGEA","og_url":"https:\/\/odysgea.com\/es\/actividades\/tours-de-ciencias-de-la-tierra\/","og_site_name":"ODYSGEA","article_modified_time":"2026-03-04T18:38:49+00:00","twitter_card":"summary_large_image","twitter_misc":{"Tiempo de lectura":"47 minutos"},"schema":{"@context":"https:\/\/schema.org","@graph":[{"@type":"WebPage","@id":"https:\/\/odysgea.com\/es\/actividades\/tours-de-ciencias-de-la-tierra\/","url":"https:\/\/odysgea.com\/es\/actividades\/tours-de-ciencias-de-la-tierra\/","name":"Tours de ciencias de la Tierra - ODYSGEA","isPartOf":{"@id":"https:\/\/odysgea.com\/es\/#website"},"datePublished":"2024-04-18T14:11:31+00:00","dateModified":"2026-03-04T18:38:49+00:00","breadcrumb":{"@id":"https:\/\/odysgea.com\/es\/actividades\/tours-de-ciencias-de-la-tierra\/#breadcrumb"},"inLanguage":"es","potentialAction":[{"@type":"ReadAction","target":["https:\/\/odysgea.com\/es\/actividades\/tours-de-ciencias-de-la-tierra\/"]}]},{"@type":"BreadcrumbList","@id":"https:\/\/odysgea.com\/es\/actividades\/tours-de-ciencias-de-la-tierra\/#breadcrumb","itemListElement":[{"@type":"ListItem","position":1,"name":"Portada","item":"https:\/\/odysgea.com\/es\/"},{"@type":"ListItem","position":2,"name":"Actividades","item":"https:\/\/odysgea.com\/es\/actividades\/"},{"@type":"ListItem","position":3,"name":"Tours de ciencias de la Tierra"}]},{"@type":"WebSite","@id":"https:\/\/odysgea.com\/es\/#website","url":"https:\/\/odysgea.com\/es\/","name":"ODYSGEA","description":"","potentialAction":[{"@type":"SearchAction","target":{"@type":"EntryPoint","urlTemplate":"https:\/\/odysgea.com\/es\/?s={search_term_string}"},"query-input":{"@type":"PropertyValueSpecification","valueRequired":true,"valueName":"search_term_string"}}],"inLanguage":"es"}]}},"_links":{"self":[{"href":"https:\/\/odysgea.com\/es\/wp-json\/wp\/v2\/pages\/4316","targetHints":{"allow":["GET"]}}],"collection":[{"href":"https:\/\/odysgea.com\/es\/wp-json\/wp\/v2\/pages"}],"about":[{"href":"https:\/\/odysgea.com\/es\/wp-json\/wp\/v2\/types\/page"}],"author":[{"embeddable":true,"href":"https:\/\/odysgea.com\/es\/wp-json\/wp\/v2\/users\/1"}],"replies":[{"embeddable":true,"href":"https:\/\/odysgea.com\/es\/wp-json\/wp\/v2\/comments?post=4316"}],"version-history":[{"count":5,"href":"https:\/\/odysgea.com\/es\/wp-json\/wp\/v2\/pages\/4316\/revisions"}],"predecessor-version":[{"id":4345,"href":"https:\/\/odysgea.com\/es\/wp-json\/wp\/v2\/pages\/4316\/revisions\/4345"}],"up":[{"embeddable":true,"href":"https:\/\/odysgea.com\/es\/wp-json\/wp\/v2\/pages\/4051"}],"wp:attachment":[{"href":"https:\/\/odysgea.com\/es\/wp-json\/wp\/v2\/media?parent=4316"}],"curies":[{"name":"wp","href":"https:\/\/api.w.org\/{rel}","templated":true}]}}